{"id":5842,"date":"2022-01-13T10:01:23","date_gmt":"2022-01-13T09:01:23","guid":{"rendered":"https:\/\/www.fwa-ffo.de\/wp2\/?page_id=5842"},"modified":"2022-03-21T11:51:53","modified_gmt":"2022-03-21T10:51:53","slug":"satzungen","status":"publish","type":"page","link":"https:\/\/www.fwa-ffo.de\/wp2\/trinkwasser\/rechtsgrundlagen\/satzungen\/","title":{"rendered":"Satzungen"},"content":{"rendered":"\t\t<div data-elementor-type=\"wp-page\" data-elementor-id=\"5842\" class=\"elementor elementor-5842\" data-elementor-post-type=\"page\">\n\t\t\t\t\t\t<section class=\"elementor-section elementor-top-section elementor-element elementor-element-dc8d3a8 elementor-section-boxed elementor-section-height-default elementor-section-height-default\" data-id=\"dc8d3a8\" data-element_type=\"section\" data-e-type=\"section\">\n\t\t\t\t\t\t<div class=\"elementor-container elementor-column-gap-default\">\n\t\t\t\t\t<div class=\"elementor-column elementor-col-100 elementor-top-column elementor-element elementor-element-7371275\" data-id=\"7371275\" data-element_type=\"column\" data-e-type=\"column\">\n\t\t\t<div class=\"elementor-widget-wrap elementor-element-populated\">\n\t\t\t\t\t\t<div class=\"elementor-element elementor-element-565150e elementor-widget elementor-widget-heading\" data-id=\"565150e\" data-element_type=\"widget\" data-e-type=\"widget\" data-widget_type=\"heading.default\">\n\t\t\t\t<div class=\"elementor-widget-container\">\n\t\t\t\t\t<h2 class=\"elementor-heading-title elementor-size-default\">Satzungen<\/h2>\t\t\t\t<\/div>\n\t\t\t\t<\/div>\n\t\t\t\t<div class=\"elementor-element elementor-element-85457f7 elementor-widget elementor-widget-spacer\" data-id=\"85457f7\" data-element_type=\"widget\" data-e-type=\"widget\" data-widget_type=\"spacer.default\">\n\t\t\t\t<div class=\"elementor-widget-container\">\n\t\t\t\t\t\t\t<div class=\"elementor-spacer\">\n\t\t\t<div class=\"elementor-spacer-inner\"><\/div>\n\t\t<\/div>\n\t\t\t\t\t\t<\/div>\n\t\t\t\t<\/div>\n\t\t\t\t<section class=\"elementor-section elementor-inner-section elementor-element elementor-element-1d17609 elementor-section-boxed elementor-section-height-default elementor-section-height-default\" data-id=\"1d17609\" data-element_type=\"section\" data-e-type=\"section\">\n\t\t\t\t\t\t<div class=\"elementor-container elementor-column-gap-default\">\n\t\t\t\t\t<div class=\"elementor-column elementor-col-50 elementor-inner-column elementor-element elementor-element-05ad8a9\" data-id=\"05ad8a9\" data-element_type=\"column\" data-e-type=\"column\">\n\t\t\t<div class=\"elementor-widget-wrap elementor-element-populated\">\n\t\t\t\t\t\t<div class=\"elementor-element elementor-element-5a1826e elementor-widget elementor-widget-image\" data-id=\"5a1826e\" data-element_type=\"widget\" data-e-type=\"widget\" data-widget_type=\"image.default\">\n\t\t\t\t<div class=\"elementor-widget-container\">\n\t\t\t\t\t\t\t\t\t\t\t\t\t\t\t<img decoding=\"async\" width=\"139\" height=\"300\" src=\"https:\/\/www.fwa-ffo.de\/wp2\/wp-content\/uploads\/Satzung_2012.jpg\" class=\"attachment-full size-full wp-image-5844\" alt=\"Bild Flyer Satzungen 2012\" \/>\t\t\t\t\t\t\t\t\t\t\t\t\t\t\t<\/div>\n\t\t\t\t<\/div>\n\t\t\t\t\t<\/div>\n\t\t<\/div>\n\t\t\t\t<div class=\"elementor-column elementor-col-50 elementor-inner-column elementor-element elementor-element-7cdaa5b\" data-id=\"7cdaa5b\" data-element_type=\"column\" data-e-type=\"column\">\n\t\t\t<div class=\"elementor-widget-wrap elementor-element-populated\">\n\t\t\t\t\t\t<div class=\"elementor-element elementor-element-1ae92fa elementor-widget elementor-widget-text-editor\" data-id=\"1ae92fa\" data-element_type=\"widget\" data-e-type=\"widget\" data-widget_type=\"text-editor.default\">\n\t\t\t\t<div class=\"elementor-widget-container\">\n\t\t\t\t\t\t\t\t\t<ul><li><a href=\"#Satzung_Wasserversorgung\">Satzung zur \u00f6ffentlichen Wasserversorgung (Auszug)<\/a><\/li><li><a href=\"#Satzung_Abwasserentsorgung\">Satzung zur \u00f6ffentlichen Abwasserentsorgung (Auszug)<\/a><\/li><li><a href=\"#Veroeffentlichung\">Ver\u00f6ffentlichung der Satzungen im Amtsblatt<\/a><\/li><\/ul>\t\t\t\t\t\t\t\t<\/div>\n\t\t\t\t<\/div>\n\t\t\t\t\t<\/div>\n\t\t<\/div>\n\t\t\t\t\t<\/div>\n\t\t<\/section>\n\t\t\t\t<div class=\"elementor-element elementor-element-940919a elementor-widget elementor-widget-menu-anchor\" data-id=\"940919a\" data-element_type=\"widget\" data-e-type=\"widget\" data-widget_type=\"menu-anchor.default\">\n\t\t\t\t<div class=\"elementor-widget-container\">\n\t\t\t\t\t\t\t<div class=\"elementor-menu-anchor\" id=\"Satzung_Wasserversorgung\"><\/div>\n\t\t\t\t\t\t<\/div>\n\t\t\t\t<\/div>\n\t\t\t\t<div class=\"elementor-element elementor-element-35797bf elementor-widget elementor-widget-text-editor\" data-id=\"35797bf\" data-element_type=\"widget\" data-e-type=\"widget\" data-widget_type=\"text-editor.default\">\n\t\t\t\t<div class=\"elementor-widget-container\">\n\t\t\t\t\t\t\t\t\t<p>Auszug aus der Satzung \u00fcber den Anschluss an die \u00f6ffentliche Wasserversorgungsanlage und ihre Benutzung im Gebiet der St\u00e4dte Frankfurt (Oder) und M\u00fcllrose sowie der Gemeinden Briesen\/OT Biegen und Jacobsdorf<\/p>\t\t\t\t\t\t\t\t<\/div>\n\t\t\t\t<\/div>\n\t\t\t\t<div class=\"elementor-element elementor-element-a8ba69e elementor-widget elementor-widget-text-editor\" data-id=\"a8ba69e\" data-element_type=\"widget\" data-e-type=\"widget\" data-widget_type=\"text-editor.default\">\n\t\t\t\t<div class=\"elementor-widget-container\">\n\t\t\t\t\t\t\t\t\t<p>in der Fassung vom Juli 2012<\/p>\t\t\t\t\t\t\t\t<\/div>\n\t\t\t\t<\/div>\n\t\t\t\t<div class=\"elementor-element elementor-element-57a1074 elementor-widget elementor-widget-spacer\" data-id=\"57a1074\" data-element_type=\"widget\" data-e-type=\"widget\" data-widget_type=\"spacer.default\">\n\t\t\t\t<div class=\"elementor-widget-container\">\n\t\t\t\t\t\t\t<div class=\"elementor-spacer\">\n\t\t\t<div class=\"elementor-spacer-inner\"><\/div>\n\t\t<\/div>\n\t\t\t\t\t\t<\/div>\n\t\t\t\t<\/div>\n\t\t\t\t<div class=\"elementor-element elementor-element-9534bfe elementor-widget elementor-widget-heading\" data-id=\"9534bfe\" data-element_type=\"widget\" data-e-type=\"widget\" data-widget_type=\"heading.default\">\n\t\t\t\t<div class=\"elementor-widget-container\">\n\t\t\t\t\t<h2 class=\"elementor-heading-title elementor-size-default\">\u00a7 1 <br>Allgemeines, Durchf\u00fchrung der Wasserversorgung<\/h2>\t\t\t\t<\/div>\n\t\t\t\t<\/div>\n\t\t\t\t<div class=\"elementor-element elementor-element-c01990c elementor-widget elementor-widget-spacer\" data-id=\"c01990c\" data-element_type=\"widget\" data-e-type=\"widget\" data-widget_type=\"spacer.default\">\n\t\t\t\t<div class=\"elementor-widget-container\">\n\t\t\t\t\t\t\t<div class=\"elementor-spacer\">\n\t\t\t<div class=\"elementor-spacer-inner\"><\/div>\n\t\t<\/div>\n\t\t\t\t\t\t<\/div>\n\t\t\t\t<\/div>\n\t\t\t\t<div class=\"elementor-element elementor-element-0b75485 elementor-widget elementor-widget-text-editor\" data-id=\"0b75485\" data-element_type=\"widget\" data-e-type=\"widget\" data-widget_type=\"text-editor.default\">\n\t\t\t\t<div class=\"elementor-widget-container\">\n\t\t\t\t\t\t\t\t\t<ol><li>Die Wasserversorgung im Gebiet der Stadt\/Gemeinde ist Bestandteil einer \u00f6ffentlichen Gesamteinrichtung zur Wasserversorgung der Grundst\u00fccke in dem Gebiet, in dem die St\u00e4dte Frankfurt (Oder) und M\u00fcllrose sowie die Gemeinden Briesen\/OT Biegen und Jacobsdorf die Aufgaben der \u00f6ffentlichen Wasserversorgung zu erf\u00fcllen haben. Die FWA Frankfurter Wasser- und Abwassergesellschaft mbH (FWA) ist Betreiber der Wasserversorgungsanlage. Die FWA bestimmt im Namen und Auftrag der Stadt\/Gemeinde auch Art und Umfang der Wasserversorgungsanlagen.<\/li><li>Der Anschluss an die \u00f6ffentliche Einrichtung und die Wasserlieferung erfolgen durch die FWA nach Ma\u00dfgabe der Verordnung \u00fcber Allgemeine Bedingungen f\u00fcr die Versorgung mit Wasser (AVBWasserV) vom 20.06.80 (BGBl. I S. 750) in der jeweils g\u00fcltigen Fassung sowie Erg\u00e4nzender Bedingungen zur AVBWasserV gem\u00e4\u00df \u00a7 1 Abs. 3 dieser Satzung auf der Grundlage privatrechtlicher Vertr\u00e4ge. Die FWA ist berechtigt, in besonderen F\u00e4llen Sondervertr\u00e4ge mit Kunden abzuschlie\u00dfen.<\/li><li>Die FWA wird die von den Grundst\u00fcckseigent\u00fcmern bzw. sonstigen Entgeltpflichtigen nach der AVBWasserV, den Erg\u00e4nzenden Bedingungen zur AVBWasserV und dem ver\u00f6ffentlichten Preisblatt zu entrichtenden Entgelte im Namen und im Auftrag der Stadt\/Gemeinde einziehen.<\/li><li>Die Stadt\/Gemeinde erkennt die von der Gesellschafterversammlung der FWA beschlossenen Erg\u00e4nzenden Bedingungen zur AVBWasserV in der jeweils geltenden Fassung als eigene Benutzerordnung an.<\/li><\/ol>\t\t\t\t\t\t\t\t<\/div>\n\t\t\t\t<\/div>\n\t\t\t\t<div class=\"elementor-element elementor-element-212973a elementor-widget elementor-widget-spacer\" data-id=\"212973a\" data-element_type=\"widget\" data-e-type=\"widget\" data-widget_type=\"spacer.default\">\n\t\t\t\t<div class=\"elementor-widget-container\">\n\t\t\t\t\t\t\t<div class=\"elementor-spacer\">\n\t\t\t<div class=\"elementor-spacer-inner\"><\/div>\n\t\t<\/div>\n\t\t\t\t\t\t<\/div>\n\t\t\t\t<\/div>\n\t\t\t\t<div class=\"elementor-element elementor-element-89490b5 elementor-widget elementor-widget-heading\" data-id=\"89490b5\" data-element_type=\"widget\" data-e-type=\"widget\" data-widget_type=\"heading.default\">\n\t\t\t\t<div class=\"elementor-widget-container\">\n\t\t\t\t\t<h2 class=\"elementor-heading-title elementor-size-default\">\u00a7 2<br>Grundst\u00fccksbegriff, Grundst\u00fcckseigent\u00fcmer<\/h2>\t\t\t\t<\/div>\n\t\t\t\t<\/div>\n\t\t\t\t<div class=\"elementor-element elementor-element-9d3f442 elementor-widget elementor-widget-spacer\" data-id=\"9d3f442\" data-element_type=\"widget\" data-e-type=\"widget\" data-widget_type=\"spacer.default\">\n\t\t\t\t<div class=\"elementor-widget-container\">\n\t\t\t\t\t\t\t<div class=\"elementor-spacer\">\n\t\t\t<div class=\"elementor-spacer-inner\"><\/div>\n\t\t<\/div>\n\t\t\t\t\t\t<\/div>\n\t\t\t\t<\/div>\n\t\t\t\t<div class=\"elementor-element elementor-element-30c8e67 elementor-widget elementor-widget-text-editor\" data-id=\"30c8e67\" data-element_type=\"widget\" data-e-type=\"widget\" data-widget_type=\"text-editor.default\">\n\t\t\t\t<div class=\"elementor-widget-container\">\n\t\t\t\t\t\t\t\t\t<ol><li>Grundst\u00fcck im Sinne der Satzung ist das Buchgrundst\u00fcck im Sinne des Grundbuchrechtes. Mehrere Grundst\u00fccke gelten dann als ein Grundst\u00fcck, wenn sie nur gemeinsam bebaubar bzw. nutzbar sind. Besteht bei wirtschaftlicher Betrachtungsweise f\u00fcr Teilfl\u00e4chen eines Grundst\u00fccks im Sinne des Grundbuchrechts eine selbst\u00e4ndige Inanspruchnahmem\u00f6glichkeit, so ist jede Teilfl\u00e4che als Grundst\u00fcck im Sinne dieser Satzung anzusehen.<\/li><li>Soweit sich die Vorschriften dieser Satzung auf den Grundst\u00fcckseigent\u00fcmer beziehen, gelten die Regelungen entsprechend auch f\u00fcr Erbbauberechtigte, Nie\u00dfbraucher und Wohnungseigent\u00fcmer im Sinne des\u00a0 Wohnungseigentumsgesetzes vom 15.03.51 (BGBl. I, S. 175), zuletzt ge\u00e4ndert durch Art. 9 des Gesetzes vom 07.07.2009 (BGBl. I S. 1707), Nutzer im Sinne des \u00a7 9 Sachenrechtsbereinigungsgesetzes vom 21.09.1994 (BGBl. I S 2457), zuletzt ge\u00e4ndert durch Artikel 110 Abs. 3 des Gesetzes vom 08.12.2010 (BGBl. I S. 1864) oder sonstige zur Nutzung des Grundst\u00fcckes dinglich Berechtigte sowie solche Personen, welche die tats\u00e4chliche Gewalt \u00fcber eine bauliche Anlage oder ein Grundst\u00fcck aus\u00fcben. Von mehreren dinglich Berechtigten ist jeder berechtigt und verpflichtet; sie haften als Gesamtschuldner.<\/li><\/ol>\t\t\t\t\t\t\t\t<\/div>\n\t\t\t\t<\/div>\n\t\t\t\t<div class=\"elementor-element elementor-element-eba7b28 elementor-widget elementor-widget-spacer\" data-id=\"eba7b28\" data-element_type=\"widget\" data-e-type=\"widget\" data-widget_type=\"spacer.default\">\n\t\t\t\t<div class=\"elementor-widget-container\">\n\t\t\t\t\t\t\t<div class=\"elementor-spacer\">\n\t\t\t<div class=\"elementor-spacer-inner\"><\/div>\n\t\t<\/div>\n\t\t\t\t\t\t<\/div>\n\t\t\t\t<\/div>\n\t\t\t\t<div class=\"elementor-element elementor-element-08b933c elementor-widget elementor-widget-heading\" data-id=\"08b933c\" data-element_type=\"widget\" data-e-type=\"widget\" data-widget_type=\"heading.default\">\n\t\t\t\t<div class=\"elementor-widget-container\">\n\t\t\t\t\t<h2 class=\"elementor-heading-title elementor-size-default\">\u00a7 3<br>Anschluss- und Benutzungsrecht<\/h2>\t\t\t\t<\/div>\n\t\t\t\t<\/div>\n\t\t\t\t<div class=\"elementor-element elementor-element-fbb55a8 elementor-widget elementor-widget-spacer\" data-id=\"fbb55a8\" data-element_type=\"widget\" data-e-type=\"widget\" data-widget_type=\"spacer.default\">\n\t\t\t\t<div class=\"elementor-widget-container\">\n\t\t\t\t\t\t\t<div class=\"elementor-spacer\">\n\t\t\t<div class=\"elementor-spacer-inner\"><\/div>\n\t\t<\/div>\n\t\t\t\t\t\t<\/div>\n\t\t\t\t<\/div>\n\t\t\t\t<div class=\"elementor-element elementor-element-8fe45a7 elementor-widget elementor-widget-text-editor\" data-id=\"8fe45a7\" data-element_type=\"widget\" data-e-type=\"widget\" data-widget_type=\"text-editor.default\">\n\t\t\t\t<div class=\"elementor-widget-container\">\n\t\t\t\t\t\t\t\t\t<ol><li>Jeder Eigent\u00fcmer eines im Versorgungsgebiet liegenden Grundst\u00fccks ist berechtigt, den Anschluss seines Grundst\u00fccks an die Wasserversorgungsanlage nach Ma\u00dfgabe dieser Satzung, unter Ber\u00fccksichtigung der Erg\u00e4nzenden Bedingungen zur AVBWasserV, zu verlangen.<\/li><li>Das Anschluss- und Benutzungsrecht erstreckt sich nur auf solche Grundst\u00fccke, die durch eine Versorgungsleitung erschlossen werden. Der Grundst\u00fcckseigent\u00fcmer kann nicht verlangen, dass eine neue Versorgungsleitung hergestellt oder eine bestehende Versorgungsleitung ge\u00e4ndert wird.<\/li><li>Der Anschluss eines Grundst\u00fccks an eine bestehende Versorgungsleitung kann versagt werden, wenn die Wasserversorgung wegen der Lage des Grundst\u00fccks oder sonstiger technischer oder betrieblicher Gr\u00fcnde erhebliche Schwierigkeiten bereitet oder besondere Ma\u00dfnahmen erfordert. Das Anschluss- und Benutzungsrecht kann eingeschr\u00e4nkt bzw. versagt werden, wenn die Leistungsanforderungen des Grundst\u00fcckseigent\u00fcmers au\u00dfergew\u00f6hnlich hoch sind (z. B. im Hinblick auf die zu liefernde Wassermenge) bzw. der Versorgungsstruktur im Versorgungsgebiet nicht entsprechen.<\/li><li>Das Anschluss- und Benutzungsrecht besteht auch in den F\u00e4llen der Abs\u00e4tze 2 und 3, sofern der Grundst\u00fcckseigent\u00fcmer sich verpflichtet, die mit dem Bau und Betrieb zusammenh\u00e4ngenden Mehrkosten zu \u00fcbernehmen und auf Verlangen Sicherheiten zu leisten.<\/li><\/ol>\t\t\t\t\t\t\t\t<\/div>\n\t\t\t\t<\/div>\n\t\t\t\t<div class=\"elementor-element elementor-element-f5d6b3a elementor-widget elementor-widget-spacer\" data-id=\"f5d6b3a\" data-element_type=\"widget\" data-e-type=\"widget\" data-widget_type=\"spacer.default\">\n\t\t\t\t<div class=\"elementor-widget-container\">\n\t\t\t\t\t\t\t<div class=\"elementor-spacer\">\n\t\t\t<div class=\"elementor-spacer-inner\"><\/div>\n\t\t<\/div>\n\t\t\t\t\t\t<\/div>\n\t\t\t\t<\/div>\n\t\t\t\t<div class=\"elementor-element elementor-element-cd4aa6b elementor-widget elementor-widget-heading\" data-id=\"cd4aa6b\" data-element_type=\"widget\" data-e-type=\"widget\" data-widget_type=\"heading.default\">\n\t\t\t\t<div class=\"elementor-widget-container\">\n\t\t\t\t\t<h2 class=\"elementor-heading-title elementor-size-default\">\u00a7 4<br>Anschlusszwang<\/h2>\t\t\t\t<\/div>\n\t\t\t\t<\/div>\n\t\t\t\t<div class=\"elementor-element elementor-element-f894407 elementor-widget elementor-widget-spacer\" data-id=\"f894407\" data-element_type=\"widget\" data-e-type=\"widget\" data-widget_type=\"spacer.default\">\n\t\t\t\t<div class=\"elementor-widget-container\">\n\t\t\t\t\t\t\t<div class=\"elementor-spacer\">\n\t\t\t<div class=\"elementor-spacer-inner\"><\/div>\n\t\t<\/div>\n\t\t\t\t\t\t<\/div>\n\t\t\t\t<\/div>\n\t\t\t\t<div class=\"elementor-element elementor-element-9403231 elementor-widget elementor-widget-text-editor\" data-id=\"9403231\" data-element_type=\"widget\" data-e-type=\"widget\" data-widget_type=\"text-editor.default\">\n\t\t\t\t<div class=\"elementor-widget-container\">\n\t\t\t\t\t\t\t\t\t<ol><li>Der Eigent\u00fcmer eines Grundst\u00fccks, auf dem Wasser verbraucht wird, ist verpflichtet, dieses Grundst\u00fcck an die \u00f6ffentliche Wasserversorgungsanlage anzuschlie\u00dfen, wenn es an ein \u00f6ffentliches Grundst\u00fcck (Stra\u00dfe, Weg, Platz) mit einer betriebsfertigen Versorgungsleitung grenzt oder seinen unmittelbaren Zugang zu einem solchen Grundst\u00fcck durch Privatweg hat.<\/li><li>Der Eigent\u00fcmer eines Grundst\u00fcckes ist verpflichtet, das Verlegen von Versorgungsleitungen einschlie\u00dflich Zubeh\u00f6r zur Wasserversorgung \u00fcber sein Grundst\u00fcck zu dulden. Der Grundst\u00fcckseigent\u00fcmer hat insbesondere den Anschluss anderer Grundst\u00fccke an die Anschlussleitung zu seinem Grundst\u00fcck zu dulden.<\/li><li>Der Anschluss der Grundst\u00fccke ist innerhalb von 3 Monaten nach der Aufforderung durch die FWA zum Anschluss herzustellen.<\/li><\/ol>\t\t\t\t\t\t\t\t<\/div>\n\t\t\t\t<\/div>\n\t\t\t\t<div class=\"elementor-element elementor-element-276bd31 elementor-widget elementor-widget-spacer\" data-id=\"276bd31\" data-element_type=\"widget\" data-e-type=\"widget\" data-widget_type=\"spacer.default\">\n\t\t\t\t<div class=\"elementor-widget-container\">\n\t\t\t\t\t\t\t<div class=\"elementor-spacer\">\n\t\t\t<div class=\"elementor-spacer-inner\"><\/div>\n\t\t<\/div>\n\t\t\t\t\t\t<\/div>\n\t\t\t\t<\/div>\n\t\t\t\t<div class=\"elementor-element elementor-element-e09ba6c elementor-widget elementor-widget-heading\" data-id=\"e09ba6c\" data-element_type=\"widget\" data-e-type=\"widget\" data-widget_type=\"heading.default\">\n\t\t\t\t<div class=\"elementor-widget-container\">\n\t\t\t\t\t<h2 class=\"elementor-heading-title elementor-size-default\">\u00a7 5<br>Befreiung vom Anschlusszwang <\/h2>\t\t\t\t<\/div>\n\t\t\t\t<\/div>\n\t\t\t\t<div class=\"elementor-element elementor-element-0837622 elementor-widget elementor-widget-spacer\" data-id=\"0837622\" data-element_type=\"widget\" data-e-type=\"widget\" data-widget_type=\"spacer.default\">\n\t\t\t\t<div class=\"elementor-widget-container\">\n\t\t\t\t\t\t\t<div class=\"elementor-spacer\">\n\t\t\t<div class=\"elementor-spacer-inner\"><\/div>\n\t\t<\/div>\n\t\t\t\t\t\t<\/div>\n\t\t\t\t<\/div>\n\t\t\t\t<div class=\"elementor-element elementor-element-4cf10da elementor-widget elementor-widget-text-editor\" data-id=\"4cf10da\" data-element_type=\"widget\" data-e-type=\"widget\" data-widget_type=\"text-editor.default\">\n\t\t\t\t<div class=\"elementor-widget-container\">\n\t\t\t\t\t\t\t\t\t<ol><li>Von der Verpflichtung zum Anschluss wird der Grundst\u00fcckseigent\u00fcmer auf Antrag befreit, wenn der Anschluss ihm aus besonderen Gr\u00fcnden auch unter Ber\u00fccksichtigung der Erfordernisse des Gemeinwohls nicht zugemutet werden kann. Der Antrag auf Befreiung ist unter Angabe der Gr\u00fcnde schriftlich bei der Stadt\/beim Amt einzureichen.<\/li><li>Die Befreiung kann unter Bedingungen und Auflagen sowie befristet erteilt werden. Sie steht unter dem Vorbehalt des jederzeitigen Widerrufs.<\/li><\/ol>\t\t\t\t\t\t\t\t<\/div>\n\t\t\t\t<\/div>\n\t\t\t\t<div class=\"elementor-element elementor-element-e170dde elementor-widget elementor-widget-spacer\" data-id=\"e170dde\" data-element_type=\"widget\" data-e-type=\"widget\" data-widget_type=\"spacer.default\">\n\t\t\t\t<div class=\"elementor-widget-container\">\n\t\t\t\t\t\t\t<div class=\"elementor-spacer\">\n\t\t\t<div class=\"elementor-spacer-inner\"><\/div>\n\t\t<\/div>\n\t\t\t\t\t\t<\/div>\n\t\t\t\t<\/div>\n\t\t\t\t<div class=\"elementor-element elementor-element-20df1d5 elementor-widget elementor-widget-heading\" data-id=\"20df1d5\" data-element_type=\"widget\" data-e-type=\"widget\" data-widget_type=\"heading.default\">\n\t\t\t\t<div class=\"elementor-widget-container\">\n\t\t\t\t\t<h2 class=\"elementor-heading-title elementor-size-default\">\u00a7 6<br>Benutzungszwang<\/h2>\t\t\t\t<\/div>\n\t\t\t\t<\/div>\n\t\t\t\t<div class=\"elementor-element elementor-element-322ff7a elementor-widget elementor-widget-spacer\" data-id=\"322ff7a\" data-element_type=\"widget\" data-e-type=\"widget\" data-widget_type=\"spacer.default\">\n\t\t\t\t<div class=\"elementor-widget-container\">\n\t\t\t\t\t\t\t<div class=\"elementor-spacer\">\n\t\t\t<div class=\"elementor-spacer-inner\"><\/div>\n\t\t<\/div>\n\t\t\t\t\t\t<\/div>\n\t\t\t\t<\/div>\n\t\t\t\t<div class=\"elementor-element elementor-element-04e1dd6 elementor-widget elementor-widget-text-editor\" data-id=\"04e1dd6\" data-element_type=\"widget\" data-e-type=\"widget\" data-widget_type=\"text-editor.default\">\n\t\t\t\t<div class=\"elementor-widget-container\">\n\t\t\t\t\t\t\t\t\t<p>Auf Grundst\u00fccken, die an die \u00f6ffentliche Wasserversorgungsanlage angeschlossen sind, ist der gesamte Bedarf an Trink- und Brauchwasser im Rahmen des Benutzungsrechts (\u00a7 3) ausschlie\u00dflich aus dieser Anlage zu decken (Benutzungszwang). Bew\u00e4sserungswasser ist in diesem Sinne kein Brauchwasser. Verpflichtet ist sowohl der Grundst\u00fcckseigent\u00fcmer als auch jeder Benutzer des Grundst\u00fccks.<\/p>\t\t\t\t\t\t\t\t<\/div>\n\t\t\t\t<\/div>\n\t\t\t\t<div class=\"elementor-element elementor-element-60b1dce elementor-widget elementor-widget-spacer\" data-id=\"60b1dce\" data-element_type=\"widget\" data-e-type=\"widget\" data-widget_type=\"spacer.default\">\n\t\t\t\t<div class=\"elementor-widget-container\">\n\t\t\t\t\t\t\t<div class=\"elementor-spacer\">\n\t\t\t<div class=\"elementor-spacer-inner\"><\/div>\n\t\t<\/div>\n\t\t\t\t\t\t<\/div>\n\t\t\t\t<\/div>\n\t\t\t\t<div class=\"elementor-element elementor-element-b8be7d2 elementor-widget elementor-widget-heading\" data-id=\"b8be7d2\" data-element_type=\"widget\" data-e-type=\"widget\" data-widget_type=\"heading.default\">\n\t\t\t\t<div class=\"elementor-widget-container\">\n\t\t\t\t\t<h2 class=\"elementor-heading-title elementor-size-default\">\u00a7 7<br>Befreiung vom Benutzungszwang<\/h2>\t\t\t\t<\/div>\n\t\t\t\t<\/div>\n\t\t\t\t<div class=\"elementor-element elementor-element-2aa9a4b elementor-widget elementor-widget-spacer\" data-id=\"2aa9a4b\" data-element_type=\"widget\" data-e-type=\"widget\" data-widget_type=\"spacer.default\">\n\t\t\t\t<div class=\"elementor-widget-container\">\n\t\t\t\t\t\t\t<div class=\"elementor-spacer\">\n\t\t\t<div class=\"elementor-spacer-inner\"><\/div>\n\t\t<\/div>\n\t\t\t\t\t\t<\/div>\n\t\t\t\t<\/div>\n\t\t\t\t<div class=\"elementor-element elementor-element-01524d6 elementor-widget elementor-widget-text-editor\" data-id=\"01524d6\" data-element_type=\"widget\" data-e-type=\"widget\" data-widget_type=\"text-editor.default\">\n\t\t\t\t<div class=\"elementor-widget-container\">\n\t\t\t\t\t\t\t\t\t<ol><li>Von der Verpflichtung zur Benutzung wird der Grundst\u00fcckseigent\u00fcmer auf Antrag befreit, wenn die Benutzung ihm aus besonderen Gr\u00fcnden auch unter Ber\u00fccksichtigung der Erfordernisse des Gemeinwohls nicht zugemutet werden kann.<\/li><li>Dar\u00fcber hinaus kann dem Grundst\u00fcckseigent\u00fcmer im Rahmen des der Stadt\/Gemeinde oder der FWA wirtschaftlich Zumutbaren auf Antrag die M\u00f6glichkeit einger\u00e4umt werden, den Bezug auf einen von ihm gew\u00fcnschten Verbrauchszweck oder auf einen Teilbedarf zu beschr\u00e4nken.<\/li><li>Der Antrag auf Befreiung oder Teilbefreiung ist unter Angabe der Gr\u00fcnde schriftlich bei der Stadt\/beim Amt einzureichen.<\/li><li>Die Befreiung kann unter Bedingungen und Auflagen sowie befristet erteilt werden. Sie steht unter dem Vorbehalt des jederzeitigen Widerrufs.<\/li><li>Die Errichtung einer Eigengewinnungsanlage hat der Grundst\u00fcckseigent\u00fcmer bei der Stadt\/beim Amt zu beantragen. Er hat durch geeignete Ma\u00dfnahmen sicherzustellen, dass von seiner Eigenanlage keine R\u00fcckwirkungen in das \u00f6ffentliche Versorgungsnetz ausgehen.<\/li><\/ol>\t\t\t\t\t\t\t\t<\/div>\n\t\t\t\t<\/div>\n\t\t\t\t<div class=\"elementor-element elementor-element-5d68ebc elementor-widget elementor-widget-spacer\" data-id=\"5d68ebc\" data-element_type=\"widget\" data-e-type=\"widget\" data-widget_type=\"spacer.default\">\n\t\t\t\t<div class=\"elementor-widget-container\">\n\t\t\t\t\t\t\t<div class=\"elementor-spacer\">\n\t\t\t<div class=\"elementor-spacer-inner\"><\/div>\n\t\t<\/div>\n\t\t\t\t\t\t<\/div>\n\t\t\t\t<\/div>\n\t\t\t\t<div class=\"elementor-element elementor-element-45ef436 elementor-widget elementor-widget-heading\" data-id=\"45ef436\" data-element_type=\"widget\" data-e-type=\"widget\" data-widget_type=\"heading.default\">\n\t\t\t\t<div class=\"elementor-widget-container\">\n\t\t\t\t\t<h2 class=\"elementor-heading-title elementor-size-default\">\u00a7 8<br>Ordnungswidrigkeiten<\/h2>\t\t\t\t<\/div>\n\t\t\t\t<\/div>\n\t\t\t\t<div class=\"elementor-element elementor-element-6fa17f2 elementor-widget elementor-widget-spacer\" data-id=\"6fa17f2\" data-element_type=\"widget\" data-e-type=\"widget\" data-widget_type=\"spacer.default\">\n\t\t\t\t<div class=\"elementor-widget-container\">\n\t\t\t\t\t\t\t<div class=\"elementor-spacer\">\n\t\t\t<div class=\"elementor-spacer-inner\"><\/div>\n\t\t<\/div>\n\t\t\t\t\t\t<\/div>\n\t\t\t\t<\/div>\n\t\t\t\t<div class=\"elementor-element elementor-element-3e41095 elementor-widget elementor-widget-text-editor\" data-id=\"3e41095\" data-element_type=\"widget\" data-e-type=\"widget\" data-widget_type=\"text-editor.default\">\n\t\t\t\t<div class=\"elementor-widget-container\">\n\t\t\t\t\t\t\t\t\t<ol><li>Ordnungswidrig handelt, wer vors\u00e4tzlich oder fahrl\u00e4ssig<br \/>a) sein Grundst\u00fcck entgegen der Verpflichtung in \u00a7 4 Abs.1 nicht anschlie\u00dft,<br \/>b) entgegen \u00a7 4 Abs. 2 seiner Duldungspflicht im Hinblick auf das Verlegen von Versorgungsleitungen \u00fcber sein Grundst\u00fcck bzw. den Anschluss anderer Grundst\u00fccke an die Anschlussleitung zu seinem Grundst\u00fcck nicht nachkommt,<br \/>c) entgegen \u00a7 6 nicht den gesamten Bedarf an Trink- und Brauchwasser aus der \u00f6ffentlichen Wasserversorgungsanlage deckt,<br \/>d) entgegen \u00a7 7 Abs.5 nicht sicherstellt, dass von seiner Eigenanlage keine R\u00fcckwirkungen in das \u00f6ffentliche Versorgungsnetz ausgehen.<\/li><li>Die Ordnungswidrigkeit kann von der Stadt\/Gemeinde mit einer Geldbu\u00dfe bis zu einer H\u00f6he von 1.000,00 Euro im Einzelfall geahndet werden. Die Geldbu\u00dfe soll den wirtschaftlichen Vorteil, der aus der Ordnungswidrigkeit gezogen worden ist, \u00fcbersteigen. Reicht das H\u00f6chstma\u00df hierzu nicht aus, so kann es \u00fcberschritten werden.<\/li><\/ol>\t\t\t\t\t\t\t\t<\/div>\n\t\t\t\t<\/div>\n\t\t\t\t<div class=\"elementor-element elementor-element-d827e66 elementor-widget elementor-widget-spacer\" data-id=\"d827e66\" data-element_type=\"widget\" data-e-type=\"widget\" data-widget_type=\"spacer.default\">\n\t\t\t\t<div class=\"elementor-widget-container\">\n\t\t\t\t\t\t\t<div class=\"elementor-spacer\">\n\t\t\t<div class=\"elementor-spacer-inner\"><\/div>\n\t\t<\/div>\n\t\t\t\t\t\t<\/div>\n\t\t\t\t<\/div>\n\t\t\t\t<div class=\"elementor-element elementor-element-63c1e14 elementor-widget elementor-widget-heading\" data-id=\"63c1e14\" data-element_type=\"widget\" data-e-type=\"widget\" data-widget_type=\"heading.default\">\n\t\t\t\t<div class=\"elementor-widget-container\">\n\t\t\t\t\t<h2 class=\"elementor-heading-title elementor-size-default\">\u00a7 9<br>Inkrafttreten<\/h2>\t\t\t\t<\/div>\n\t\t\t\t<\/div>\n\t\t\t\t<div class=\"elementor-element elementor-element-a67d6b5 elementor-widget elementor-widget-spacer\" data-id=\"a67d6b5\" data-element_type=\"widget\" data-e-type=\"widget\" data-widget_type=\"spacer.default\">\n\t\t\t\t<div class=\"elementor-widget-container\">\n\t\t\t\t\t\t\t<div class=\"elementor-spacer\">\n\t\t\t<div class=\"elementor-spacer-inner\"><\/div>\n\t\t<\/div>\n\t\t\t\t\t\t<\/div>\n\t\t\t\t<\/div>\n\t\t\t\t<div class=\"elementor-element elementor-element-25bf8c1 elementor-widget elementor-widget-text-editor\" data-id=\"25bf8c1\" data-element_type=\"widget\" data-e-type=\"widget\" data-widget_type=\"text-editor.default\">\n\t\t\t\t<div class=\"elementor-widget-container\">\n\t\t\t\t\t\t\t\t\tDie Satzung tritt am Tag nach ihrer \u00f6ffentlichen Bekanntmachung im Amtsblatt f\u00fcr die Stadt\/Gemeinde in Kraft.\nGleichzeitig tritt die bisher f\u00fcr das Versorgungsgebiet geltende Satzung au\u00dfer Kraft.\t\t\t\t\t\t\t\t<\/div>\n\t\t\t\t<\/div>\n\t\t\t\t<div class=\"elementor-element elementor-element-346ea17 elementor-widget elementor-widget-spacer\" data-id=\"346ea17\" data-element_type=\"widget\" data-e-type=\"widget\" data-widget_type=\"spacer.default\">\n\t\t\t\t<div class=\"elementor-widget-container\">\n\t\t\t\t\t\t\t<div class=\"elementor-spacer\">\n\t\t\t<div class=\"elementor-spacer-inner\"><\/div>\n\t\t<\/div>\n\t\t\t\t\t\t<\/div>\n\t\t\t\t<\/div>\n\t\t\t\t<div class=\"elementor-element elementor-element-8949514 elementor-widget-divider--view-line elementor-widget elementor-widget-divider\" data-id=\"8949514\" data-element_type=\"widget\" data-e-type=\"widget\" data-widget_type=\"divider.default\">\n\t\t\t\t<div class=\"elementor-widget-container\">\n\t\t\t\t\t\t\t<div class=\"elementor-divider\">\n\t\t\t<span class=\"elementor-divider-separator\">\n\t\t\t\t\t\t<\/span>\n\t\t<\/div>\n\t\t\t\t\t\t<\/div>\n\t\t\t\t<\/div>\n\t\t\t\t<div class=\"elementor-element elementor-element-2c7927b elementor-widget elementor-widget-menu-anchor\" data-id=\"2c7927b\" data-element_type=\"widget\" data-e-type=\"widget\" data-widget_type=\"menu-anchor.default\">\n\t\t\t\t<div class=\"elementor-widget-container\">\n\t\t\t\t\t\t\t<div class=\"elementor-menu-anchor\" id=\"Satzung_Abwasserentsorgung\"><\/div>\n\t\t\t\t\t\t<\/div>\n\t\t\t\t<\/div>\n\t\t\t\t<div class=\"elementor-element elementor-element-6b5d000 elementor-widget elementor-widget-spacer\" data-id=\"6b5d000\" data-element_type=\"widget\" data-e-type=\"widget\" data-widget_type=\"spacer.default\">\n\t\t\t\t<div class=\"elementor-widget-container\">\n\t\t\t\t\t\t\t<div class=\"elementor-spacer\">\n\t\t\t<div class=\"elementor-spacer-inner\"><\/div>\n\t\t<\/div>\n\t\t\t\t\t\t<\/div>\n\t\t\t\t<\/div>\n\t\t\t\t<div class=\"elementor-element elementor-element-26c5011 elementor-widget elementor-widget-text-editor\" data-id=\"26c5011\" data-element_type=\"widget\" data-e-type=\"widget\" data-widget_type=\"text-editor.default\">\n\t\t\t\t<div class=\"elementor-widget-container\">\n\t\t\t\t\t\t\t\t\tAuszug aus der Satzung \u00fcber den Anschluss an die \u00f6ffentliche Abwasseranlage und ihre Benutzung im Gebiet der St\u00e4dte Frankfurt (Oder) und M\u00fcllrose sowie der Gemeinden Briesen\/OT Biegen und Jacobsdorf\t\t\t\t\t\t\t\t<\/div>\n\t\t\t\t<\/div>\n\t\t\t\t<div class=\"elementor-element elementor-element-b935156 elementor-widget elementor-widget-text-editor\" data-id=\"b935156\" data-element_type=\"widget\" data-e-type=\"widget\" data-widget_type=\"text-editor.default\">\n\t\t\t\t<div class=\"elementor-widget-container\">\n\t\t\t\t\t\t\t\t\t<p>in der Fassung vom Juli 2012<\/p>\t\t\t\t\t\t\t\t<\/div>\n\t\t\t\t<\/div>\n\t\t\t\t<div class=\"elementor-element elementor-element-c6d2321 elementor-widget elementor-widget-spacer\" data-id=\"c6d2321\" data-element_type=\"widget\" data-e-type=\"widget\" data-widget_type=\"spacer.default\">\n\t\t\t\t<div class=\"elementor-widget-container\">\n\t\t\t\t\t\t\t<div class=\"elementor-spacer\">\n\t\t\t<div class=\"elementor-spacer-inner\"><\/div>\n\t\t<\/div>\n\t\t\t\t\t\t<\/div>\n\t\t\t\t<\/div>\n\t\t\t\t<div class=\"elementor-element elementor-element-4391573 elementor-widget elementor-widget-heading\" data-id=\"4391573\" data-element_type=\"widget\" data-e-type=\"widget\" data-widget_type=\"heading.default\">\n\t\t\t\t<div class=\"elementor-widget-container\">\n\t\t\t\t\t<h2 class=\"elementor-heading-title elementor-size-default\">\u00a7 1<br>\u00d6ffentliche Einrichtung<\/h2>\t\t\t\t<\/div>\n\t\t\t\t<\/div>\n\t\t\t\t<div class=\"elementor-element elementor-element-d14b134 elementor-widget elementor-widget-spacer\" data-id=\"d14b134\" data-element_type=\"widget\" data-e-type=\"widget\" data-widget_type=\"spacer.default\">\n\t\t\t\t<div class=\"elementor-widget-container\">\n\t\t\t\t\t\t\t<div class=\"elementor-spacer\">\n\t\t\t<div class=\"elementor-spacer-inner\"><\/div>\n\t\t<\/div>\n\t\t\t\t\t\t<\/div>\n\t\t\t\t<\/div>\n\t\t\t\t<div class=\"elementor-element elementor-element-a9ae9f5 elementor-widget elementor-widget-text-editor\" data-id=\"a9ae9f5\" data-element_type=\"widget\" data-e-type=\"widget\" data-widget_type=\"text-editor.default\">\n\t\t\t\t<div class=\"elementor-widget-container\">\n\t\t\t\t\t\t\t\t\t<ol><li>Die Abwasserbeseitigung im Gebiet der Stadt\/Gemeinde ist Bestandteil einer \u00f6ffentlichen Gesamteinrichtung zur Ableitung und Behandlung der Abw\u00e4sser der Grundst\u00fccke in dem Gebiet, in dem die St\u00e4dte Frankfurt (Oder) und M\u00fcllrose sowie die Gemeinden Briesen\/OT Biegen und Jacobsdorf die Aufgaben der \u00f6ffentlichen Abwasserbeseitigung zu erf\u00fcllen haben. Die FWA Frankfurter Wasser- und Abwassergesellschaft mbH (FWA) ist Betreiber der Abwasseranlage. Die FWA bestimmt im Namen und Auftrag der Stadt\/Gemeinde auch Art und Umfang der Abwasseranlagen.<\/li><li>Die \u00f6ffentliche Abwasserbeseitigung umfasst das Sammeln, Ableiten und Versickern von Abwasser, die Abwasserbehandlung und -einleitung, die Abfuhr und Behandlung des F\u00e4kalschlamms aus den Kleinkl\u00e4ranlagen und der F\u00e4kalien aus den abflusslosen Gruben zur Sammlung h\u00e4uslicher Abw\u00e4sser sowie das Stabilisieren, Entw\u00e4ssern und Entsorgen der bei der Abwasserbehandlung anfallenden Stoffe. Die \u00f6ffentliche Abwasserbeseitigung umfasst nicht eine dezentrale Entsorgung des in Zisternen gesammelten Niederschlagswassers.<\/li><li>Der Anschluss an die \u00f6ffentliche Einrichtung und die Abwasserbeseitigung erfolgen durch die FWA nach Ma\u00dfgabe der \u201eAllgemeinen Entsorgungsbedingungen f\u00fcr Abwasser (AEB-A)\u201c in der jeweils g\u00fcltigen Fassung gem\u00e4\u00df \u00a7 1 Abs. 5 dieser Satzung auf der Grundlage privatrechtlicher Vertr\u00e4ge im Einvernehmen mit der Indirekteinleiterverordnung (IndV) des Landes Brandenburg und des \u00a7 58 Wasserhaushaltsgesetz (WHG) in den jeweils g\u00fcltigen Fassungen. Die FWA ist berechtigt, in besonderen F\u00e4llen Sondervertr\u00e4ge mit Kunden zu schlie\u00dfen.<\/li><li>Ein Rechtsanspruch auf Herstellung, Erweiterung oder \u00c4nderung der \u00f6ffentlichen Abwasseranlagen besteht nicht.<\/li><li>Die FWA wird die von den Grundst\u00fcckseigent\u00fcmern bzw. sonstigen Entgeltpflichtigen nach den \u201eAllgemeinen Entsorgungsbedingungen f\u00fcr Abwasser der FWA mbH\u201c und dem ver\u00f6ffentlichten Preisblatt zu entrichtenden Entgelte im Namen und im Auftrag der Stadt\/Gemeinde einziehen.<\/li><li>Die Stadt\/Gemeinde erkennt die von der Gesellschafterversammlung der FWA beschlossenen \u201eAllgemeinen Entsorgungsbedingungen f\u00fcr Abwasser der FWA mbH\u201c in der jeweils geltenden Fassung als eigene Benutzerordnung an.<\/li><\/ol>\t\t\t\t\t\t\t\t<\/div>\n\t\t\t\t<\/div>\n\t\t\t\t<div class=\"elementor-element elementor-element-04edf44 elementor-widget elementor-widget-spacer\" data-id=\"04edf44\" data-element_type=\"widget\" data-e-type=\"widget\" data-widget_type=\"spacer.default\">\n\t\t\t\t<div class=\"elementor-widget-container\">\n\t\t\t\t\t\t\t<div class=\"elementor-spacer\">\n\t\t\t<div class=\"elementor-spacer-inner\"><\/div>\n\t\t<\/div>\n\t\t\t\t\t\t<\/div>\n\t\t\t\t<\/div>\n\t\t\t\t<div class=\"elementor-element elementor-element-7cd6236 elementor-widget elementor-widget-heading\" data-id=\"7cd6236\" data-element_type=\"widget\" data-e-type=\"widget\" data-widget_type=\"heading.default\">\n\t\t\t\t<div class=\"elementor-widget-container\">\n\t\t\t\t\t<h2 class=\"elementor-heading-title elementor-size-default\">\u00a7 2<br>Grundst\u00fccksbegriff, Grundst\u00fcckseigent\u00fcmer<\/h2>\t\t\t\t<\/div>\n\t\t\t\t<\/div>\n\t\t\t\t<div class=\"elementor-element elementor-element-d18f528 elementor-widget elementor-widget-spacer\" data-id=\"d18f528\" data-element_type=\"widget\" data-e-type=\"widget\" data-widget_type=\"spacer.default\">\n\t\t\t\t<div class=\"elementor-widget-container\">\n\t\t\t\t\t\t\t<div class=\"elementor-spacer\">\n\t\t\t<div class=\"elementor-spacer-inner\"><\/div>\n\t\t<\/div>\n\t\t\t\t\t\t<\/div>\n\t\t\t\t<\/div>\n\t\t\t\t<div class=\"elementor-element elementor-element-f190783 elementor-widget elementor-widget-text-editor\" data-id=\"f190783\" data-element_type=\"widget\" data-e-type=\"widget\" data-widget_type=\"text-editor.default\">\n\t\t\t\t<div class=\"elementor-widget-container\">\n\t\t\t\t\t\t\t\t\t<ol><li>Grundst\u00fcck im Sinne der Satzung ist das Buchgrundst\u00fcck im Sinne des Grundbuchrechtes. Mehrere Grundst\u00fccke gelten dann als ein Grundst\u00fcck, wenn sie nur gemeinsam bebaubar bzw. nutzbar sind. Besteht bei wirtschaftlicher Betrachtungsweise f\u00fcr Teilfl\u00e4chen eines Grundst\u00fcckes im Sinne des Grundbuchrechtes eine selbst\u00e4ndige Inanspruchnahmem\u00f6glichkeit, so ist jede Teilfl\u00e4che als Grundst\u00fcck im Sinne dieser Satzung anzusehen.<\/li><li>Soweit sich die Vorschriften dieser Satzung auf den Grundst\u00fcckseigent\u00fcmer beziehen, gelten die Regelungen entsprechend auch f\u00fcr Erbbauberechtigte, Nie\u00dfbraucher und Wohnungseigent\u00fcmer im Sinne des Wohnungseigentumsgesetzes vom 15.03.51 (BGBl. I S. 175), zuletzt ge\u00e4ndert durch Art. 9 des Gesetzes vom 07.07.2009 (BGBl. I S. 1707), Nutzer im Sinne des \u00a7 9 Sachenrechtsbereinigungsgesetzes vom 21.09.1994 (BGBl. I S 2457), zuletzt ge\u00e4ndert durch Artikel 110 Abs. 3 des Gesetzes vom 08.12.2010 (BGBl. I S. 1864) oder sonstige zur Nutzung des Grundst\u00fcckes dinglich Berechtigte sowie solche Personen, welche die tats\u00e4chliche Gewalt \u00fcber eine bauliche Anlage oder ein Grundst\u00fcck aus\u00fcben. Von mehreren dinglich Berechtigten ist jeder berechtigt und verpflichtet; sie haften als Gesamtschuldner.<\/li><\/ol>\t\t\t\t\t\t\t\t<\/div>\n\t\t\t\t<\/div>\n\t\t\t\t<div class=\"elementor-element elementor-element-3a27965 elementor-widget elementor-widget-spacer\" data-id=\"3a27965\" data-element_type=\"widget\" data-e-type=\"widget\" data-widget_type=\"spacer.default\">\n\t\t\t\t<div class=\"elementor-widget-container\">\n\t\t\t\t\t\t\t<div class=\"elementor-spacer\">\n\t\t\t<div class=\"elementor-spacer-inner\"><\/div>\n\t\t<\/div>\n\t\t\t\t\t\t<\/div>\n\t\t\t\t<\/div>\n\t\t\t\t<div class=\"elementor-element elementor-element-e3d11ce elementor-widget elementor-widget-heading\" data-id=\"e3d11ce\" data-element_type=\"widget\" data-e-type=\"widget\" data-widget_type=\"heading.default\">\n\t\t\t\t<div class=\"elementor-widget-container\">\n\t\t\t\t\t<h2 class=\"elementor-heading-title elementor-size-default\">\u00a7 3<br>Begriffsbestimmungen<\/h2>\t\t\t\t<\/div>\n\t\t\t\t<\/div>\n\t\t\t\t<div class=\"elementor-element elementor-element-1bae6a5 elementor-widget elementor-widget-spacer\" data-id=\"1bae6a5\" data-element_type=\"widget\" data-e-type=\"widget\" data-widget_type=\"spacer.default\">\n\t\t\t\t<div class=\"elementor-widget-container\">\n\t\t\t\t\t\t\t<div class=\"elementor-spacer\">\n\t\t\t<div class=\"elementor-spacer-inner\"><\/div>\n\t\t<\/div>\n\t\t\t\t\t\t<\/div>\n\t\t\t\t<\/div>\n\t\t\t\t<div class=\"elementor-element elementor-element-09e0ec7 elementor-widget elementor-widget-text-editor\" data-id=\"09e0ec7\" data-element_type=\"widget\" data-e-type=\"widget\" data-widget_type=\"text-editor.default\">\n\t\t\t\t<div class=\"elementor-widget-container\">\n\t\t\t\t\t\t\t\t\t<ol><li>Abwasser im Sinne dieser Satzung ist das durch h\u00e4uslichen, gewerblichen, landwirtschaftlichen oder sonstigen Gebrauch in seinen Eigenschaften ver\u00e4nderte und das bei Trockenwetter damit zusammen abflie\u00dfende und gesammelte Wasser (Schmutzwasser) sowie das von Niederschl\u00e4gen aus dem Bereich von bebauten oder befestigten Fl\u00e4chen abflie\u00dfende und gesammelte Wasser (Niederschlagswasser). Als Schmutzwasser gelten auch die aus Anlagen zum Behandeln, Lagern und Ablagern von Abf\u00e4llen und Futtermitteln austretenden und gesammelten Fl\u00fcssigkeiten.<\/li><li>\u00d6ffentliche Abwasseranlagen dienen der netzgebundenen \u00f6ffentlichen Abwasserbeseitigung. \u00d6ffentliche Abwasseranlagen sind insbesondere die \u00f6ffentlichen Kan\u00e4le, Regenr\u00fcckhaltebecken, Regen\u00fcberlauf- und Regenkl\u00e4rbecken, Abwasserpumpwerke, F\u00e4kalannahmestationen und Kl\u00e4rwerke. Zur \u00f6ffentlichen Abwasseranlage geh\u00f6ren ferner Anlagen und Einrichtungen Dritter, wenn sich die Stadt\/Gemeinde dieser Anlagen f\u00fcr die Abwasserbeseitigung bedient. Nicht zur \u00f6ffentlichen Einrichtung z\u00e4hlen die Grundst\u00fccksanschl\u00fcsse (im Sinne des \u00a7 10 Kommunalabgabengesetz in der jeweils g\u00fcltigen Fassung).<\/li><li>Grundst\u00fccksentw\u00e4sserungsanlagen sind Einrichtungen auf dem Grundst\u00fcck, die der Sammlung, Vorbehandlung, Pr\u00fcfung und Ableitung des Abwassers bis zum Grundst\u00fccksanschluss dienen. Dazu geh\u00f6ren insbesondere Leitungen, die im Erdreich oder Fundamentbereich verlegt sind und das Abwasser dem Grundst\u00fccksanschluss zuf\u00fchren (Grundleitungen) sowie weitere Pr\u00fcfsch\u00e4chte und, solange keine Anschlussm\u00f6glichkeit an einen Kanal oder ein Kl\u00e4rwerk besteht, auch abflusslose Gruben und Kleinkl\u00e4ranlagen.<\/li><\/ol>\t\t\t\t\t\t\t\t<\/div>\n\t\t\t\t<\/div>\n\t\t\t\t<div class=\"elementor-element elementor-element-43ce297 elementor-widget elementor-widget-spacer\" data-id=\"43ce297\" data-element_type=\"widget\" data-e-type=\"widget\" data-widget_type=\"spacer.default\">\n\t\t\t\t<div class=\"elementor-widget-container\">\n\t\t\t\t\t\t\t<div class=\"elementor-spacer\">\n\t\t\t<div class=\"elementor-spacer-inner\"><\/div>\n\t\t<\/div>\n\t\t\t\t\t\t<\/div>\n\t\t\t\t<\/div>\n\t\t\t\t<div class=\"elementor-element elementor-element-a41a466 elementor-widget elementor-widget-heading\" data-id=\"a41a466\" data-element_type=\"widget\" data-e-type=\"widget\" data-widget_type=\"heading.default\">\n\t\t\t\t<div class=\"elementor-widget-container\">\n\t\t\t\t\t<h2 class=\"elementor-heading-title elementor-size-default\">\u00a7 4<br>Anschluss- und Benutzungsrecht <\/h2>\t\t\t\t<\/div>\n\t\t\t\t<\/div>\n\t\t\t\t<div class=\"elementor-element elementor-element-1cf7ba2 elementor-widget elementor-widget-spacer\" data-id=\"1cf7ba2\" data-element_type=\"widget\" data-e-type=\"widget\" data-widget_type=\"spacer.default\">\n\t\t\t\t<div class=\"elementor-widget-container\">\n\t\t\t\t\t\t\t<div class=\"elementor-spacer\">\n\t\t\t<div class=\"elementor-spacer-inner\"><\/div>\n\t\t<\/div>\n\t\t\t\t\t\t<\/div>\n\t\t\t\t<\/div>\n\t\t\t\t<div class=\"elementor-element elementor-element-1791a2d elementor-widget elementor-widget-text-editor\" data-id=\"1791a2d\" data-element_type=\"widget\" data-e-type=\"widget\" data-widget_type=\"text-editor.default\">\n\t\t\t\t<div class=\"elementor-widget-container\">\n\t\t\t\t\t\t\t\t\t<ol><li>Der Eigent\u00fcmer eines Grundst\u00fcckes, auf dem Abwasser anf\u00e4llt, ist nach den Bestimmungen der Satzung, unter Ber\u00fccksichtigung der Bestimmungen der \u201eAllgemeinen Entsorgungsbedingungen f\u00fcr Abwasser der FWA mbH\u201c berechtigt, sein Grundst\u00fcck an die \u00f6ffentlichen Abwasseranlagen anzuschlie\u00dfen und diese zu benutzen.<\/li><li>Das Anschluss- und Benutzungsrecht erstreckt sich nur auf solche Grundst\u00fccke, die durch einen Abwasserkanal erschlossen werden. Der Grundst\u00fcckseigent\u00fcmer kann nicht verlangen, dass ein neuer Abwasserkanal hergestellt oder ein bestehender Abwasserkanal ge\u00e4ndert wird.<\/li><li>Der Anschluss eines Grundst\u00fcckes an einen bestehenden Abwasserkanal kann versagt werden, wenn die Abwasserbeseitigung wegen der Lage des Grundst\u00fcckes oder sonstiger technischer oder betrieblicher Gr\u00fcnde erhebliche Schwierigkeiten bereitet oder besondere Ma\u00dfnahmen erfordert. Das Anschluss- und Benutzungsrecht kann eingeschr\u00e4nkt bzw. versagt werden, wenn die Leistungsanforderungen des Grundst\u00fcckseigent\u00fcmers au\u00dfergew\u00f6hnlich hoch sind (z. B. im Hinblick auf die zu entsorgende Abwassermenge) bzw. der Entsorgungsstruktur im Entsorgungsgebiet nicht entsprechen.<\/li><li>Das Anschluss- und Benutzungsrecht besteht auch in den F\u00e4llen der Abs\u00e4tze 2 und 3, sofern der Grundst\u00fcckseigent\u00fcmer sich verpflichtet, die mit dem Bau und Betrieb zusammenh\u00e4ngenden Mehrkosten zu \u00fcbernehmen und auf Verlangen Sicherheiten zu leisten.<\/li><li>Werden an einer Erschlie\u00dfungsstra\u00dfe, in die sp\u00e4ter Abwasserkan\u00e4le eingebaut werden sollen, Neubauten errichtet, so sind auf Verlangen der Stadt\/Gemeinde alle Einrichtungen f\u00fcr den k\u00fcnftigen Anschluss an die \u00f6ffentliche Abwasseranlage vorzubereiten. Neubauten k\u00f6nnen erst dann errichtet werden, wenn die \u00f6ffentliche Abwasserbeseitigung durch Anschluss an die \u00f6ffentlichen Abwasseranlagen oder die F\u00e4kalschlammabfuhr gew\u00e4hrleistet ist.<\/li><li>Niederschlagswasser ist vom Anschluss- und Benutzungsrecht ausgenommen, soweit es ohne Beeintr\u00e4chtigung des Wohls der Allgemeinheit auf dem Grundst\u00fcck versickert oder unmittelbar in ein Gew\u00e4sser eingeleitet werden kann.<\/li><\/ol>\t\t\t\t\t\t\t\t<\/div>\n\t\t\t\t<\/div>\n\t\t\t\t<div class=\"elementor-element elementor-element-f80db2a elementor-widget elementor-widget-spacer\" data-id=\"f80db2a\" data-element_type=\"widget\" data-e-type=\"widget\" data-widget_type=\"spacer.default\">\n\t\t\t\t<div class=\"elementor-widget-container\">\n\t\t\t\t\t\t\t<div class=\"elementor-spacer\">\n\t\t\t<div class=\"elementor-spacer-inner\"><\/div>\n\t\t<\/div>\n\t\t\t\t\t\t<\/div>\n\t\t\t\t<\/div>\n\t\t\t\t<div class=\"elementor-element elementor-element-28d52aa elementor-widget elementor-widget-heading\" data-id=\"28d52aa\" data-element_type=\"widget\" data-e-type=\"widget\" data-widget_type=\"heading.default\">\n\t\t\t\t<div class=\"elementor-widget-container\">\n\t\t\t\t\t<h2 class=\"elementor-heading-title elementor-size-default\">\u00a7 5<br>Anschlusszwang<\/h2>\t\t\t\t<\/div>\n\t\t\t\t<\/div>\n\t\t\t\t<div class=\"elementor-element elementor-element-eff78b8 elementor-widget elementor-widget-spacer\" data-id=\"eff78b8\" data-element_type=\"widget\" data-e-type=\"widget\" data-widget_type=\"spacer.default\">\n\t\t\t\t<div class=\"elementor-widget-container\">\n\t\t\t\t\t\t\t<div class=\"elementor-spacer\">\n\t\t\t<div class=\"elementor-spacer-inner\"><\/div>\n\t\t<\/div>\n\t\t\t\t\t\t<\/div>\n\t\t\t\t<\/div>\n\t\t\t\t<div class=\"elementor-element elementor-element-ca8ab3a elementor-widget elementor-widget-text-editor\" data-id=\"ca8ab3a\" data-element_type=\"widget\" data-e-type=\"widget\" data-widget_type=\"text-editor.default\">\n\t\t\t\t<div class=\"elementor-widget-container\">\n\t\t\t\t\t\t\t\t\t<ol><li>Der Eigent\u00fcmer eines Grundst\u00fccks, auf dem Abwasser anf\u00e4llt, ist verpflichtet, dieses Grundst\u00fcck an die \u00f6ffentliche Abwasseranlage anzuschlie\u00dfen, wenn es an ein \u00f6ffentliches Grundst\u00fcck (Stra\u00dfe, Weg, Platz) mit einem betriebsfertigen Abwasserkanal grenzt oder seinen unmittelbaren Zugang zu einem solchen Grundst\u00fcck durch Privatweg hat.<\/li><li>Der Eigent\u00fcmer eines Grundst\u00fcckes ist verpflichtet, das Verlegen von Kan\u00e4len einschlie\u00dflich Zubeh\u00f6r zur Ab- und Fortleitung von Abwasser \u00fcber sein Grundst\u00fcck zu dulden. Der Grundst\u00fcckseigent\u00fcmer hat insbesondere den Anschluss anderer Grundst\u00fccke an die Anschlussleitung zu seinem Grundst\u00fcck zu dulden.<\/li><li>Unbebaute Grundst\u00fccke sind anzuschlie\u00dfen, wenn die Voraussetzungen des Abs. 1 vorliegen und der Anschluss im Interesse der \u00f6ffentlichen Gesundheitspflege, des Verkehrs oder aus anderen Gr\u00fcnden des \u00f6ffentlichen Wohles geboten ist.<\/li><li>In den \u201eAllgemeinen Entsorgungsbedingungen f\u00fcr Abwasser der FWA mbH\u201c sind Festlegungen zu treffen, die die Erstattung der bei wirtschaftlicher Betriebsf\u00fchrung notwendigen Kosten f\u00fcr den Grundst\u00fccksanschluss durch den Grundst\u00fcckseigent\u00fcmer regeln. Die FWA wird die Kostenerstattungen im Namen und im Auftrag der Stadt\/Gemeinde einziehen.<\/li><li>Der Anschluss der Grundst\u00fccke ist grunds\u00e4tzlich innerhalb von 3 Monaten nach der Aufforderung der FWA zum Anschluss herzustellen.<\/li><li>Niederschlagswasser ist vom Anschluss- und Benutzungszwang ausgenommen, soweit es ohne Beeintr\u00e4chtigung des Wohls der Allgemeinheit auf dem Grundst\u00fcck versickert oder unmittelbar in ein Gew\u00e4sser eingeleitet werden kann.<\/li><\/ol>\t\t\t\t\t\t\t\t<\/div>\n\t\t\t\t<\/div>\n\t\t\t\t<div class=\"elementor-element elementor-element-65dd423 elementor-widget elementor-widget-spacer\" data-id=\"65dd423\" data-element_type=\"widget\" data-e-type=\"widget\" data-widget_type=\"spacer.default\">\n\t\t\t\t<div class=\"elementor-widget-container\">\n\t\t\t\t\t\t\t<div class=\"elementor-spacer\">\n\t\t\t<div class=\"elementor-spacer-inner\"><\/div>\n\t\t<\/div>\n\t\t\t\t\t\t<\/div>\n\t\t\t\t<\/div>\n\t\t\t\t<div class=\"elementor-element elementor-element-71f1d7e elementor-widget elementor-widget-heading\" data-id=\"71f1d7e\" data-element_type=\"widget\" data-e-type=\"widget\" data-widget_type=\"heading.default\">\n\t\t\t\t<div class=\"elementor-widget-container\">\n\t\t\t\t\t<h2 class=\"elementor-heading-title elementor-size-default\">\u00a7 6<br>Befreiung vom Anschlusszwang<\/h2>\t\t\t\t<\/div>\n\t\t\t\t<\/div>\n\t\t\t\t<div class=\"elementor-element elementor-element-98fb1d6 elementor-widget elementor-widget-spacer\" data-id=\"98fb1d6\" data-element_type=\"widget\" data-e-type=\"widget\" data-widget_type=\"spacer.default\">\n\t\t\t\t<div class=\"elementor-widget-container\">\n\t\t\t\t\t\t\t<div class=\"elementor-spacer\">\n\t\t\t<div class=\"elementor-spacer-inner\"><\/div>\n\t\t<\/div>\n\t\t\t\t\t\t<\/div>\n\t\t\t\t<\/div>\n\t\t\t\t<div class=\"elementor-element elementor-element-74df96b elementor-widget elementor-widget-text-editor\" data-id=\"74df96b\" data-element_type=\"widget\" data-e-type=\"widget\" data-widget_type=\"text-editor.default\">\n\t\t\t\t<div class=\"elementor-widget-container\">\n\t\t\t\t\t\t\t\t\t<ol><li>Von der Verpflichtung zum Anschluss wird der Grundst\u00fcckseigent\u00fcmer auf Antrag befreit, wenn der Anschluss ihm aus besonderen Gr\u00fcnden auch unter Ber\u00fccksichtigung der Erfordernisse des Gemeinwohls nicht zugemutet werden kann. Der Antrag auf Befreiung ist unter Angabe der Gr\u00fcnde schriftlich bei der Stadt \/beim Amt einzureichen und sp\u00e4testens zwei Monate vor dem Zeitpunkt zu stellen, zu dem die Befreiung gew\u00fcnscht wird.<\/li><li>Die Befreiung kann unter Bedingungen und Auflagen sowie befristet erteilt werden. Sie steht unter dem Vorbehalt des jederzeitigen Widerrufs.<\/li><\/ol>\t\t\t\t\t\t\t\t<\/div>\n\t\t\t\t<\/div>\n\t\t\t\t<div class=\"elementor-element elementor-element-1845283 elementor-widget elementor-widget-spacer\" data-id=\"1845283\" data-element_type=\"widget\" data-e-type=\"widget\" data-widget_type=\"spacer.default\">\n\t\t\t\t<div class=\"elementor-widget-container\">\n\t\t\t\t\t\t\t<div class=\"elementor-spacer\">\n\t\t\t<div class=\"elementor-spacer-inner\"><\/div>\n\t\t<\/div>\n\t\t\t\t\t\t<\/div>\n\t\t\t\t<\/div>\n\t\t\t\t<div class=\"elementor-element elementor-element-eb38e73 elementor-widget elementor-widget-heading\" data-id=\"eb38e73\" data-element_type=\"widget\" data-e-type=\"widget\" data-widget_type=\"heading.default\">\n\t\t\t\t<div class=\"elementor-widget-container\">\n\t\t\t\t\t<h2 class=\"elementor-heading-title elementor-size-default\">\u00a7 7<br>Benutzungszwang <\/h2>\t\t\t\t<\/div>\n\t\t\t\t<\/div>\n\t\t\t\t<div class=\"elementor-element elementor-element-d7eb0ac elementor-widget elementor-widget-spacer\" data-id=\"d7eb0ac\" data-element_type=\"widget\" data-e-type=\"widget\" data-widget_type=\"spacer.default\">\n\t\t\t\t<div class=\"elementor-widget-container\">\n\t\t\t\t\t\t\t<div class=\"elementor-spacer\">\n\t\t\t<div class=\"elementor-spacer-inner\"><\/div>\n\t\t<\/div>\n\t\t\t\t\t\t<\/div>\n\t\t\t\t<\/div>\n\t\t\t\t<div class=\"elementor-element elementor-element-119d6e7 elementor-widget elementor-widget-text-editor\" data-id=\"119d6e7\" data-element_type=\"widget\" data-e-type=\"widget\" data-widget_type=\"text-editor.default\">\n\t\t\t\t<div class=\"elementor-widget-container\">\n\t\t\t\t\t\t\t\t\t<ol><li>Der Eigent\u00fcmer und Nutzer eines Grundst\u00fccks, auf dem Abwasser anf\u00e4llt, ist nach den Bestimmungen in dieser Satzung und den \u201eAllgemeinen Entsorgungsbedingungen f\u00fcr Abwasser der FWA mbH\u201c verpflichtet, die \u00f6ffentlichen Abwasseranlagen zu benutzen. Verpflichtet ist sowohl der Grundst\u00fcckseigent\u00fcmer als auch jeder Benutzer des Grundst\u00fccks.<\/li><li>Abwasser, das auf Grundst\u00fccken anf\u00e4llt, die nicht an die \u00f6ffentlichen Abwasseranlagen angeschlossen sind, hat der Eigent\u00fcmer der FWA zur Abfuhr zu \u00fcberlassen. Nicht davon erfasst, ist gem\u00e4\u00df \u00a7 1 Absatz 2 das in Zisternen gesammelte Niederschlagswasser.<\/li><\/ol>\t\t\t\t\t\t\t\t<\/div>\n\t\t\t\t<\/div>\n\t\t\t\t<div class=\"elementor-element elementor-element-b60562e elementor-widget elementor-widget-spacer\" data-id=\"b60562e\" data-element_type=\"widget\" data-e-type=\"widget\" data-widget_type=\"spacer.default\">\n\t\t\t\t<div class=\"elementor-widget-container\">\n\t\t\t\t\t\t\t<div class=\"elementor-spacer\">\n\t\t\t<div class=\"elementor-spacer-inner\"><\/div>\n\t\t<\/div>\n\t\t\t\t\t\t<\/div>\n\t\t\t\t<\/div>\n\t\t\t\t<div class=\"elementor-element elementor-element-6878b3a elementor-widget elementor-widget-heading\" data-id=\"6878b3a\" data-element_type=\"widget\" data-e-type=\"widget\" data-widget_type=\"heading.default\">\n\t\t\t\t<div class=\"elementor-widget-container\">\n\t\t\t\t\t<h2 class=\"elementor-heading-title elementor-size-default\">\u00a7 8<br>Befreiung vom Benutzungszwang<\/h2>\t\t\t\t<\/div>\n\t\t\t\t<\/div>\n\t\t\t\t<div class=\"elementor-element elementor-element-a018da4 elementor-widget elementor-widget-spacer\" data-id=\"a018da4\" data-element_type=\"widget\" data-e-type=\"widget\" data-widget_type=\"spacer.default\">\n\t\t\t\t<div class=\"elementor-widget-container\">\n\t\t\t\t\t\t\t<div class=\"elementor-spacer\">\n\t\t\t<div class=\"elementor-spacer-inner\"><\/div>\n\t\t<\/div>\n\t\t\t\t\t\t<\/div>\n\t\t\t\t<\/div>\n\t\t\t\t<div class=\"elementor-element elementor-element-973525d elementor-widget elementor-widget-text-editor\" data-id=\"973525d\" data-element_type=\"widget\" data-e-type=\"widget\" data-widget_type=\"text-editor.default\">\n\t\t\t\t<div class=\"elementor-widget-container\">\n\t\t\t\t\t\t\t\t\t<ol><li>Von der Verpflichtung zur Benutzung wird der Grundst\u00fcckseigent\u00fcmer auf Antrag befreit, wenn die Benutzung ihm aus besonderen Gr\u00fcnden auch unter Ber\u00fccksichtigung der Erfordernisse des Gemeinwohls nicht zugemutet werden kann. Der Antrag auf Befreiung ist unter Angabe der Gr\u00fcnde schriftlich bei der Stadt\/beim Amt einzureichen und sp\u00e4testens zwei Monate vor dem Zeitpunkt zu stellen, zu dem die Befreiung gew\u00fcnscht wird.<\/li><li>Die Befreiung kann unter Bedingungen und Auflagen sowie befristet erteilt werden. Sie steht unter dem Vorbehalt des jederzeitigen Widerrufs.<\/li><\/ol>\t\t\t\t\t\t\t\t<\/div>\n\t\t\t\t<\/div>\n\t\t\t\t<div class=\"elementor-element elementor-element-9378cf4 elementor-widget elementor-widget-spacer\" data-id=\"9378cf4\" data-element_type=\"widget\" data-e-type=\"widget\" data-widget_type=\"spacer.default\">\n\t\t\t\t<div class=\"elementor-widget-container\">\n\t\t\t\t\t\t\t<div class=\"elementor-spacer\">\n\t\t\t<div class=\"elementor-spacer-inner\"><\/div>\n\t\t<\/div>\n\t\t\t\t\t\t<\/div>\n\t\t\t\t<\/div>\n\t\t\t\t<div class=\"elementor-element elementor-element-81f2533 elementor-widget elementor-widget-heading\" data-id=\"81f2533\" data-element_type=\"widget\" data-e-type=\"widget\" data-widget_type=\"heading.default\">\n\t\t\t\t<div class=\"elementor-widget-container\">\n\t\t\t\t\t<h2 class=\"elementor-heading-title elementor-size-default\">\u00a7 9<br>Ordnungswidrigkeiten<\/h2>\t\t\t\t<\/div>\n\t\t\t\t<\/div>\n\t\t\t\t<div class=\"elementor-element elementor-element-990babe elementor-widget elementor-widget-spacer\" data-id=\"990babe\" data-element_type=\"widget\" data-e-type=\"widget\" data-widget_type=\"spacer.default\">\n\t\t\t\t<div class=\"elementor-widget-container\">\n\t\t\t\t\t\t\t<div class=\"elementor-spacer\">\n\t\t\t<div class=\"elementor-spacer-inner\"><\/div>\n\t\t<\/div>\n\t\t\t\t\t\t<\/div>\n\t\t\t\t<\/div>\n\t\t\t\t<div class=\"elementor-element elementor-element-80b6f46 elementor-widget elementor-widget-text-editor\" data-id=\"80b6f46\" data-element_type=\"widget\" data-e-type=\"widget\" data-widget_type=\"text-editor.default\">\n\t\t\t\t<div class=\"elementor-widget-container\">\n\t\t\t\t\t\t\t\t\t<ol><li>(1) Ordnungswidrig handelt, wer vors\u00e4tzlich oder fahrl\u00e4ssig<br \/>a) sein Grundst\u00fcck entgegen der Verpflichtung in \u00a7 5 Abs.1 nicht anschlie\u00dft,<br \/>b) entgegen \u00a7 5 Abs. 2 seiner Duldungspflicht im Hinblick auf das Verlegen von Kan\u00e4len \u00fcber sein Grundst\u00fcck bzw. den Anschluss anderer Grundst\u00fccke an die Anschlussleitung zu seinem Grundst\u00fcck nicht nachkommt,<br \/>c) entgegen \u00a7 7 Abs. 1 nicht die \u00f6ffentliche Abwasseranlage benutzt,<br \/>d) entgegen \u00a7 7 Abs. 2 Abwasser nicht zur Abfuhr \u00fcberl\u00e4sst.<\/li><li>Die Ordnungswidrigkeit kann von der Stadt\/Gemeinde mit einer Geldbu\u00dfe bis zu einer H\u00f6he von 1.000,00 Euro im Einzelfall geahndet werden. Die Geldbu\u00dfe soll den wirtschaftlichen Vorteil, der aus der Ordnungswidrigkeit gezogen worden ist, \u00fcbersteigen. Reicht das H\u00f6chstma\u00df hierzu nicht aus, so kann es \u00fcberschritten werden.<\/li><\/ol>\t\t\t\t\t\t\t\t<\/div>\n\t\t\t\t<\/div>\n\t\t\t\t<div class=\"elementor-element elementor-element-a0a6664 elementor-widget elementor-widget-spacer\" data-id=\"a0a6664\" data-element_type=\"widget\" data-e-type=\"widget\" data-widget_type=\"spacer.default\">\n\t\t\t\t<div class=\"elementor-widget-container\">\n\t\t\t\t\t\t\t<div class=\"elementor-spacer\">\n\t\t\t<div class=\"elementor-spacer-inner\"><\/div>\n\t\t<\/div>\n\t\t\t\t\t\t<\/div>\n\t\t\t\t<\/div>\n\t\t\t\t<div class=\"elementor-element elementor-element-aa565ca elementor-widget elementor-widget-heading\" data-id=\"aa565ca\" data-element_type=\"widget\" data-e-type=\"widget\" data-widget_type=\"heading.default\">\n\t\t\t\t<div class=\"elementor-widget-container\">\n\t\t\t\t\t<h2 class=\"elementor-heading-title elementor-size-default\">\u00a7 10<br>Inkrafttreten<\/h2>\t\t\t\t<\/div>\n\t\t\t\t<\/div>\n\t\t\t\t<div class=\"elementor-element elementor-element-9221b79 elementor-widget elementor-widget-spacer\" data-id=\"9221b79\" data-element_type=\"widget\" data-e-type=\"widget\" data-widget_type=\"spacer.default\">\n\t\t\t\t<div class=\"elementor-widget-container\">\n\t\t\t\t\t\t\t<div class=\"elementor-spacer\">\n\t\t\t<div class=\"elementor-spacer-inner\"><\/div>\n\t\t<\/div>\n\t\t\t\t\t\t<\/div>\n\t\t\t\t<\/div>\n\t\t\t\t<div class=\"elementor-element elementor-element-8f98b06 elementor-widget elementor-widget-text-editor\" data-id=\"8f98b06\" data-element_type=\"widget\" data-e-type=\"widget\" data-widget_type=\"text-editor.default\">\n\t\t\t\t<div class=\"elementor-widget-container\">\n\t\t\t\t\t\t\t\t\t<p>Diese Satzung tritt am Tag nach ihrer \u00f6ffentlichen Bekanntmachung im Amtsblatt f\u00fcr die Stadt\/Gemeinde in Kraft.<br \/>Gleichzeitig tritt die bisher f\u00fcr das Entsorgungsgebiet geltende Satzung au\u00dfer Kraft.<\/p>\t\t\t\t\t\t\t\t<\/div>\n\t\t\t\t<\/div>\n\t\t\t\t<div class=\"elementor-element elementor-element-cb0597b elementor-widget elementor-widget-spacer\" data-id=\"cb0597b\" data-element_type=\"widget\" data-e-type=\"widget\" data-widget_type=\"spacer.default\">\n\t\t\t\t<div class=\"elementor-widget-container\">\n\t\t\t\t\t\t\t<div class=\"elementor-spacer\">\n\t\t\t<div class=\"elementor-spacer-inner\"><\/div>\n\t\t<\/div>\n\t\t\t\t\t\t<\/div>\n\t\t\t\t<\/div>\n\t\t\t\t<div class=\"elementor-element elementor-element-7a5a7ac elementor-widget-divider--view-line elementor-widget elementor-widget-divider\" data-id=\"7a5a7ac\" data-element_type=\"widget\" data-e-type=\"widget\" data-widget_type=\"divider.default\">\n\t\t\t\t<div class=\"elementor-widget-container\">\n\t\t\t\t\t\t\t<div class=\"elementor-divider\">\n\t\t\t<span class=\"elementor-divider-separator\">\n\t\t\t\t\t\t<\/span>\n\t\t<\/div>\n\t\t\t\t\t\t<\/div>\n\t\t\t\t<\/div>\n\t\t\t\t<div class=\"elementor-element elementor-element-5de5407 elementor-widget elementor-widget-menu-anchor\" data-id=\"5de5407\" data-element_type=\"widget\" data-e-type=\"widget\" data-widget_type=\"menu-anchor.default\">\n\t\t\t\t<div class=\"elementor-widget-container\">\n\t\t\t\t\t\t\t<div class=\"elementor-menu-anchor\" id=\"Veroeffentlichung\"><\/div>\n\t\t\t\t\t\t<\/div>\n\t\t\t\t<\/div>\n\t\t\t\t<div class=\"elementor-element elementor-element-692bd23 elementor-widget elementor-widget-spacer\" data-id=\"692bd23\" data-element_type=\"widget\" data-e-type=\"widget\" data-widget_type=\"spacer.default\">\n\t\t\t\t<div class=\"elementor-widget-container\">\n\t\t\t\t\t\t\t<div class=\"elementor-spacer\">\n\t\t\t<div class=\"elementor-spacer-inner\"><\/div>\n\t\t<\/div>\n\t\t\t\t\t\t<\/div>\n\t\t\t\t<\/div>\n\t\t\t\t<div class=\"elementor-element elementor-element-9354103 elementor-widget elementor-widget-text-editor\" data-id=\"9354103\" data-element_type=\"widget\" data-e-type=\"widget\" data-widget_type=\"text-editor.default\">\n\t\t\t\t<div class=\"elementor-widget-container\">\n\t\t\t\t\t\t\t\t\tVer\u00f6ffentlichung der Satzungen im Amtsblatt\t\t\t\t\t\t\t\t<\/div>\n\t\t\t\t<\/div>\n\t\t\t\t<div class=\"elementor-element elementor-element-23adef8 elementor-widget elementor-widget-spacer\" data-id=\"23adef8\" data-element_type=\"widget\" data-e-type=\"widget\" data-widget_type=\"spacer.default\">\n\t\t\t\t<div class=\"elementor-widget-container\">\n\t\t\t\t\t\t\t<div class=\"elementor-spacer\">\n\t\t\t<div class=\"elementor-spacer-inner\"><\/div>\n\t\t<\/div>\n\t\t\t\t\t\t<\/div>\n\t\t\t\t<\/div>\n\t\t\t\t<div class=\"elementor-element elementor-element-0e0e142 elementor-widget elementor-widget-eael-advanced-data-table\" data-id=\"0e0e142\" data-element_type=\"widget\" data-e-type=\"widget\" data-widget_type=\"eael-advanced-data-table.default\">\n\t\t\t\t<div class=\"elementor-widget-container\">\n\t\t\t\t\t<div class=\"ea-advanced-data-table-wrap\" data-id=\"0e0e142\"><div class=\"ea-advanced-data-table-wrap-inner\">\n                <table class=\"ea-advanced-data-table ea-advanced-data-table-static ea-advanced-data-table-0e0e142\" data-id=\"0e0e142\"><thead><tr><th><p><br><\/p><\/th><th><p><strong>Satzung \u00fcber den Anschluss an die<\/strong><\/p><p><strong>\u00f6ffentliche Wasserversorgungsanlage<\/strong><\/p><p><strong>und ihre Benutzung im Gebiet der St\u00e4dte<\/strong><\/p><p><strong>Frankfurt (Oder) und M\u00fcllrose sowie<\/strong><\/p><p><strong>der Gemeinden Briesen\/OT Biegen<\/strong><\/p><p><strong>und Jacobsdorf<\/strong><\/p><p><strong>in der Fassung vom Juli 2012<\/strong><\/p><\/th><th><p><strong>Satzung \u00fcber den Anschluss an die<\/strong><\/p><p><strong>\u00f6ffentliche Abwasseranlage und ihre<\/strong><\/p><p><strong>Benutzung im Gebiet der St\u00e4dte<\/strong><\/p><p><strong>Frankfurt (Oder) und M\u00fcllrose sowie<\/strong><\/p><p><strong>der Gemeinden Briesen\/OT Biegen<\/strong><\/p><p><strong>und Jacobsdorf<\/strong><\/p><p><strong>in der Fassung vom Juli 2012<\/strong><\/p><\/th><\/tr><\/thead><tbody><tr><td><p>Frankfurt (Oder)<\/p><\/td><td><p>Amtsblatt Nr. 18\/1998 vom 23.12.1998<\/p><p>Amtsblatt Nr. 1\/1999 vom 24.02.1999<\/p><p>Amtsblatt Nr. 6\/2001 vom 27.06.2001<\/p><p>Amtsblatt Nr. 13\/2002 vom 18.12.2002<\/p><p>Amtsblatt Nr. 5\/2012 vom 04.07.2012<\/p><\/td><td><p>Amtsblatt Nr. 18\/1998 vom 23.12.1998<\/p><p>Amtsblatt Nr. 1\/1999 vom 24.02.1999<\/p><p>Amtsblatt Nr. 6\/2001 vom 27.06.2001<\/p><p>Amtsblatt Nr. 13\/2002 vom 18.12.2002<\/p><p>Amtsblatt Nr. 8\/2004 vom 08.09.2004<\/p><p>Amtsblatt Nr. 5\/2012 vom 04.07.2012<\/p><\/td><\/tr><tr><td><p>M\u00fcllrose<\/p><\/td><td><p>Amtsblatt Schlaubetal Feb.\/1999, 30.01.1999, S.&nbsp;10 f.<\/p><p> Amtsblatt Schlaubetal Apr.\/1999, 27.03.1999, S. 6<\/p><p> Amtsblatt Schlaubetal Nr. 11\/2002, 01.04.2002, S. 5<\/p><p> Amtsblatt Schlaubetal Nr. 8\/2003, 01.01.2003, S. 5 f.<\/p><p> Amtsblatt Schlaubetal Nr. 2\/2012, 02.07.2012, S. 1 f.<\/p><\/td><td><p>Amtsblatt Schlaubetal Feb.\/1999, 30.01.1999, S. 8 f.<\/p><p> Amtsblatt Schlaubetal Apr.\/1999, 27.03.1999, S. 7<\/p><p> Amtsblatt Schlaubetal Nr. 11\/2002, 01.04.2002, S. 5<\/p><p> Amtsblatt Schlaubetal Nr. 8\/2003, 01.01.2003, S. 6 f.<\/p><p> Amtsblatt Schlaubetal Nr. 11\/2004, 01.04.2004, S. 4<\/p><p> Amtsblatt Schlaubetal Nr. 2\/2012, 02.07.2012, S. 1 f.<\/p><\/td><\/tr><tr><td><p>Biegen<\/p><\/td><td><p>Amtsblatt Odervorland Nr. 70\/1998, 28.12.1998, S. 21 f.<\/p><p> Amtsblatt Odervorland Nr. 73\/1999, Apr.\/1999, S. 3<\/p><p> Amtsblatt Odervorland Nr. 109\/2002, 01.04.2002, S. 2<\/p><\/td><td><p>Amtsblatt Odervorland Nr. 70\/1998, 28.12.1998, S. 21 f.<\/p><p> Amtsblatt Odervorland Nr. 73\/1999, Apr.\/1999, S. 3<\/p><p> Amtsblatt Odervorland Nr. 109\/2002, 01.04.2002, S. 2<\/p><\/td><\/tr><tr><td><p>Briesen\/<\/p><p> OT Biegen<\/p><\/td><td><p>Amtsblatt Odervorland Nr. 118\/2003, 01.01.2003, S. 1 f.<\/p><p> Amtsblatt Odervorland Nr. 228\/2012, 01.08.2012<\/p><\/td><td><p>Amtsblatt Odervorland Nr. 118\/2003, 01.01.2003, S. 2 f.<\/p><p> Amtsblatt Odervorland Nr. 132\/2004, 01.03.2004, S. 10 f.<\/p><p> Amtsblatt Odervorland Nr. 228\/2012, 01.08.2012<\/p><\/td><\/tr><tr><td><p>Jacobsdorf<\/p><\/td><td><p>Amtsblatt Odervorland Nr. 70\/1998, 28.12.1998, S. 22 f.<\/p><p> Amtsblatt Odervorland Nr. 73\/1999, Apr.\/1999, S. 4 f.<\/p><p> Amtsblatt Odervorland Nr. 109\/2002, 01.04.2002, S. 3<\/p><p> Amtsblatt Odervorland Nr. 118\/2003, 01.01.2003, S. 4 f.<\/p><p> Amtsblatt Odervorland Nr. 228\/2012, 01.08.2012<\/p><\/td><td><p>Amtsblatt Odervorland Nr. 70\/1998, 28.12.1998, S. 13 f.<\/p><p> Amtsblatt Odervorland Nr. 73\/1999, Apr.\/1999, S. 4<\/p><p> Amtsblatt Odervorland Nr. 109\/2002, 01.04.2002, S. 3<\/p><p> Amtsblatt Odervorland Nr. 118\/2003, 01.01.2003, S. 6 f.<\/p><p> Amtsblatt Odervorland Nr. 132\/2004, 01.03.2004, S. 8 f.<\/p><p> Amtsblatt Odervorland Nr. 228\/2012, 01.08.2012<\/p><\/td><\/tr><tr><td><p>Sieversdorf<\/p><\/td><td><p>Amtsblatt Odervorland Nr. 70\/1998, 28.12.1998, S. 26 f.<\/p><p> Amtsblatt Odervorland Nr. 73\/1999, Apr.\/1999, S. 5 f.<\/p><p> Amtsblatt Odervorland Nr. 109\/2002, 01.04.2002, S. 4<\/p><p> Amtsblatt Odervorland Nr. 118\/2003, 01.01.2003, S. 8 f.<\/p><p> Amtsblatt Odervorland Nr. 228\/2012, 01.08.2012<\/p><\/td><td><p>Amtsblatt Odervorland Nr. 70\/1998, 28.12.1998, S. 19 f.<\/p><p> Amtsblatt Odervorland Nr. 73\/1999, Apr.\/1999, S. 5<\/p><p> Amtsblatt Odervorland Nr. 109\/2002, 01.04.2002, S. 4<\/p><p> Amtsblatt Odervorland Nr. 118\/2003, 01.01.2003, S. 9 f.<\/p><p> Amtsblatt Odervorland Nr. 228\/2012, 01.08.2012<\/p><\/td><\/tr><\/tbody><\/table>\n            <\/div><\/div>\t\t\t\t<\/div>\n\t\t\t\t<\/div>\n\t\t\t\t<div class=\"elementor-element elementor-element-4a9cf57 elementor-widget elementor-widget-spacer\" data-id=\"4a9cf57\" data-element_type=\"widget\" data-e-type=\"widget\" data-widget_type=\"spacer.default\">\n\t\t\t\t<div class=\"elementor-widget-container\">\n\t\t\t\t\t\t\t<div class=\"elementor-spacer\">\n\t\t\t<div class=\"elementor-spacer-inner\"><\/div>\n\t\t<\/div>\n\t\t\t\t\t\t<\/div>\n\t\t\t\t<\/div>\n\t\t\t\t<div class=\"elementor-element elementor-element-b1f4038 elementor-widget elementor-widget-text-editor\" data-id=\"b1f4038\" data-element_type=\"widget\" data-e-type=\"widget\" data-widget_type=\"text-editor.default\">\n\t\t\t\t<div class=\"elementor-widget-container\">\n\t\t\t\t\t\t\t\t\t<p>Die Gemeinde Sieversdorf wurde in die Gemeinde Jacobsdorf (Mark) eingegliedert<br>(Gesetz- und Verordnungsblatt Teil I, Nr. 5\/2003 vom 27.03.2003).<\/p>\t\t\t\t\t\t\t\t<\/div>\n\t\t\t\t<\/div>\n\t\t\t\t<div class=\"elementor-element elementor-element-4d94941 elementor-widget elementor-widget-spacer\" data-id=\"4d94941\" data-element_type=\"widget\" data-e-type=\"widget\" data-widget_type=\"spacer.default\">\n\t\t\t\t<div class=\"elementor-widget-container\">\n\t\t\t\t\t\t\t<div class=\"elementor-spacer\">\n\t\t\t<div class=\"elementor-spacer-inner\"><\/div>\n\t\t<\/div>\n\t\t\t\t\t\t<\/div>\n\t\t\t\t<\/div>\n\t\t\t\t\t<\/div>\n\t\t<\/div>\n\t\t\t\t\t<\/div>\n\t\t<\/section>\n\t\t\t\t<\/div>\n\t\t","protected":false},"excerpt":{"rendered":"<p>Satzungen Satzung zur \u00f6ffentlichen Wasserversorgung (Auszug) Satzung zur \u00f6ffentlichen Abwasserentsorgung (Auszug) Ver\u00f6ffentlichung der Satzungen im Amtsblatt Auszug aus der Satzung \u00fcber den Anschluss an die \u00f6ffentliche Wasserversorgungsanlage und ihre Benutzung im Gebiet der St\u00e4dte Frankfurt (Oder) und M\u00fcllrose sowie der Gemeinden Briesen\/OT Biegen und Jacobsdorf in der Fassung vom Juli 2012 \u00a7 1 Allgemeines, Durchf\u00fchrung [&hellip;]<\/p>\n","protected":false},"author":1,"featured_media":0,"parent":6569,"menu_order":0,"comment_status":"closed","ping_status":"closed","template":"","meta":{"footnotes":""},"class_list":["post-5842","page","type-page","status-publish","hentry"],"_links":{"self":[{"href":"https:\/\/www.fwa-ffo.de\/wp2\/wp-json\/wp\/v2\/pages\/5842","targetHints":{"allow":["GET"]}}],"collection":[{"href":"https:\/\/www.fwa-ffo.de\/wp2\/wp-json\/wp\/v2\/pages"}],"about":[{"href":"https:\/\/www.fwa-ffo.de\/wp2\/wp-json\/wp\/v2\/types\/page"}],"author":[{"embeddable":true,"href":"https:\/\/www.fwa-ffo.de\/wp2\/wp-json\/wp\/v2\/users\/1"}],"replies":[{"embeddable":true,"href":"https:\/\/www.fwa-ffo.de\/wp2\/wp-json\/wp\/v2\/comments?post=5842"}],"version-history":[{"count":0,"href":"https:\/\/www.fwa-ffo.de\/wp2\/wp-json\/wp\/v2\/pages\/5842\/revisions"}],"up":[{"embeddable":true,"href":"https:\/\/www.fwa-ffo.de\/wp2\/wp-json\/wp\/v2\/pages\/6569"}],"wp:attachment":[{"href":"https:\/\/www.fwa-ffo.de\/wp2\/wp-json\/wp\/v2\/media?parent=5842"}],"curies":[{"name":"wp","href":"https:\/\/api.w.org\/{rel}","templated":true}]}}