{"id":5094,"date":"2021-12-09T14:59:33","date_gmt":"2021-12-09T13:59:33","guid":{"rendered":"https:\/\/www.fwa-ffo.de\/wp2\/?page_id=5094"},"modified":"2022-03-22T13:54:52","modified_gmt":"2022-03-22T12:54:52","slug":"kanalsanierung-im-stadtzentrum","status":"publish","type":"page","link":"https:\/\/www.fwa-ffo.de\/wp2\/wissenswertes\/wissenswertes-archiv\/kanalsanierung-im-stadtzentrum\/","title":{"rendered":"Kanalsanierung im Stadtzentrum"},"content":{"rendered":"\t\t<div data-elementor-type=\"wp-page\" data-elementor-id=\"5094\" class=\"elementor elementor-5094\" data-elementor-post-type=\"page\">\n\t\t\t\t\t\t<section class=\"elementor-section elementor-top-section elementor-element elementor-element-f097ae0 elementor-section-boxed elementor-section-height-default elementor-section-height-default\" data-id=\"f097ae0\" data-element_type=\"section\" data-e-type=\"section\">\n\t\t\t\t\t\t<div class=\"elementor-container elementor-column-gap-default\">\n\t\t\t\t\t<div class=\"elementor-column elementor-col-100 elementor-top-column elementor-element elementor-element-1cc568a\" data-id=\"1cc568a\" data-element_type=\"column\" data-e-type=\"column\">\n\t\t\t<div class=\"elementor-widget-wrap elementor-element-populated\">\n\t\t\t\t\t\t<div class=\"elementor-element elementor-element-30220fe elementor-widget elementor-widget-heading\" data-id=\"30220fe\" data-element_type=\"widget\" data-e-type=\"widget\" data-widget_type=\"heading.default\">\n\t\t\t\t<div class=\"elementor-widget-container\">\n\t\t\t\t\t<h2 class=\"elementor-heading-title elementor-size-default\">Kanalsanierung im Stadtzentrum<\/h2>\t\t\t\t<\/div>\n\t\t\t\t<\/div>\n\t\t\t\t<div class=\"elementor-element elementor-element-e3038e5 elementor-widget elementor-widget-spacer\" data-id=\"e3038e5\" data-element_type=\"widget\" data-e-type=\"widget\" data-widget_type=\"spacer.default\">\n\t\t\t\t<div class=\"elementor-widget-container\">\n\t\t\t\t\t\t\t<div class=\"elementor-spacer\">\n\t\t\t<div class=\"elementor-spacer-inner\"><\/div>\n\t\t<\/div>\n\t\t\t\t\t\t<\/div>\n\t\t\t\t<\/div>\n\t\t\t\t<div class=\"elementor-element elementor-element-c5f158d elementor-widget elementor-widget-text-editor\" data-id=\"c5f158d\" data-element_type=\"widget\" data-e-type=\"widget\" data-widget_type=\"text-editor.default\">\n\t\t\t\t<div class=\"elementor-widget-container\">\n\t\t\t\t\t\t\t\t\t<p>Ab dem 8. Oktober 2007 begann nach Abschluss der Vorarbeiten die Sanierung des Mischwasserhauptsammlers zwischen Lindenstra\u00dfe und Brunnenplatz in Frankfurt (Oder). Ende des 1. Quartals 2008 sollte Sanierung abgeschlossen sein.<\/p>\t\t\t\t\t\t\t\t<\/div>\n\t\t\t\t<\/div>\n\t\t\t\t<div class=\"elementor-element elementor-element-e337029 elementor-widget elementor-widget-spacer\" data-id=\"e337029\" data-element_type=\"widget\" data-e-type=\"widget\" data-widget_type=\"spacer.default\">\n\t\t\t\t<div class=\"elementor-widget-container\">\n\t\t\t\t\t\t\t<div class=\"elementor-spacer\">\n\t\t\t<div class=\"elementor-spacer-inner\"><\/div>\n\t\t<\/div>\n\t\t\t\t\t\t<\/div>\n\t\t\t\t<\/div>\n\t\t\t\t<div class=\"elementor-element elementor-element-4a9e716 elementor-widget elementor-widget-image\" data-id=\"4a9e716\" data-element_type=\"widget\" data-e-type=\"widget\" data-widget_type=\"image.default\">\n\t\t\t\t<div class=\"elementor-widget-container\">\n\t\t\t\t\t\t\t\t\t\t\t\t\t\t\t\t<a href=\"https:\/\/www.fwa-ffo.de\/wp2\/wp-content\/uploads\/MW_Hauptsammler_HS_Leg_150.jpg\" data-elementor-open-lightbox=\"yes\" data-elementor-lightbox-title=\"MW_Hauptsammler_HS_Leg_150\" data-elementor-lightbox-description=\"Bild \u00dcbersichtkarte zur Sanierung des Hauptsammlers im Stadtzentrum\" data-e-action-hash=\"#elementor-action%3Aaction%3Dlightbox%26settings%3DeyJpZCI6NTEzNiwidXJsIjoiaHR0cHM6XC9cL3d3dy5md2EtZmZvLmRlXC93cDJcL3dwLWNvbnRlbnRcL3VwbG9hZHNcL01XX0hhdXB0c2FtbWxlcl9IU19MZWdfMTUwLmpwZyJ9\">\n\t\t\t\t\t\t\t<img fetchpriority=\"high\" decoding=\"async\" width=\"600\" height=\"600\" src=\"https:\/\/www.fwa-ffo.de\/wp2\/wp-content\/uploads\/MW_Hauptsammler_HS_Leg_150-600x600.jpg\" class=\"attachment-thumbnail size-thumbnail wp-image-5136\" alt=\"Bild \u00dcbersichtkarte zur Sanierung des Hauptsammlers im Stadtzentrum\" srcset=\"https:\/\/www.fwa-ffo.de\/wp2\/wp-content\/uploads\/MW_Hauptsammler_HS_Leg_150-600x600.jpg 600w, https:\/\/www.fwa-ffo.de\/wp2\/wp-content\/uploads\/MW_Hauptsammler_HS_Leg_150-768x767.jpg 768w, https:\/\/www.fwa-ffo.de\/wp2\/wp-content\/uploads\/MW_Hauptsammler_HS_Leg_150.jpg 873w\" sizes=\"(max-width: 600px) 100vw, 600px\" \/>\t\t\t\t\t\t\t\t<\/a>\n\t\t\t\t\t\t\t\t\t\t\t\t\t\t\t<\/div>\n\t\t\t\t<\/div>\n\t\t\t\t<div class=\"elementor-element elementor-element-d3d4c1d elementor-widget elementor-widget-spacer\" data-id=\"d3d4c1d\" data-element_type=\"widget\" data-e-type=\"widget\" data-widget_type=\"spacer.default\">\n\t\t\t\t<div class=\"elementor-widget-container\">\n\t\t\t\t\t\t\t<div class=\"elementor-spacer\">\n\t\t\t<div class=\"elementor-spacer-inner\"><\/div>\n\t\t<\/div>\n\t\t\t\t\t\t<\/div>\n\t\t\t\t<\/div>\n\t\t\t\t<div class=\"elementor-element elementor-element-ebf8fcc elementor-widget elementor-widget-text-editor\" data-id=\"ebf8fcc\" data-element_type=\"widget\" data-e-type=\"widget\" data-widget_type=\"text-editor.default\">\n\t\t\t\t<div class=\"elementor-widget-container\">\n\t\t\t\t\t\t\t\t\t<p>F\u00fcr das teilweise \u00fcber 100 Jahre alte Kanalnetz in Frankfurt (Oder) gibt die FWA mbH j\u00e4hrlich rund 1 Mio. Euro f\u00fcr die Sanierung aus. Im Jahr 2006 wurde der Zustand des 1977 erbauten Kanalabschnittes zwischen Lindenstra\u00dfe und Rathaus untersucht und ein deutlicher Sanierungsbedarf &#8211; hervorgerufen durch fortschreitende Betonkorrosion &#8211; festgestellt. Wenngleich die Standfestigkeit des Mischwasserhauptsammlers und der Schachtbauwerke nicht akut gef\u00e4hrdet waren, m\u00fcssten dennoch umfassende Sanierungsma\u00dfnahmen<br \/>zur Sicherung einer langfristigen Funktionsf\u00e4higkeit durchgef\u00fchrt werden.<\/p>\t\t\t\t\t\t\t\t<\/div>\n\t\t\t\t<\/div>\n\t\t\t\t<div class=\"elementor-element elementor-element-418ed2a elementor-widget elementor-widget-spacer\" data-id=\"418ed2a\" data-element_type=\"widget\" data-e-type=\"widget\" data-widget_type=\"spacer.default\">\n\t\t\t\t<div class=\"elementor-widget-container\">\n\t\t\t\t\t\t\t<div class=\"elementor-spacer\">\n\t\t\t<div class=\"elementor-spacer-inner\"><\/div>\n\t\t<\/div>\n\t\t\t\t\t\t<\/div>\n\t\t\t\t<\/div>\n\t\t\t\t<div class=\"elementor-element elementor-element-79652f2 elementor-widget elementor-widget-image\" data-id=\"79652f2\" data-element_type=\"widget\" data-e-type=\"widget\" data-widget_type=\"image.default\">\n\t\t\t\t<div class=\"elementor-widget-container\">\n\t\t\t\t\t\t\t\t\t\t\t\t<figure class=\"wp-caption\">\n\t\t\t\t\t\t\t\t\t\t<img decoding=\"async\" width=\"266\" height=\"200\" src=\"https:\/\/www.fwa-ffo.de\/wp2\/wp-content\/uploads\/MW_Hauptsammler_HS_5_BA_Schadensbild1.jpg\" class=\"attachment-full size-full wp-image-5135\" alt=\"Bild Schadensbild des alten Hauptsammlers. Ein Mitarbeiter begeht den alten Hauptsammler.\" \/>\t\t\t\t\t\t\t\t\t\t\t<figcaption class=\"widget-image-caption wp-caption-text\">Betonkorrosion im Mischwasserhauptsammler<\/figcaption>\n\t\t\t\t\t\t\t\t\t\t<\/figure>\n\t\t\t\t\t\t\t\t\t<\/div>\n\t\t\t\t<\/div>\n\t\t\t\t<div class=\"elementor-element elementor-element-25a5e24 elementor-widget elementor-widget-spacer\" data-id=\"25a5e24\" data-element_type=\"widget\" data-e-type=\"widget\" data-widget_type=\"spacer.default\">\n\t\t\t\t<div class=\"elementor-widget-container\">\n\t\t\t\t\t\t\t<div class=\"elementor-spacer\">\n\t\t\t<div class=\"elementor-spacer-inner\"><\/div>\n\t\t<\/div>\n\t\t\t\t\t\t<\/div>\n\t\t\t\t<\/div>\n\t\t\t\t<div class=\"elementor-element elementor-element-9dc771e elementor-widget elementor-widget-text-editor\" data-id=\"9dc771e\" data-element_type=\"widget\" data-e-type=\"widget\" data-widget_type=\"text-editor.default\">\n\t\t\t\t<div class=\"elementor-widget-container\">\n\t\t\t\t\t\t\t\t\t<p>Der Kanal, mit einem Durchmesser von 1,6 m die Hauptschlagader des Frankfurter Abwasserkanalsystems, beginnt in der Gubener Stra\u00dfe und transportiert sowohl das h\u00e4usliche Abwasser der B\u00fcrger in M\u00fcllrose und Frankfurter (Oder) als auch anfallendes Niederschlagswasser zur Kl\u00e4ranlage im Norden der Stadt. Bei solch gro\u00dfen Kanalsanierungsma\u00dfnahmen hat die fortw\u00e4hrende Abwasserableitung, in\u00a0 Fachkreisen auch \u201eInterimsl\u00f6sung\u201c genannt, eine besonders wichtige Aufgabe: W\u00e4hrend der Sanierungsarbeiten musste sichergestellt sein, dass das Abwasser die Kl\u00e4ranlage erreicht, ohne die Sanierung zu behindern bzw. die Arbeiter zu gef\u00e4hrden. Dazu wurden eine Reihe von Umleitungen im unterirdischen Kanalnetz von Frankfurt (Oder) vorgenommen.<\/p><div>So wurde das Abwasser aus Richtung Gubener Stra\u00dfe w\u00e4hrend des Sanierungsvorhabens in einen Kanal kleinerer Dimension durch den angrenzenden Park in die Gartenstra\u00dfe umgeleitet. Das Abwasser aus Richtung Heilbronner Stra\u00dfe wurde \u00fcber einen umfunktionierten Regenwasserkanal bis zur Logenstra\u00dfe transportiert, wo sich beide Str\u00f6me wieder vereinigten und gemeinsam in Richtung Kl\u00e4ranlage flossen. Alternativ w\u00e4re nur eine aufwendige, oberirdische Provisoriumsleitung mit Pumpen m\u00f6glich gewesen, welche den \u00f6ffentlichen Raum und besonders den Stra\u00dfenbahnverkehr eingeschr\u00e4nkt h\u00e4tte.<\/div><p>Der Sanierung waren im August umfassende Reinigungsarbeiten des Kanals in diesem Gebiet vorausgegangen. F\u00fcr die Grundreinigung waren urspr\u00fcnglich zwei Wochen vorgesehen. Mit R\u00fccksicht auf die zentrale Lage und den Mittagsbetrieb des Brunnencafes fanden die Arbeiten im Bereich des Brunnenplatzes in den Vormittagsstunden von 6 bis 11 Uhr statt. \u201eDiese Arbeitsweise f\u00fchrte zu einer siebent\u00e4gigen Verl\u00e4ngerung der veranschlagten Dauer\u201c so Hartmut Gabler von der ausf\u00fchrenden Kanalreinigungsfirma Becker &amp; Armbrust aus Frankfurt (Oder).<\/p>\t\t\t\t\t\t\t\t<\/div>\n\t\t\t\t<\/div>\n\t\t\t\t<div class=\"elementor-element elementor-element-f17e784 elementor-widget elementor-widget-spacer\" data-id=\"f17e784\" data-element_type=\"widget\" data-e-type=\"widget\" data-widget_type=\"spacer.default\">\n\t\t\t\t<div class=\"elementor-widget-container\">\n\t\t\t\t\t\t\t<div class=\"elementor-spacer\">\n\t\t\t<div class=\"elementor-spacer-inner\"><\/div>\n\t\t<\/div>\n\t\t\t\t\t\t<\/div>\n\t\t\t\t<\/div>\n\t\t\t\t<div class=\"elementor-element elementor-element-fa17f97 elementor-widget elementor-widget-image\" data-id=\"fa17f97\" data-element_type=\"widget\" data-e-type=\"widget\" data-widget_type=\"image.default\">\n\t\t\t\t<div class=\"elementor-widget-container\">\n\t\t\t\t\t\t\t\t\t\t\t\t<figure class=\"wp-caption\">\n\t\t\t\t\t\t\t\t\t\t<img decoding=\"async\" width=\"266\" height=\"200\" src=\"https:\/\/www.fwa-ffo.de\/wp2\/wp-content\/uploads\/MW_Hauptsammler_Kanalreinigung2.jpg\" class=\"attachment-full size-full wp-image-5134\" alt=\"Bild Reinigungsfahrzeug und mehrere Mitarbeiter bei der Kanalreinigung im Stadtzentrum\" \/>\t\t\t\t\t\t\t\t\t\t\t<figcaption class=\"widget-image-caption wp-caption-text\">Grundreinigung des Mischwasser-<br>hauptsammlers in der Karl-Marx-Stra\u00dfe<\/figcaption>\n\t\t\t\t\t\t\t\t\t\t<\/figure>\n\t\t\t\t\t\t\t\t\t<\/div>\n\t\t\t\t<\/div>\n\t\t\t\t<div class=\"elementor-element elementor-element-3c23694 elementor-widget elementor-widget-spacer\" data-id=\"3c23694\" data-element_type=\"widget\" data-e-type=\"widget\" data-widget_type=\"spacer.default\">\n\t\t\t\t<div class=\"elementor-widget-container\">\n\t\t\t\t\t\t\t<div class=\"elementor-spacer\">\n\t\t\t<div class=\"elementor-spacer-inner\"><\/div>\n\t\t<\/div>\n\t\t\t\t\t\t<\/div>\n\t\t\t\t<\/div>\n\t\t\t\t<div class=\"elementor-element elementor-element-6544119 elementor-widget elementor-widget-text-editor\" data-id=\"6544119\" data-element_type=\"widget\" data-e-type=\"widget\" data-widget_type=\"text-editor.default\">\n\t\t\t\t<div class=\"elementor-widget-container\">\n\t\t\t\t\t\t\t\t\t<p>Im Anschluss an die Grundreinigung erfolgte die Feinreinigung mit speziellen Hochdruckreinigigungsger\u00e4ten und hei\u00dfem Wasser sowie die Beschichtung bzw. Vorprofilierung durch die Mitarbeiter der Firma KUT aus Dresden. Insbesondere die Vorprofilierung des Altkanals war sehr wichtig, um tiefere Ausbruchstellen und scharfkantige \u00dcberg\u00e4nge anzugleichen und so die Grundvoraussetzung f\u00fcr die eigentliche Sanierung, den Einbau des so genannten Schlauchliners, herzustellen.<\/p><p>Vorprofilierung des Kanals<\/p>\t\t\t\t\t\t\t\t<\/div>\n\t\t\t\t<\/div>\n\t\t\t\t<div class=\"elementor-element elementor-element-3609c04 elementor-widget elementor-widget-spacer\" data-id=\"3609c04\" data-element_type=\"widget\" data-e-type=\"widget\" data-widget_type=\"spacer.default\">\n\t\t\t\t<div class=\"elementor-widget-container\">\n\t\t\t\t\t\t\t<div class=\"elementor-spacer\">\n\t\t\t<div class=\"elementor-spacer-inner\"><\/div>\n\t\t<\/div>\n\t\t\t\t\t\t<\/div>\n\t\t\t\t<\/div>\n\t\t\t\t<div class=\"elementor-element elementor-element-cf131da elementor-widget elementor-widget-image\" data-id=\"cf131da\" data-element_type=\"widget\" data-e-type=\"widget\" data-widget_type=\"image.default\">\n\t\t\t\t<div class=\"elementor-widget-container\">\n\t\t\t\t\t\t\t\t\t\t\t\t<figure class=\"wp-caption\">\n\t\t\t\t\t\t\t\t\t\t\t<a href=\"https:\/\/www.fwa-ffo.de\/wp2\/wp-content\/uploads\/MW_Hauptsammler_ProfilvorSan_72.jpg\" data-elementor-open-lightbox=\"yes\" data-elementor-lightbox-title=\"MW_Hauptsammler_ProfilvorSan_72\" data-elementor-lightbox-description=\"Bild Regelprofil Mischwasserhauptsammler derzeitiger Zustand\" data-e-action-hash=\"#elementor-action%3Aaction%3Dlightbox%26settings%3DeyJpZCI6NTEzMywidXJsIjoiaHR0cHM6XC9cL3d3dy5md2EtZmZvLmRlXC93cDJcL3dwLWNvbnRlbnRcL3VwbG9hZHNcL01XX0hhdXB0c2FtbWxlcl9Qcm9maWx2b3JTYW5fNzIuanBnIn0%3D\">\n\t\t\t\t\t\t\t<img loading=\"lazy\" decoding=\"async\" width=\"600\" height=\"600\" src=\"https:\/\/www.fwa-ffo.de\/wp2\/wp-content\/uploads\/MW_Hauptsammler_ProfilvorSan_72-600x600.jpg\" class=\"attachment-thumbnail size-thumbnail wp-image-5133\" alt=\"Bild Regelprofil Mischwasserhauptsammler derzeitiger Zustand\" \/>\t\t\t\t\t\t\t\t<\/a>\n\t\t\t\t\t\t\t\t\t\t\t<figcaption class=\"widget-image-caption wp-caption-text\">vorher<\/figcaption>\n\t\t\t\t\t\t\t\t\t\t<\/figure>\n\t\t\t\t\t\t\t\t\t<\/div>\n\t\t\t\t<\/div>\n\t\t\t\t<div class=\"elementor-element elementor-element-e77191c elementor-widget elementor-widget-spacer\" data-id=\"e77191c\" data-element_type=\"widget\" data-e-type=\"widget\" data-widget_type=\"spacer.default\">\n\t\t\t\t<div class=\"elementor-widget-container\">\n\t\t\t\t\t\t\t<div class=\"elementor-spacer\">\n\t\t\t<div class=\"elementor-spacer-inner\"><\/div>\n\t\t<\/div>\n\t\t\t\t\t\t<\/div>\n\t\t\t\t<\/div>\n\t\t\t\t<div class=\"elementor-element elementor-element-dec9512 elementor-widget elementor-widget-image\" data-id=\"dec9512\" data-element_type=\"widget\" data-e-type=\"widget\" data-widget_type=\"image.default\">\n\t\t\t\t<div class=\"elementor-widget-container\">\n\t\t\t\t\t\t\t\t\t\t\t\t<figure class=\"wp-caption\">\n\t\t\t\t\t\t\t\t\t\t\t<a href=\"https:\/\/www.fwa-ffo.de\/wp2\/wp-content\/uploads\/MW_Hauptsammler_ProfilnachSan_72.jpg\" data-elementor-open-lightbox=\"yes\" data-elementor-lightbox-title=\"MW_Hauptsammler_ProfilnachSan_72\" data-elementor-lightbox-description=\"Bild Regelprofil Mischwasserhauptsammler Zustand nach Sanierung\" data-e-action-hash=\"#elementor-action%3Aaction%3Dlightbox%26settings%3DeyJpZCI6NTEzMiwidXJsIjoiaHR0cHM6XC9cL3d3dy5md2EtZmZvLmRlXC93cDJcL3dwLWNvbnRlbnRcL3VwbG9hZHNcL01XX0hhdXB0c2FtbWxlcl9Qcm9maWxuYWNoU2FuXzcyLmpwZyJ9\">\n\t\t\t\t\t\t\t<img loading=\"lazy\" decoding=\"async\" width=\"600\" height=\"600\" src=\"https:\/\/www.fwa-ffo.de\/wp2\/wp-content\/uploads\/MW_Hauptsammler_ProfilnachSan_72-600x600.jpg\" class=\"attachment-thumbnail size-thumbnail wp-image-5132\" alt=\"Bild Regelprofil Mischwasserhauptsammler Zustand nach Sanierung\" \/>\t\t\t\t\t\t\t\t<\/a>\n\t\t\t\t\t\t\t\t\t\t\t<figcaption class=\"widget-image-caption wp-caption-text\">nachher<\/figcaption>\n\t\t\t\t\t\t\t\t\t\t<\/figure>\n\t\t\t\t\t\t\t\t\t<\/div>\n\t\t\t\t<\/div>\n\t\t\t\t<div class=\"elementor-element elementor-element-ba3f1f2 elementor-widget elementor-widget-spacer\" data-id=\"ba3f1f2\" data-element_type=\"widget\" data-e-type=\"widget\" data-widget_type=\"spacer.default\">\n\t\t\t\t<div class=\"elementor-widget-container\">\n\t\t\t\t\t\t\t<div class=\"elementor-spacer\">\n\t\t\t<div class=\"elementor-spacer-inner\"><\/div>\n\t\t<\/div>\n\t\t\t\t\t\t<\/div>\n\t\t\t\t<\/div>\n\t\t\t\t<div class=\"elementor-element elementor-element-6e926ed elementor-widget elementor-widget-text-editor\" data-id=\"6e926ed\" data-element_type=\"widget\" data-e-type=\"widget\" data-widget_type=\"text-editor.default\">\n\t\t\t\t<div class=\"elementor-widget-container\">\n\t\t\t\t\t\t\t\t\t<p>Nach Abschluss dieser Vorarbeiten wurde im Oktober 2007 auf einer L\u00e4nge von 405 Metern ein so genannter Schlauchliner unterirdisch in die alte Leitung eingezogen. Der flexible, in Polyesterharz getr\u00e4nkte Synthesefilzschlauch besitzt eine Wandst\u00e4rke von etwa 2,5 cm und ein Gewicht von ca. 110 t. Der Schlauch wurde in zwei Abschnitten jeweils beginnend von der Kreuzung Karl-Marx-Stra\u00dfe\/Logenstra\u00dfe einmal in Richtung Lindenstra\u00dfe und einmal in Richtung Brunnenplatz in den Altkanal eingezogen. Danach erfolgte die Bef\u00fcllung mit Wasser, so dass sich der Schlauch \u201eaufbl\u00e4hte\u201c und sich an die Konturen des Altkanals anpasste. Hier zeigte sich im besonderen Ma\u00dfe die Qualit\u00e4t der Vorarbeiten. W\u00fcrden dabei n\u00e4mlich scharfkantige Ecken oder Hindernisse \u00fcbersehen werden, k\u00f6nnte die Au\u00dfenschicht des Schlauches besch\u00e4digt werden. Das Wasser wurde auf 80\u00b0C aufgeheizt und so das z\u00e4hfl\u00fcssige Harz zu einem stabilen, festen Kunststoffrohr ausgeh\u00e4rtet. Dieser Vorgang, bei dem auch begleitende Ger\u00fcche des aush\u00e4rtenden Polyesterharzes wahrgenommen werden konnten, konnte je nach Dimension mehrere Tage dauern. Eine Gesundheitsgef\u00e4hrdung bestand jedoch nicht.<\/p>\t\t\t\t\t\t\t\t<\/div>\n\t\t\t\t<\/div>\n\t\t\t\t<div class=\"elementor-element elementor-element-2a0067d elementor-widget elementor-widget-spacer\" data-id=\"2a0067d\" data-element_type=\"widget\" data-e-type=\"widget\" data-widget_type=\"spacer.default\">\n\t\t\t\t<div class=\"elementor-widget-container\">\n\t\t\t\t\t\t\t<div class=\"elementor-spacer\">\n\t\t\t<div class=\"elementor-spacer-inner\"><\/div>\n\t\t<\/div>\n\t\t\t\t\t\t<\/div>\n\t\t\t\t<\/div>\n\t\t\t\t<section class=\"elementor-section elementor-inner-section elementor-element elementor-element-4e87790 elementor-section-boxed elementor-section-height-default elementor-section-height-default\" data-id=\"4e87790\" data-element_type=\"section\" data-e-type=\"section\">\n\t\t\t\t\t\t<div class=\"elementor-container elementor-column-gap-no\">\n\t\t\t\t\t<div class=\"elementor-column elementor-col-50 elementor-inner-column elementor-element elementor-element-322889d\" data-id=\"322889d\" data-element_type=\"column\" data-e-type=\"column\">\n\t\t\t<div class=\"elementor-widget-wrap elementor-element-populated\">\n\t\t\t\t\t\t<div class=\"elementor-element elementor-element-5c013be elementor-widget elementor-widget-image\" data-id=\"5c013be\" data-element_type=\"widget\" data-e-type=\"widget\" data-widget_type=\"image.default\">\n\t\t\t\t<div class=\"elementor-widget-container\">\n\t\t\t\t\t\t\t\t\t\t\t\t<figure class=\"wp-caption\">\n\t\t\t\t\t\t\t\t\t\t<img loading=\"lazy\" decoding=\"async\" width=\"187\" height=\"250\" src=\"https:\/\/www.fwa-ffo.de\/wp2\/wp-content\/uploads\/MW_Hauptsammler_EinbauInliner2.jpg\" class=\"attachment-full size-full wp-image-5131\" alt=\"Bild Ein LKW mit vorbereiteten Inliner\" \/>\t\t\t\t\t\t\t\t\t\t\t<figcaption class=\"widget-image-caption wp-caption-text\">Einbau eines Schlauchliners (Foto: InsituForm)<\/figcaption>\n\t\t\t\t\t\t\t\t\t\t<\/figure>\n\t\t\t\t\t\t\t\t\t<\/div>\n\t\t\t\t<\/div>\n\t\t\t\t\t<\/div>\n\t\t<\/div>\n\t\t\t\t<div class=\"elementor-column elementor-col-50 elementor-inner-column elementor-element elementor-element-62d6ba6\" data-id=\"62d6ba6\" data-element_type=\"column\" data-e-type=\"column\">\n\t\t\t<div class=\"elementor-widget-wrap elementor-element-populated\">\n\t\t\t\t\t\t<div class=\"elementor-element elementor-element-433215a elementor-widget elementor-widget-image\" data-id=\"433215a\" data-element_type=\"widget\" data-e-type=\"widget\" data-widget_type=\"image.default\">\n\t\t\t\t<div class=\"elementor-widget-container\">\n\t\t\t\t\t\t\t\t\t\t\t\t\t\t\t<img loading=\"lazy\" decoding=\"async\" width=\"232\" height=\"175\" src=\"https:\/\/www.fwa-ffo.de\/wp2\/wp-content\/uploads\/MW_Hauptsammler_EinbauInliner1.jpg\" class=\"attachment-full size-full wp-image-5130\" alt=\"Bild Einzug eines Inliners\" \/>\t\t\t\t\t\t\t\t\t\t\t\t\t\t\t<\/div>\n\t\t\t\t<\/div>\n\t\t\t\t\t<\/div>\n\t\t<\/div>\n\t\t\t\t\t<\/div>\n\t\t<\/section>\n\t\t\t\t<div class=\"elementor-element elementor-element-14e7c7b elementor-widget elementor-widget-spacer\" data-id=\"14e7c7b\" data-element_type=\"widget\" data-e-type=\"widget\" data-widget_type=\"spacer.default\">\n\t\t\t\t<div class=\"elementor-widget-container\">\n\t\t\t\t\t\t\t<div class=\"elementor-spacer\">\n\t\t\t<div class=\"elementor-spacer-inner\"><\/div>\n\t\t<\/div>\n\t\t\t\t\t\t<\/div>\n\t\t\t\t<\/div>\n\t\t\t\t<div class=\"elementor-element elementor-element-69eea03 elementor-widget elementor-widget-text-editor\" data-id=\"69eea03\" data-element_type=\"widget\" data-e-type=\"widget\" data-widget_type=\"text-editor.default\">\n\t\t\t\t<div class=\"elementor-widget-container\">\n\t\t\t\t\t\t\t\t\t<p>Nach Aush\u00e4rtung und Abk\u00fchlung des Schlauches wurde das Heizwasser abgelassen. Das Ergebnis war ein festes, wasserdichtes Rohr, das passgenau zum alten Kanal liegt. Seitliche Zul\u00e4ufe wurden mit Spezialtechnik aufgefr\u00e4st und an das neue Rohr angebunden. Danach wurden die ebenfalls stark in Mitleidenschaft gezogenen Schachtbauwerke renoviert und durch eine Spezialbeschichtung vor der substanzangreifenden Wirkung des Abwassers gesch\u00fctzt.<\/p><p>Als abschlie\u00dfende Ma\u00dfnahme erfolgte die R\u00fcckbindung der provisorischen Abwasserumleitung und damit die Wiederinbetriebnahme des sanierten Altkanals.<\/p>\t\t\t\t\t\t\t\t<\/div>\n\t\t\t\t<\/div>\n\t\t\t\t<div class=\"elementor-element elementor-element-f69e3dc elementor-widget elementor-widget-spacer\" data-id=\"f69e3dc\" data-element_type=\"widget\" data-e-type=\"widget\" data-widget_type=\"spacer.default\">\n\t\t\t\t<div class=\"elementor-widget-container\">\n\t\t\t\t\t\t\t<div class=\"elementor-spacer\">\n\t\t\t<div class=\"elementor-spacer-inner\"><\/div>\n\t\t<\/div>\n\t\t\t\t\t\t<\/div>\n\t\t\t\t<\/div>\n\t\t\t\t<div class=\"elementor-element elementor-element-ad73719 elementor-widget elementor-widget-image\" data-id=\"ad73719\" data-element_type=\"widget\" data-e-type=\"widget\" data-widget_type=\"image.default\">\n\t\t\t\t<div class=\"elementor-widget-container\">\n\t\t\t\t\t\t\t\t\t\t\t\t\t\t\t<img loading=\"lazy\" decoding=\"async\" width=\"266\" height=\"200\" src=\"https:\/\/www.fwa-ffo.de\/wp2\/wp-content\/uploads\/MW_Hauptsammler_HS_5_BA_Baustellenschild.jpg\" class=\"attachment-full size-full wp-image-5129\" alt=\"Bild Baustellenschild vor der Hauptpost mit Angaben zum Bauablauf\" \/>\t\t\t\t\t\t\t\t\t\t\t\t\t\t\t<\/div>\n\t\t\t\t<\/div>\n\t\t\t\t<div class=\"elementor-element elementor-element-392cc61 elementor-widget elementor-widget-spacer\" data-id=\"392cc61\" data-element_type=\"widget\" data-e-type=\"widget\" data-widget_type=\"spacer.default\">\n\t\t\t\t<div class=\"elementor-widget-container\">\n\t\t\t\t\t\t\t<div class=\"elementor-spacer\">\n\t\t\t<div class=\"elementor-spacer-inner\"><\/div>\n\t\t<\/div>\n\t\t\t\t\t\t<\/div>\n\t\t\t\t<\/div>\n\t\t\t\t<div class=\"elementor-element elementor-element-811695b elementor-widget elementor-widget-spacer\" data-id=\"811695b\" data-element_type=\"widget\" data-e-type=\"widget\" data-widget_type=\"spacer.default\">\n\t\t\t\t<div class=\"elementor-widget-container\">\n\t\t\t\t\t\t\t<div class=\"elementor-spacer\">\n\t\t\t<div class=\"elementor-spacer-inner\"><\/div>\n\t\t<\/div>\n\t\t\t\t\t\t<\/div>\n\t\t\t\t<\/div>\n\t\t\t\t<div class=\"elementor-element elementor-element-47501ee elementor-widget elementor-widget-eael-advanced-data-table\" data-id=\"47501ee\" data-element_type=\"widget\" data-e-type=\"widget\" data-widget_type=\"eael-advanced-data-table.default\">\n\t\t\t\t<div class=\"elementor-widget-container\">\n\t\t\t\t\t<div class=\"ea-advanced-data-table-wrap\" data-id=\"47501ee\"><div class=\"ea-advanced-data-table-wrap-inner\">\n                <table class=\"ea-advanced-data-table ea-advanced-data-table-static ea-advanced-data-table-47501ee\" data-id=\"47501ee\"><thead><tr><th style=\"width: 189px\">Bauablauf:<\/th><th style=\"width: 871px\"><\/th><\/tr><\/thead><tbody><tr><td><\/td><td><\/td><\/tr><tr><td>06.08.-17.08.07<\/td><td>Einholen von Genehmigungen<\/td><\/tr><tr><td>20.08.-06.09.07<\/td><td>Einrichtung der Baustelle\/Stra\u00dfensperrung\/Abwasserhaltung<\/td><\/tr><tr><td>20.08.-11.09.07<\/td><td>Abschnittsweise Grobreinigung des Kanals<\/td><\/tr><tr><td>29.08.-14.09.07<\/td><td>Entfernen von Hindernissen und Feinreinigung<\/td><\/tr><tr><td>13.09.-14.09.07<\/td><td>Kalibrierung des Schlauchliners<\/td><\/tr><tr><td>10.09.-28.08.07<\/td><td>Vorprofilierung des Altkanals\/Vorbereitung zum Schlaucheinzug<\/td><\/tr><tr><td>01.10.-05.10.07<\/td><td>Zwischenreinigung vor Schlauchlinereinbau<\/td><\/tr><tr><td>08.10.-19.10.07<\/td><td>Einbau der Schlauchliner in zwei Abschnitten<\/td><\/tr><tr><td>22.10.-16.11.07<\/td><td>Nacharbeiten zum Schlauchlinereinbau<\/td><\/tr><tr><td>ab 22.10.07<\/td><td>Sanierung der Schachtbauwerke<\/td><\/tr><tr><td>bis 31.03.08<\/td><td>R\u00fcckbau der Baustelle\/Abwasserhaltung<\/td><\/tr><\/tbody><\/table>\n            <\/div><\/div>\t\t\t\t<\/div>\n\t\t\t\t<\/div>\n\t\t\t\t<div class=\"elementor-element elementor-element-70549ae elementor-widget elementor-widget-spacer\" data-id=\"70549ae\" data-element_type=\"widget\" data-e-type=\"widget\" data-widget_type=\"spacer.default\">\n\t\t\t\t<div class=\"elementor-widget-container\">\n\t\t\t\t\t\t\t<div class=\"elementor-spacer\">\n\t\t\t<div class=\"elementor-spacer-inner\"><\/div>\n\t\t<\/div>\n\t\t\t\t\t\t<\/div>\n\t\t\t\t<\/div>\n\t\t\t\t\t<\/div>\n\t\t<\/div>\n\t\t\t\t\t<\/div>\n\t\t<\/section>\n\t\t\t\t<\/div>\n\t\t","protected":false},"excerpt":{"rendered":"<p>Kanalsanierung im Stadtzentrum Ab dem 8. Oktober 2007 begann nach Abschluss der Vorarbeiten die Sanierung des Mischwasserhauptsammlers zwischen Lindenstra\u00dfe und Brunnenplatz in Frankfurt (Oder). Ende des 1. Quartals 2008 sollte Sanierung abgeschlossen sein. F\u00fcr das teilweise \u00fcber 100 Jahre alte Kanalnetz in Frankfurt (Oder) gibt die FWA mbH j\u00e4hrlich rund 1 Mio. Euro f\u00fcr die [&hellip;]<\/p>\n","protected":false},"author":1,"featured_media":0,"parent":4449,"menu_order":0,"comment_status":"closed","ping_status":"closed","template":"","meta":{"footnotes":""},"class_list":["post-5094","page","type-page","status-publish","hentry"],"_links":{"self":[{"href":"https:\/\/www.fwa-ffo.de\/wp2\/wp-json\/wp\/v2\/pages\/5094","targetHints":{"allow":["GET"]}}],"collection":[{"href":"https:\/\/www.fwa-ffo.de\/wp2\/wp-json\/wp\/v2\/pages"}],"about":[{"href":"https:\/\/www.fwa-ffo.de\/wp2\/wp-json\/wp\/v2\/types\/page"}],"author":[{"embeddable":true,"href":"https:\/\/www.fwa-ffo.de\/wp2\/wp-json\/wp\/v2\/users\/1"}],"replies":[{"embeddable":true,"href":"https:\/\/www.fwa-ffo.de\/wp2\/wp-json\/wp\/v2\/comments?post=5094"}],"version-history":[{"count":0,"href":"https:\/\/www.fwa-ffo.de\/wp2\/wp-json\/wp\/v2\/pages\/5094\/revisions"}],"up":[{"embeddable":true,"href":"https:\/\/www.fwa-ffo.de\/wp2\/wp-json\/wp\/v2\/pages\/4449"}],"wp:attachment":[{"href":"https:\/\/www.fwa-ffo.de\/wp2\/wp-json\/wp\/v2\/media?parent=5094"}],"curies":[{"name":"wp","href":"https:\/\/api.w.org\/{rel}","templated":true}]}}