{"id":4211,"date":"2021-12-06T15:25:21","date_gmt":"2021-12-06T14:25:21","guid":{"rendered":"https:\/\/www.fwa-ffo.de\/wp2\/?page_id=4211"},"modified":"2026-04-21T11:31:33","modified_gmt":"2026-04-21T09:31:33","slug":"eigene-pressemitteilungen","status":"publish","type":"page","link":"https:\/\/www.fwa-ffo.de\/wp2\/ueber-uns\/presse\/eigene-pressemitteilungen\/","title":{"rendered":"Eigene Pressemitteilungen"},"content":{"rendered":"\t\t<div data-elementor-type=\"wp-page\" data-elementor-id=\"4211\" class=\"elementor elementor-4211\" data-elementor-post-type=\"page\">\n\t\t\t\t\t\t<section class=\"elementor-section elementor-top-section elementor-element elementor-element-dd2fa95 elementor-section-boxed elementor-section-height-default elementor-section-height-default\" data-id=\"dd2fa95\" data-element_type=\"section\" data-e-type=\"section\">\n\t\t\t\t\t\t<div class=\"elementor-container elementor-column-gap-default\">\n\t\t\t\t\t<div class=\"elementor-column elementor-col-100 elementor-top-column elementor-element elementor-element-86dedbc\" data-id=\"86dedbc\" data-element_type=\"column\" data-e-type=\"column\">\n\t\t\t<div class=\"elementor-widget-wrap elementor-element-populated\">\n\t\t\t\t\t\t<div class=\"elementor-element elementor-element-f15bf21 elementor-widget elementor-widget-heading\" data-id=\"f15bf21\" data-element_type=\"widget\" data-e-type=\"widget\" data-widget_type=\"heading.default\">\n\t\t\t\t<div class=\"elementor-widget-container\">\n\t\t\t\t\t<h2 class=\"elementor-heading-title elementor-size-default\">Eigene Pressemitteilungen<\/h2>\t\t\t\t<\/div>\n\t\t\t\t<\/div>\n\t\t\t\t<div class=\"elementor-element elementor-element-6438fe3 elementor-widget elementor-widget-spacer\" data-id=\"6438fe3\" data-element_type=\"widget\" data-e-type=\"widget\" data-widget_type=\"spacer.default\">\n\t\t\t\t<div class=\"elementor-widget-container\">\n\t\t\t\t\t\t\t<div class=\"elementor-spacer\">\n\t\t\t<div class=\"elementor-spacer-inner\"><\/div>\n\t\t<\/div>\n\t\t\t\t\t\t<\/div>\n\t\t\t\t<\/div>\n\t\t\t\t<div class=\"elementor-element elementor-element-03029cd elementor-widget elementor-widget-html\" data-id=\"03029cd\" data-element_type=\"widget\" data-e-type=\"widget\" data-widget_type=\"html.default\">\n\t\t\t\t<div class=\"elementor-widget-container\">\n\t\t\t\t\t<table style=\"border: 1px solid #eeeeee; border-collapse: collapse\">\n<tr><td style=\"border: 1px solid #eeeeee; padding:10px\">2026-04-16<\/td><td style=\"border: 1px solid #eeeeee; padding:10px\"><a href=\"https:\/\/www.fwa-ffo.de\/wp2\/wp-content\/uploads\/2026-04-21_Presseinformation_Ausfall-DEA.pdf\" target=\"_blank\">Achtung: Am 23. April Ausfall der Trinkwasserversorgung auf dem R\u00f6merh\u00fcgel durch e.dis Wartungsarbeiten<\/a><\/td><\/tr>\n<tr><td style=\"border: 1px solid #eeeeee; padding:10px\">2025-06-24<\/td><td style=\"border: 1px solid #eeeeee; padding:10px\"><a href=\"https:\/\/www.fwa-ffo.de\/wp2\/wp-content\/uploads\/2025-06-24_Presseinformation_Vollsperrung_Rathenaustr.pdf\" target=\"_blank\">Vollsperrung Rathenaustra\u00dfe ab Ende Juli - FWA erneuert Trink- und Abwasserleitung<\/a><\/td><\/tr>\n<tr><td style=\"border: 1px solid #eeeeee; padding:10px\">2025-03-13<\/td><td style=\"border: 1px solid #eeeeee; padding:10px\"><a href=\"https:\/\/www.fwa-ffo.de\/wp2\/wp-content\/uploads\/2025-03-11_Presseinformation_Weltwassertag.pdf\" target=\"_blank\">Am 22. M\u00e4rz ist Weltwassertag! Erhalt der Gletscher zum Schutz unserer Wasserressourcen<\/a><\/td><\/tr>\n<tr><td style=\"border: 1px solid #eeeeee; padding:10px\">2024-06-04<\/td><td style=\"border: 1px solid #eeeeee; padding:10px\"><a href=\"\/wp2\/wp-content\/uploads\/2024-06-03_Presseinformation_AbWasserfest.pdf\" target=\"_blank\">Besucherrekord beim 19. Frankfurter (Ab)Wasserfest auf der Kl\u00e4ranlage<\/a><\/td><\/tr>\n<tr><td style=\"border: 1px solid #eeeeee; padding:10px\">2024-05-06<\/td><td style=\"border: 1px solid #eeeeee; padding:10px\"><a href=\"https:\/\/www.fwa-ffo.de\/wp2\/wp-content\/uploads\/2024-05-06_Presseinformation_AbWasserFest.pdf\" target=\"_blank\">Auf zum 19. Frankfurter AbWasserFest!<\/a><\/td><\/tr>\n<tr><td style=\"border: 1px solid #eeeeee; padding:10px\">2024-04-10<\/td><td style=\"border: 1px solid #eeeeee; padding:10px\"><a href=\"https:\/\/www.fwa-ffo.de\/wp2\/ueber-uns\/presse\/eigene-pressemitteilungen\/wp2\/wp-content\/uploads\/2024-04-10_Presseinformation_Reparaturarbeiten.pdf\" target=\"_blank\">Achtung: Reparaturarbeiten bei der FWA - Frankfurt (Oder) West, Boo\u00dfen und Peterhof betroffen<\/a><\/td><\/tr>\n<tr><td style=\"border: 1px solid #eeeeee; padding:10px\">2024-04-05<\/td><td style=\"border: 1px solid #eeeeee; padding:10px\"><a href=\"https:\/\/www.fwa-ffo.de\/wp2\/wp-content\/uploads\/2024-04-05_Presseinformation_Aufhebung_Stoerung.pdf\" target=\"_blank\">Alle St\u00f6rungen bei der FWA behoben<\/a><\/td><\/tr>\n<tr><td style=\"border: 1px solid #eeeeee; padding:10px\">2024-04-02<\/td><td style=\"border: 1px solid #eeeeee; padding:10px\"><a href=\"https:\/\/www.fwa-ffo.de\/wp2\/wp-content\/uploads\/2024-04-02_Presseinformation_Stoerung_Kommunikation.pdf\" target=\"_blank\">St\u00f6rung bei der FWA<\/a><\/td><\/tr>\n<tr><td style=\"border: 1px solid #eeeeee; padding:10px\">2024-03-25<\/td><td style=\"border: 1px solid #eeeeee; padding:10px\"><a href=\"https:\/\/www.fwa-ffo.de\/wp2\/wp-content\/uploads\/2024-03-22_Presseinformation_Trinkbrunnen.pdf\" target=\"_blank\">Kaltes klares Wasser \u2013 Erster Trinkbrunnen f\u00fcr Frankfurt (Oder)<\/a><\/td><\/tr>\n<tr><td style=\"border: 1px solid #eeeeee; padding:10px\">2024-03-13<\/td><td style=\"border: 1px solid #eeeeee; padding:10px\"><a href=\"https:\/\/www.fwa-ffo.de\/wp2\/wp-content\/uploads\/2024-03-11_Presseinformation_Weltwassertag.pdf\" target=\"_blank\">Am 22. M\u00e4rz ist Weltwassertag! Erinnerung: \u201eWasser f\u00fcr den Frieden\u201c<\/a><\/td><\/tr>\n<tr><td style=\"border: 1px solid #eeeeee; padding:10px\">2023-04-11<\/td><td style=\"border: 1px solid #eeeeee; padding:10px\"><a href=\"https:\/\/www.fwa-ffo.de\/wp2\/wp-content\/uploads\/Presseinformation_Unterbrechung_TW_230411.pdf\" target=\"_blank\">Unterbrechung der Trinkwasserversorgung<\/a><br>am 17.04.23 von 08:00 - 15:00 Uhr in Pageam, Lichtenberg, Rosengarten und dem Gewerbegebiet ETTC<br>am 19.04.23 von 08:00 - 12:00 Uhr in Lichtenberg<\/td><\/tr>\n<tr><td style=\"border: 1px solid #eeeeee; padding:10px\">2023-03-13<\/td><td style=\"border: 1px solid #eeeeee; padding:10px\"><a href=\"\/wp2\/wp-content\/uploads\/2023-03-09_Presseinformation_Weltwassertag.pdf\" target=\"_blank\">Am 22. M\u00e4rz ist Weltwassertag! Aufruf: \u201eDen Wandel beschleunigen!\u201c<\/a><\/td><\/tr>\n<tr><td style=\"border: 1px solid #eeeeee; padding:10px\">2023-02-28<\/td><td style=\"border: 1px solid #eeeeee; padding:10px\"><a href=\"https:\/\/www.fwa-ffo.de\/wp2\/wp-content\/uploads\/2023-02-28_Einigung_FWA_CottbuserOstsee_StadtFFO.pdf\" target=\"_blank\">Wasser-Streit um Cottbuser Ostsee ist au\u00dfergerichtlich beigelegt<\/a><\/td><\/tr>\n<tr><td style=\"border: 1px solid #eeeeee; padding:10px\">2022-11-25<\/td><td style=\"border: 1px solid #eeeeee; padding:10px\"><a href=\"\/wp2\/wp-content\/uploads\/2022-11-25_Presseinformation_EUGH.pdf\" target=\"_blank\">Europ\u00e4ischer Gerichtshof verhandelt \u00fcber Trinkwasser aus dem Wasserwerk Briesen<\/a><\/td><\/tr>\n<tr><td style=\"border: 1px solid #eeeeee; padding:10px\">2022-08-29<\/td><td style=\"border: 1px solid #eeeeee; padding:10px\"><a href=\"\/wp2\/wp-content\/uploads\/2022-08-29_Presseinformation_NaturKultur.pdf\" target=\"_blank\">NaturKultur im Wasserwerk Briesen mit Einweihung der neuen Solaranlage<\/a><\/td><\/tr>\n<tr><td style=\"border: 1px solid #eeeeee; padding:10px\">2021-11-11<\/td><td style=\"border: 1px solid #eeeeee; padding:10px\"><a href=\"\/wp2\/wp-content\/uploads\/2021-11-11_Presseinformation_Umweltministerium-vs-FWA.pdf\" target=\"_blank\">Umweltminister Vogel sieht erst bei nachhaltiger Sulfat-\u00dcberschreitung im Trinkwasser Handlungsbedarf \/ <\/a><br><a href=\"\/wp2\/wp-content\/uploads\/2021-11-11_Presseinformation_Umweltministerium-vs-FWA.pdf\" target=\"_blank\">Emp\u00f6rende Antwort auf Kleine Anfrage der Linken<\/a><\/td><\/tr>\n<tr><td style=\"border: 1px solid #eeeeee; padding:10px\">2021-09-27<\/td><td style=\"border: 1px solid #eeeeee; padding:10px\"><a href=\"\/wp2\/wp-content\/uploads\/2021-09-27_Unterbrechung_TW_Hauptfriedhof.pdf\" target=\"_blank\">Unterbrechung der Trinkwasserversorgung<\/a><br><a href=\"\/wp2\/wp-content\/uploads\/2021-09-27_Unterbrechung_TW_Hauptfriedhof.pdf\" target=\"_blank\">Am Mittwoch (29.09.2021) kein Wasser auf dem Frankfurter Hauptfriedhof!<\/a><\/td><\/tr>\n<tr><td style=\"border: 1px solid #eeeeee; padding:10px\">2021-03-15<\/td><td style=\"border: 1px solid #eeeeee; padding:10px\"><a href=\"\/wp2\/wp-content\/uploads\/2021-03-22_Presseinformation_Weltwassertag.pdf\" target=\"_blank\">Am 22. M\u00e4rz ist Weltwassertag! Motto 2021: \"Valuing Water - Wasser wertsch\u00e4tzen\" Mitmach-Wettbewerb f\u00fcr Kinder!<\/a><\/td><\/tr>\n<tr><td style=\"border: 1px solid #eeeeee; padding:10px\">2020-11-27<\/td><td style=\"border: 1px solid #eeeeee; padding:10px\"><a href=\"\/wp2\/wp-content\/uploads\/2020-11-27_Presseinformation_Unterbrechung_Trinkwasserversorgung.pdf\" target=\"_blank\">Unterbrechung der Trinkwasserversorgung in Pagram, Lichtenberg, Rosengarten und dem ETTC-Gel\u00e4nde<\/a><\/td><\/tr>\n<tr><td style=\"border: 1px solid #eeeeee; padding:10px\">2020-07-02<\/td><td style=\"border: 1px solid #eeeeee; padding:10px\"><a href=\"\/wp2\/wp-content\/uploads\/2020-06-29_Presseinformation_Preisblatt.pdf\" target=\"_blank\">Befristete Preissenkung f\u00fcr Trinkwasser und Abwasser ab 1. Juli 2020<\/a><\/td><\/tr>\n<tr><td style=\"border: 1px solid #eeeeee; padding:10px\">2020-05-15<\/td><td style=\"border: 1px solid #eeeeee; padding:10px\"><a href=\"\/wp2\/wp-content\/uploads\/2020-05-15_Presseinformation_Sulfat-Wasserwerk-Briesen.pdf\" target=\"_blank\">Sichere Versorgung aus dem Wasserwerk Briesen<\/a><\/td><\/tr>\n<tr><td style=\"border: 1px solid #eeeeee; padding:10px\">2020-05-06<\/td><td style=\"border: 1px solid #eeeeee; padding:10px\"><a href=\"\/wp2\/wp-content\/uploads\/2020-05-06_Presseinformation_Grosse_Scharrnstr.pdf\" target=\"_blank\">FWA baut in der Gro\u00dfen Scharrnstra\u00dfe<\/a><\/td><\/tr>\n<tr><td style=\"border: 1px solid #eeeeee; padding:10px\">2020-04-30<\/td><td style=\"border: 1px solid #eeeeee; padding:10px\"><a href=\"\/wp2\/wp-content\/uploads\/2020-04-30_Presseinformation_Oeffnung_Kundenbereich.pdf\" target=\"_blank\">FWA-Kundenbereich \u00f6ffnet wieder, Trinkwasserqualit\u00e4t: Lange Stagnation in Leitungen vermeiden<\/a><\/td><\/tr>\n<tr><td style=\"border: 1px solid #eeeeee; padding:10px\">2020-04-16<\/td><td style=\"border: 1px solid #eeeeee; padding:10px\"><a href=\"\/wp2\/wp-content\/uploads\/2020-04-16_Presseinformation_Absage_Wasserfest.pdf\" target=\"_blank\">Frankfurter Wasserfest abgesagt - Gegen Langeweile: 10 \u00dcberraschungsp\u00e4ckchen zu gewinnen<\/a><\/td><\/tr>\n<tr><td style=\"border: 1px solid #eeeeee; padding:10px\">2020-03-11<\/td><td style=\"border: 1px solid #eeeeee; padding:10px\"><a href=\"\/wp2\/wp-content\/uploads\/2020-03-22_Presseinformation_Weltwassertag.pdf\" target=\"_blank\">Am 22. M\u00e4rz ist Weltwassertag! Motto 2020: \"Wasser und Klimaschutz\"<\/a><\/td><\/tr>\n<tr><td style=\"border: 1px solid #eeeeee; padding:10px\">2020-02-10<\/td><td style=\"border: 1px solid #eeeeee; padding:10px\"><a href=\"\/wp2\/wp-content\/uploads\/2020-02_10_Presseinformation_Gueldendorf.pdf\" target=\"_blank\">FWA informiert G\u00fcldendorfer zur geplanten Erneuerung der Abwasserdruckrohrleitung<\/a><\/td><\/tr>\n<tr><td style=\"border: 1px solid #eeeeee; padding:10px\">2019-11-18<\/td><td style=\"border: 1px solid #eeeeee; padding:10px\"><a href=\"\/wp2\/wp-content\/uploads\/2019-11-18_Presseinformation_Pflanztag_Rosengarten.pdf\" target=\"_blank\">Herbstputz und neue Blumen f\u00fcr Rosengarten FWA ersetzte Blumenzwiebeln nach Leitungsarbeiten<\/a><\/td><\/tr>\n<tr><td style=\"border: 1px solid #eeeeee; padding:10px\">2019-09-04<\/td><td style=\"border: 1px solid #eeeeee; padding:10px\"><a href=\"\/wp2\/wp-content\/uploads\/2019-09-04_Presseinformation_NaturKultur.pdf\" target=\"_blank\">NaturKultur im Wasserwerk Briesen<\/a><\/td><\/tr>\n<tr><td style=\"border: 1px solid #eeeeee; padding:10px\">2019-07-23<\/td><td style=\"border: 1px solid #eeeeee; padding:10px\"><a href=\"\/wp2\/wp-content\/uploads\/2019-07-23_Presseinformation_Unterbrechung_Trinkwasserversorgung.pdf\" target=\"_blank\">Unterbrechung der Trinkwasserversorgung in in Pagram, Lichtenberg und Rosengarten<\/a><\/td><\/tr>\n<tr><td style=\"border: 1px solid #eeeeee; padding:10px\">2019-05-13<\/td><td style=\"border: 1px solid #eeeeee; padding:10px\"><a href=\"\/wp2\/wp-content\/uploads\/2019-05-13_Presseinformation_16tes_AbWasserFest.pdf\" target=\"_blank\">FWA feiert 16. Frankfurter AbWasserFest<\/a><\/td><\/tr>\n<tr><td style=\"border: 1px solid #eeeeee; padding:10px\">2019-05-13<\/td><td style=\"border: 1px solid #eeeeee; padding:10px\"><a href=\"\/wp2\/wp-content\/uploads\/2019-05-13_Presseinformation_Klage-gegen-Flutung.pdf\" target=\"_blank\">Stadt und FWA klagen gegen Ostsee-Flutung<\/a><\/td><\/tr>\n<tr><td style=\"border: 1px solid #eeeeee; padding:10px\">2019-05-03<\/td><td style=\"border: 1px solid #eeeeee; padding:10px\"><a href=\"\/wp2\/wp-content\/uploads\/2019-05-03_Presseinformation_Baumassnahmen.pdf\" target=\"_blank\">FWA baut im Stadtzentrum, Hansa Nord und der Nuhnenvorstadt Auswechslung von Trinkwasserleitungen - <\/a><br><a href=\"\/wp2\/wp-content\/uploads\/2019-05-03_Presseinformation_Baumassnahmen.pdf\" target=\"_blank\">Sanierung von Regenwasserkan\u00e4len<\/a><\/td><\/tr>\n<tr><td style=\"border: 1px solid #eeeeee; padding:10px\">2019-03-13<\/td><td style=\"border: 1px solid #eeeeee; padding:10px\"><a href=\"\/wp2\/wp-content\/uploads\/2019-03-11_Presseinformation_Weltwassertag.pdf\" target=\"_blank\">Am 22. M\u00e4rz ist Weltwassertag! Motto: \"Niemand zur\u00fccklassen - Wasser und Sanit\u00e4rversorgung f\u00fcr alle<\/a><\/td><\/tr>\n<tr><td style=\"border: 1px solid #eeeeee; padding:10px\">2018-12-07<\/td><td style=\"border: 1px solid #eeeeee; padding:10px\"><a href=\"\/wp2\/wp-content\/uploads\/2018-12-07_Presseinformation_Preisblatt.pdf\" target=\"_blank\">Neue Verordnungen und Maut verteuern die Abwasserentsorgung \/ Trinkwasserpreise unver\u00e4ndert seit 2013<\/a><\/td><\/tr>\n<tr><td style=\"border: 1px solid #eeeeee; padding:10px\">2018-08-29<\/td><td style=\"border: 1px solid #eeeeee; padding:10px\"><a href=\"\/wp2\/wp-content\/uploads\/2017-08-29_Presseinformation_NaturKultur.pdf\" target=\"_blank\">NaturKultur im Wasserwerk Briesen<\/a><\/td><\/tr>\n<tr><td style=\"border: 1px solid #eeeeee; padding:10px\">2018-06-14<\/td><td style=\"border: 1px solid #eeeeee; padding:10px\"><a href=\"\/wp2\/wp-content\/uploads\/2018-06-14_Presseinformation_Zusaetzliche_Chlorung_Trinkwasser_eingestellt.pdf\" target=\"_blank\">Wichtige Mitteilung an alle Haushalte! Keine zus\u00e4tzliche Chlorung des Trinkwassers mehr notwendig<\/a><\/td><\/tr>\n<tr><td style=\"border: 1px solid #eeeeee; padding:10px\">2018-05-24<\/td><td style=\"border: 1px solid #eeeeee; padding:10px\"><a href=\"\/wp2\/wp-content\/uploads\/2018-05-23_Presseinformation_15tes_Wasserfest.pdf\" target=\"_blank\">FWA feiert ihr 25-j\u00e4hriges Bestehen beim 15. Frankfurter Wasserfest<\/a><\/td><\/tr>\n<tr><td style=\"border: 1px solid #eeeeee; padding:10px\">2018-05-24<\/td><td style=\"border: 1px solid #eeeeee; padding:10px\"><a href=\"\/wp2\/wp-content\/uploads\/2018-05-09_Presseinformation_Verzoegerung-durch-Archaeologie.pdf\" target=\"_blank\">FWA baut im Stadtzentrum - Arch\u00e4ologische Funde verz\u00f6gern die Arbeiten<\/a><\/td><\/tr>\n<tr><td style=\"border: 1px solid #eeeeee; padding:10px\">2018-04-20<\/td><td style=\"border: 1px solid #eeeeee; padding:10px\"><a href=\"\/wp2\/wp-content\/uploads\/2018-04-20_Presseinformation_Senkung_Chlorung_Trinkwasser.pdf\" target=\"_blank\">Wichtige Mitteilung an alle Haushalte! Senkung Chlorung des Trinkwassers<\/a><\/td><\/tr>\n<tr><td style=\"border: 1px solid #eeeeee; padding:10px\">2018-03-15<\/td><td style=\"border: 1px solid #eeeeee; padding:10px\"><a href=\"\/wp2\/wp-content\/uploads\/2018-03-15_Presseinformation_Kleine_Oderstr.pdf\" target=\"_blank\">FWA baut in der Kleinen Oderstra\u00dfe<\/a><\/td><\/tr>\n<tr><td style=\"border: 1px solid #eeeeee; padding:10px\">2018-03-13<\/td><td style=\"border: 1px solid #eeeeee; padding:10px\"><a href=\"\/wp2\/wp-content\/uploads\/2018-03-13_Presseinformation_Zusaetzliche_Chlorung_Trinkwasser.pdf\" target=\"_blank\">Wichtige Mitteilung an alle Haushalte! Zus\u00e4tzliche Chlorung des Trinkwassers<\/a><\/td><\/tr>\n<tr><td style=\"border: 1px solid #eeeeee; padding:10px\">2018-02-22<\/td><td style=\"border: 1px solid #eeeeee; padding:10px\"><a href=\"\/wp2\/wp-content\/uploads\/2018-02-22_Presseinformation_Rohrbruch_Muellrose.pdf\" target=\"_blank\">Rohrbruch in M\u00fcllrose - Kein Trinkwasser in M\u00fcllrose, Hohenwalde, Dubrow, Biegenbr\u00fcck und Kaiserm\u00fchl<\/a><\/td><\/tr>\n<tr><td style=\"border: 1px solid #eeeeee; padding:10px\">2018-01-16<\/td><td style=\"border: 1px solid #eeeeee; padding:10px\"><a href=\"\/wp2\/wp-content\/uploads\/2018-01-15_Presseinformation_Sulfat_in_der_Spree.pdf\" target=\"_blank\">Sulfat in der Spree gef\u00e4hrdet Trinkwasserversorgung<\/a><\/td><\/tr>\n<tr><td style=\"border: 1px solid #eeeeee; padding:10px\">2017-11-08<\/td><td style=\"border: 1px solid #eeeeee; padding:10px\"><a href=\"\/wp2\/wp-content\/uploads\/2017-11-08_Presseinformation_Rohrbruch-Lindenstr-Logenstr.pdf\" target=\"_blank\">Aufhebung der Stra\u00dfensperrung nach Rohrbruch in der Lindenstra\u00dfe\/Ecke Logenstra\u00dfe in Sicht<\/a><\/td><\/tr>\n<tr><td style=\"border: 1px solid #eeeeee; padding:10px\">2017-10-25<\/td><td style=\"border: 1px solid #eeeeee; padding:10px\"><a href=\"\/wp2\/wp-content\/uploads\/2017-10-25_Presseinformation_Rohrbruch_Muellrose.pdf\" target=\"_blank\">Rohrbruch in M\u00fcllrose Kein Trinkwasser in M\u00fcllrose und OT Kaiserm\u00fchl!<\/a><\/td><\/tr>\n<tr><td style=\"border: 1px solid #eeeeee; padding:10px\">2017-08-31<\/td><td style=\"border: 1px solid #eeeeee; padding:10px\"><a href=\"\/wp2\/wp-content\/uploads\/2017-08-29_Presseinformation_NaturKultur.pdf\" target=\"_blank\">NaturKultur im Wasserwerk Briesen<\/a><\/td><\/tr>\n<tr><td style=\"border: 1px solid #eeeeee; padding:10px\">2017-08-22<\/td><td style=\"border: 1px solid #eeeeee; padding:10px\"><a href=\"\/wp2\/wp-content\/uploads\/2017-08-22_Presseinformation_Rohrbruch-Lindenstra\u00dfe-Logenstra\u00dfe.pdf\" target=\"_blank\">Bauverz\u00f6gerung nach Rohrbruch in der Lindenstra\u00dfe \/ Ecke Logenstra\u00dfe - Lange Wartezeiten auf Materiallieferungen<\/a><\/td><\/tr>\n<tr><td style=\"border: 1px solid #eeeeee; padding:10px\">2017-08-02<\/td><td style=\"border: 1px solid #eeeeee; padding:10px\"><a href=\"\/wp2\/wp-content\/uploads\/2017-08-02_Presseinformation_Rohrbruch-Logenstr.pdf\" target=\"_blank\">Rohrbruch in der Logenstra\u00dfe\/Ecke Lindenstra\u00dfe - Einseitige Sperrung der Logenstra\u00dfe<\/a><\/td><\/tr>\n<tr><td style=\"border: 1px solid #eeeeee; padding:10px\">2017-07-28<\/td><td style=\"border: 1px solid #eeeeee; padding:10px\"><a href=\"\/wp2\/wp-content\/uploads\/2017-07-28_Presseinformation_Rohrbruch-Logenstr.pdf\" target=\"_blank\">Rohrbruch in der Logenstra\u00dfe\/Ecke Lindenstra\u00dfe - Halbseitige Sperrung der Logenstra\u00dfe notwendig<\/a><\/td><\/tr>\n<tr><td style=\"border: 1px solid #eeeeee; padding:10px\">2017-05-15<\/td><td style=\"border: 1px solid #eeeeee; padding:10px\"><a href=\"\/wp2\/wp-content\/uploads\/2017-05-15_Presseinformation_Unterbrechung_Trinkwasserversorgung.pdf\" target=\"_blank\">Achtung: Unterbrechung der Trinkwasserversorgung! In der Nacht von Donnerstag zu Freitag <\/a><br><a href=\"\/wp2\/wp-content\/uploads\/2017-05-15_Presseinformation_Unterbrechung_Trinkwasserversorgung.pdf\" target=\"_blank\">kein Wasser im Gebiet Halbe Stadt<\/a><\/td><\/tr>\n<tr><td style=\"border: 1px solid #eeeeee; padding:10px\">2017-01-19<\/td><td style=\"border: 1px solid #eeeeee; padding:10px\"><a href=\"\/wp2\/wp-content\/uploads\/2017-01-18_Presseinformation_Azubi.pdf\" target=\"_blank\">FWA sucht Auszubildende!<\/a><\/td><\/tr>\n<tr><td style=\"border: 1px solid #eeeeee; padding:10px\">2016-08-25<\/td><td style=\"border: 1px solid #eeeeee; padding:10px\"><a href=\"\/wp2\/wp-content\/uploads\/2016-08-25_Presseinformation_NaturKultur.pdf\" target=\"_blank\">NaturKultur im Wasserwerk Briesen<\/a><\/td><\/tr>\n<tr><td style=\"border: 1px solid #eeeeee; padding:10px\">2016-03-31<\/td><td style=\"border: 1px solid #eeeeee; padding:10px\"><a href=\"\/wp2\/wp-content\/uploads\/2016-05-20_Presseinformation_13tes_Wasserfest.pdf\" target=\"_blank\">13. Frankfurter AbWasserfest - FWA feiert 20 Jahre Kl\u00e4ranlage!<\/a><\/td><\/tr>\n<tr><td style=\"border: 1px solid #eeeeee; padding:10px\">2016-03-31<\/td><td style=\"border: 1px solid #eeeeee; padding:10px\"><a href=\"\/wp2\/wp-content\/uploads\/2016-03-30_Presseinformation_Kanalsanierung.pdf\" target=\"_blank\">FWA f\u00fchrt Kanalsanierungen durch<\/a><\/td><\/tr>\n<tr><td style=\"border: 1px solid #eeeeee; padding:10px\">2016-03-16<\/td><td style=\"border: 1px solid #eeeeee; padding:10px\"><a href=\"\/wp2\/wp-content\/uploads\/2016-03-15_Presseinformation_Weltwassertag.pdf\" target=\"_blank\">Am 22. M\u00e4rz ist Weltwassertag!<\/a> Motto: \"Wasser und Arbeitspl\u00e4tze\"\"\n<tr><td style=\"border: 1px solid #eeeeee; padding:10px\">2015-09-08<\/td><td style=\"border: 1px solid #eeeeee; padding:10px\"><a href=\"\/wp2\/wp-content\/uploads\/2015-09-08_Presseinformation_NaturKultur.pdf\" target=\"_blank\">10 Jahre NaturKultur im Wasserwerk Briesen<\/a><\/td><\/tr>\n<tr><td style=\"border: 1px solid #eeeeee; padding:10px\">2015-07-30<\/td><td style=\"border: 1px solid #eeeeee; padding:10px\"><a href=\"\/wp2\/wp-content\/uploads\/2015-07-30_Presseinformation_Umbindearbeiten_Carthausplatz.pdf\" target=\"_blank\">Bauma\u00dfnahmen am Frankfurter Carthausplatz, ev. Beeintr\u00e4chtigungen durch Druckmangel im Netz<\/a><\/td><\/tr>\n<tr><td style=\"border: 1px solid #eeeeee; padding:10px\">2015-07-24<\/td><td style=\"border: 1px solid #eeeeee; padding:10px\"><a href=\"\/wp2\/wp-content\/uploads\/2015-07-24_Presseinformation_Umbindearbeiten_Carthausplatz.pdf\" target=\"_blank\">Bauma\u00dfnahmen am Frankfurter Carthausplatz, Unterbrechung der Trinkwasserversorgung im Buschm\u00fchlenweg<\/a><\/td><\/tr>\n<tr><td style=\"border: 1px solid #eeeeee; padding:10px\">2015-05-13<\/td><td style=\"border: 1px solid #eeeeee; padding:10px\"><a href=\"\/wp2\/wp-content\/uploads\/2015-05-13_Presseinformation_12tes_Wasserfest.pdf\" target=\"_blank\">Auf zum 12. Frankfurter Wasserfest<\/a><\/td><\/tr>\n<tr><td style=\"border: 1px solid #eeeeee; padding:10px\">2015-01-29<\/td><td style=\"border: 1px solid #eeeeee; padding:10px\"><a href=\"\/wp2\/wp-content\/uploads\/2015-01-28_Presseinformation_Azubi.pdf\" target=\"_blank\">FWA sucht Auszubildende<\/a><\/td><\/tr>\n<tr><td style=\"border: 1px solid #eeeeee; padding:10px\">2014-09-30<\/td><td style=\"border: 1px solid #eeeeee; padding:10px\"><a href=\"\/wp2\/wp-content\/uploads\/2014-09-30_Presseinformation_Rohrbruch_Weinbergweg.pdf\" target=\"_blank\">Rohrbruch im Weinbergweg, Hauptversorgungsleitung getroffen<\/a><\/td><\/tr>\n<tr><td style=\"border: 1px solid #eeeeee; padding:10px\">2014-08-28<\/td><td style=\"border: 1px solid #eeeeee; padding:10px\"><a href=\"\/wp2\/wp-content\/uploads\/2014-08-27_Presseinformation_NaturKultur.pdf\" target=\"_blank\">NaturKultur im Wasserwerk Briesen<\/a><\/td><\/tr>\n<tr><td style=\"border: 1px solid #eeeeee; padding:10px\">2014-05-26<\/td><td style=\"border: 1px solid #eeeeee; padding:10px\"><a href=\"\/wp2\/wp-content\/uploads\/2014-05-26_Presseinformation_11tes_Wasserfest.pdf\" target=\"_blank\">1500 Besucher beim 11. Frankfurter Wasserfest<\/a><\/td><\/tr>\n<tr><td style=\"border: 1px solid #eeeeee; padding:10px\">2014-05-26<\/td><td style=\"border: 1px solid #eeeeee; padding:10px\"><a href=\"\/wp2\/wp-content\/uploads\/2014-05-26_Presseinformation_11tes_Wasserfest.pdf\" target=\"_blank\">1500 Besucher beim 11. Frankfurter Wasserfest<\/a><\/td><\/tr>\n<tr><td style=\"border: 1px solid #eeeeee; padding:10px\">2014-05-23<\/td><td style=\"border: 1px solid #eeeeee; padding:10px\"><a href=\"\/wp2\/wp-content\/uploads\/2014-05-23_Expr_Sulfat_im_Trinkwasser.pdf\" target=\"_blank\">Information zum Sulfatgehalt im Frankfurter Trinkwasser<\/a><\/td><\/tr>\n<tr><td style=\"border: 1px solid #eeeeee; padding:10px\">2014-05-19<\/td><td style=\"border: 1px solid #eeeeee; padding:10px\"><a href=\"\/wp2\/wp-content\/uploads\/2014-05-14_Presseinformation_11tes_Wasserfest.pdf\" target=\"_blank\">Auf zum 11. Frankfurter Wasserfest<\/a><\/td><\/tr>\n<tr><td style=\"border: 1px solid #eeeeee; padding:10px\">2014-04-30<\/td><td style=\"border: 1px solid #eeeeee; padding:10px\"><a href=\"\/wp2\/wp-content\/uploads\/2014-04-30_Presseinformation_Einbau_Klappen_Poststrasse.pdf\" target=\"_blank\">Bauma\u00dfnahmen in der F\u00fcrstenwalder Poststra\u00dfe - Geringe Einschr\u00e4nkungen zu erwarten<\/a><\/td><\/tr>\n<tr><td style=\"border: 1px solid #eeeeee; padding:10px\">2013-08-12<\/td><td style=\"border: 1px solid #eeeeee; padding:10px\"><a href=\"\/wp2\/wp-content\/uploads\/2013-08-12_Presseinformation_NaturKultur.pdf\" target=\"_blank\">NaturKultur im Wasserwerk Briesen<\/a><\/td><\/tr>\n<tr><td style=\"border: 1px solid #eeeeee; padding:10px\">2013-06-06<\/td><td style=\"border: 1px solid #eeeeee; padding:10px\"><a href=\"\/wp2\/wp-content\/uploads\/2013-06-06_Presseinformation_WF_2013.pdf\" target=\"_blank\">Mehr als 2.200 Besucher beim 10. Frankfurter Wasserfest<\/a><\/td><\/tr>\n<tr><td style=\"border: 1px solid #eeeeee; padding:10px\">2013-05-16<\/td><td style=\"border: 1px solid #eeeeee; padding:10px\"><a href=\"\/wp2\/wp-content\/uploads\/2013-05-16_Presseinformation_Trinkwasserdueker_Muellrose.pdf\" target=\"_blank\">Trinkwasserkanald\u00fcker M\u00fcllrose\/ Spree-Oder-Wasserstra\u00dfe<\/a><\/td><\/tr>\n<tr><td style=\"border: 1px solid #eeeeee; padding:10px\">2013-03-12<\/td><td style=\"border: 1px solid #eeeeee; padding:10px\"><a href=\"\/wp2\/wp-content\/uploads\/2013-03-11_Presseinformation_Kanalsanierung_im_Hansaviertel.pdf\" target=\"_blank\">Kanalsanierung im Hansaviertel<\/a><\/td><\/tr>\n<tr><td style=\"border: 1px solid #eeeeee; padding:10px\">2013-03-06<\/td><td style=\"border: 1px solid #eeeeee; padding:10px\"><a href=\"\/wp2\/wp-content\/uploads\/2013-03-06_Presseinformation_Weltwassertag.pdf\" target=\"_blank\">Am 22. M\u00e4rz ist Weltwassertag!<\/a> Motto: \"Wasser und Zusammenarbeit\"\"\n<tr><td style=\"border: 1px solid #eeeeee; padding:10px\">2012-11-09<\/td><td style=\"border: 1px solid #eeeeee; padding:10px\"><a href=\"\/wp2\/wp-content\/uploads\/2012-11-09_Presseinformation_Baumassnahmen_Muellrose.pdf\" target=\"_blank\">Bauma\u00dfnahmen in M\u00fcllrose mit Verkehrseinschr\u00e4nkungen<\/a><\/td><\/tr>\n<tr><td style=\"border: 1px solid #eeeeee; padding:10px\">2012-08-24<\/td><td style=\"border: 1px solid #eeeeee; padding:10px\"><a href=\"\/wp2\/wp-content\/uploads\/2012-08-24_Presseinformation_Lange-Nacht_und_NaturKultur.pdf\" target=\"_blank\">Lange Nacht der WIrtschaft (Piraten entern die Kl\u00e4ranlage der FWA) undNaturKultur im Wasserwerk Briesen<\/a><\/td><\/tr>\n<tr><td style=\"border: 1px solid #eeeeee; padding:10px\">2012-08-02<\/td><td style=\"border: 1px solid #eeeeee; padding:10px\"><a href=\"\/wp2\/wp-content\/uploads\/2012-08-02_Presseinformation_Kooperation_SEDD_FWA.pdf\" target=\"_blank\">Kostensenkung durch Energie-Effizienz:FWA und Stadtentw\u00e4sserung Dresden vereinbaren Zusammenarbeit<\/a><\/td><\/tr>\n<tr><td style=\"border: 1px solid #eeeeee; padding:10px\">2012-06-04<\/td><td style=\"border: 1px solid #eeeeee; padding:10px\"><a href=\"\/wp2\/wp-content\/uploads\/2012-06-04_Presseinformation_9tes_Wasserfest.pdf\" target=\"_blank\">Mehr als 1600 Besucher beim 9. Frankfurter Wasserfest, Gewinner der Tombola gesucht<\/a><\/td><\/tr>\n<tr><td style=\"border: 1px solid #eeeeee; padding:10px\">2012-05-23<\/td><td style=\"border: 1px solid #eeeeee; padding:10px\"><a href=\"\/wp2\/wp-content\/uploads\/2012-05-11_Presseinformation_9tes_Wasserfest.pdf\" target=\"_blank\">Familienspa\u00df beim 9. Frankfurter Wasserfest<\/a><\/td><\/tr>\n<tr><td style=\"border: 1px solid #eeeeee; padding:10px\">2012-03-14<\/td><td style=\"border: 1px solid #eeeeee; padding:10px\"><a href=\"\/wp2\/wp-content\/uploads\/2012-03-12_Presseinformation_Weltwassertag.pdf\" target=\"_blank\">Am 22. M\u00e4rz ist Weltwassertag!<\/a> Motto: \"Wasser und Nahrungssicherheit\"\"\n<tr><td style=\"border: 1px solid #eeeeee; padding:10px\">2011-08-25<\/td><td style=\"border: 1px solid #eeeeee; padding:10px\"><a href=\"\/wp2\/wp-content\/uploads\/2011-08-25_Presseinformation_NaturKultur.pdf\" target=\"_blank\">NaturKultur am 11. September 2011 im Wasserwerk Briesen<\/a><\/td><\/tr>\n<tr><td style=\"border: 1px solid #eeeeee; padding:10px\">2011-06-23<\/td><td style=\"border: 1px solid #eeeeee; padding:10px\"><a href=\"\/wp2\/wp-content\/uploads\/2011-06-23_Presseinformation_Selbstablese.pdf\" target=\"_blank\">Schnell und einfach - FWA f\u00fchrt Selbstablesung ein<\/a><a href=\"\/wp2\/wp-content\/uploads\/2011-05-17_Presseinformation_8tes_Wasserfest.pdf\" target=\"_blank\"><\/a><\/td><\/tr>\n<tr><td style=\"border: 1px solid #eeeeee; padding:10px\">2011-05-17<\/td><td style=\"border: 1px solid #eeeeee; padding:10px\"><a href=\"\/wp2\/wp-content\/uploads\/2011-05-17_Presseinformation_8tes_Wasserfest.pdf\" target=\"_blank\">Familienspa\u00df beim 8. Frankfurter Wasserfest<\/a><\/td><\/tr>\n<tr><td style=\"border: 1px solid #eeeeee; padding:10px\">2011-04-18<\/td><td style=\"border: 1px solid #eeeeee; padding:10px\">FWA veranstaltete <a href=\"\/wp2\/wp-content\/uploads\/2011-04-18_Presseinformation_Sulfatsymposium.pdf\" target=\"_blank\">Fachsymposium zur Sulfatbelastung der Spree<\/a>, Hochmoderne technische L\u00f6sungen vorgestellt\"\n<tr><td style=\"border: 1px solid #eeeeee; padding:10px\">2011-03-21<\/td><td style=\"border: 1px solid #eeeeee; padding:10px\"><a href=\"\/wp2\/wp-content\/uploads\/2011-03-22_Presseinformation_Weltwassertag.pdf\" target=\"_blank\">Am 22. M\u00e4rz ist Weltwassertag!<\/a> Motto: \"Wasser f\u00fcr die St\u00e4dte - Antwort auf urbane Herausforderungen\" Friedensgrundsch\u00fcler veranstalten Kuchenbasar f\u00fcr arche noVa<\/td><\/tr>\n<tr><td style=\"border: 1px solid #eeeeee; padding:10px\">2011-03-04<\/td><td style=\"border: 1px solid #eeeeee; padding:10px\"><a href=\"\/wp2\/wp-content\/uploads\/2011-03-03_Presseinformation_Kanalsanierung.pdf\" target=\"_blank\">Kanalsanierung in Westkreuz und Hansa Nord <\/a><\/td><\/tr>\n<tr><td style=\"border: 1px solid #eeeeee; padding:10px\">2011-03-01<\/td><td style=\"border: 1px solid #eeeeee; padding:10px\"><a href=\"\/wp2\/wp-content\/uploads\/2011-03-01_Presseinformation_Azubi.pdf\" target=\"_blank\">FWA sucht Auszubildende<\/a><\/td><\/tr>\n<tr><td style=\"border: 1px solid #eeeeee; padding:10px\">2010-12-21<\/td><td style=\"border: 1px solid #eeeeee; padding:10px\"><a href=\"\/wp2\/wp-content\/uploads\/2010-12-17_Presseinformation_Preisblatt.pdf\" target=\"_blank\">Neues Preisblatt f\u00fcr Frankfurter Wasserpreise 2011<\/a><\/td><\/tr>\n<tr><td style=\"border: 1px solid #eeeeee; padding:10px\">2010-08-30<\/td><td style=\"border: 1px solid #eeeeee; padding:10px\"><a href=\"\/wp2\/wp-content\/uploads\/2010-08-27_Presseinformation_Lange-Nacht-der-Wirtschaft.pdf\" target=\"_blank\">Lange Nacht der Wirtschaft - Feuriges Vergn\u00fcgen auf der Kl\u00e4ranlage der FWA<\/a><\/td><\/tr>\n<tr><td style=\"border: 1px solid #eeeeee; padding:10px\">2010-05-28<\/td><td style=\"border: 1px solid #eeeeee; padding:10px\"><a href=\"\/wp2\/wp-content\/uploads\/2010-05-28_Presseinformation_Hochwasser.pdf\" target=\"_blank\">FWA rund um die Uhr im Einsatz, Trinkwasserversorgung stabil<\/a><\/td><\/tr>\n<tr><td style=\"border: 1px solid #eeeeee; padding:10px\">2010-04-27<\/td><td style=\"border: 1px solid #eeeeee; padding:10px\"><a href=\"\/wp2\/wp-content\/uploads\/2010-04-16_Presseinformation_8tes_Wasserfest.pdf\" target=\"_blank\">Familienspa\u00df beim 8. Frankfurter Wasserfest am 05.06.2010<\/a><\/td><\/tr>\n<tr><td style=\"border: 1px solid #eeeeee; padding:10px\">2010-02-23<\/td><td style=\"border: 1px solid #eeeeee; padding:10px\"><a href=\"\/wp2\/wp-content\/uploads\/2010-03-16_Presseinformation_Weltwassertag.pdf\" target=\"_blank\">Am 22. M\u00e4rz ist Weltwassertag<\/a> Motto: \"Sauberes Wasser f\u00fcr eine gesunde Welt\" Schulclub der Friedensgrundschule besucht Kl\u00e4ranlage Frankfurt (Oder)<\/td><\/tr>\n<tr><td style=\"border: 1px solid #eeeeee; padding:10px\">2010-02-23<\/td><td style=\"border: 1px solid #eeeeee; padding:10px\"><a href=\"\/wp2\/wp-content\/uploads\/2010-02-23_Presseinformation_Ausstellungseroeffnung.pdf\" target=\"_blank\">Ausstellung \"Graffiti im Projektunterricht\" im FWA-Empfangsraum er\u00f6ffnet<\/a><a href=\"\/wp2\/wp-content\/uploads\/2010-02-16_Presseinformation_Ausbildung.pdf\" target=\"_blank\"><\/a><\/td><\/tr>\n<tr><td style=\"border: 1px solid #eeeeee; padding:10px\">2010-02-17<\/td><td style=\"border: 1px solid #eeeeee; padding:10px\"><a href=\"\/wp2\/wp-content\/uploads\/2010-02-16_Presseinformation_Ausbildung.pdf\" target=\"_blank\">FWA sucht Auszubildende!<\/a><\/td><\/tr>\n<tr><td style=\"border: 1px solid #eeeeee; padding:10px\">2010-02-17<\/td><td style=\"border: 1px solid #eeeeee; padding:10px\"><a href=\"\/wp2\/wp-content\/uploads\/2010-02-17_Presseinformation_WSAN4CIP_de.pdf\" target=\"_blank\">Drahtlose Sensoren f\u00fcr sichere Infrastrukturen - WSAN4CIP<\/a><\/td><\/tr>\n<tr><td style=\"border: 1px solid #eeeeee; padding:10px\">2009-12-15<\/td><td style=\"border: 1px solid #eeeeee; padding:10px\"><a href=\"\/wp2\/wp-content\/uploads\/2009-12-15_Presseinformation_Preisblatt.pdf\" target=\"_blank\">Neues Preisblatt f\u00fcr Frankfurter Wasserpreise 2010<\/a><\/td><\/tr>\n<tr><td style=\"border: 1px solid #eeeeee; padding:10px\">2009-03-16<\/td><td style=\"border: 1px solid #eeeeee; padding:10px\"><a href=\"\/wp2\/wp-content\/uploads\/2009-03-16_Presseinformation_Kooperationsvereinbarung_SHK.pdf\" target=\"_blank\">FWA und Stadtwerke unterzeichnen Kooperationsvereinbarung mit dem Fachverband Sanit\u00e4r <\/a><br><a href=\"\/wp2\/wp-content\/uploads\/2009-03-16_Presseinformation_Kooperationsvereinbarung_SHK.pdf\" target=\"_blank\">Heizung Klempner Klima Land Brandenburg<\/a><\/td><\/tr>\n<tr><td style=\"border: 1px solid #eeeeee; padding:10px\">2009-03-10<\/td><td style=\"border: 1px solid #eeeeee; padding:10px\"><a href=\"\/wp2\/wp-content\/uploads\/2009-03-10_Presseinformation_Weltwassertag.pdf\" target=\"_blank\">\u00dcber die Grenzen in einem Boot \/ Zum Weltwassertag 2009 am 22. M\u00e4rz<\/a><\/td><\/tr>\n<tr><td style=\"border: 1px solid #eeeeee; padding:10px\">2008-10-20<\/td><td style=\"border: 1px solid #eeeeee; padding:10px\"><a href=\"\/wp2\/wp-content\/uploads\/2008-10-20_Presseinformation_Lange-Nacht-der-Wirtschaft.pdf\" target=\"_blank\">Lange Nacht der Wirtschaft auf der Kl\u00e4ranlage Frankfurt (Oder)<\/a><\/td><\/tr>\n<tr><td style=\"border: 1px solid #eeeeee; padding:10px\">2008-08-06<\/td><td style=\"border: 1px solid #eeeeee; padding:10px\"><a href=\"\/wp2\/wp-content\/uploads\/2008-08-06_Presseinformationen_Uran_im_Trinkwasser.pdf\" target=\"_blank\">Kein sch\u00e4digendes Uran im Frankfurter Trinkwasser<\/a><\/td><\/tr>\n<tr><td style=\"border: 1px solid #eeeeee; padding:10px\">2008-03-31<\/td><td style=\"border: 1px solid #eeeeee; padding:10px\"><a href=\"\/wp2\/wp-content\/uploads\/2008-04-17_Presseinformation_6tes_Wasserfest.pdf\" target=\"_blank\">FWA feiert 6. Frankfurter Wasserfest mit Wasserspa\u00df f\u00fcr die ganze FamilieJubil\u00e4um: 15 Jahre FWA<\/a><\/td><\/tr>\n<tr><td style=\"border: 1px solid #eeeeee; padding:10px\">2008-03-31<\/td><td style=\"border: 1px solid #eeeeee; padding:10px\"><a href=\"\/wp2\/wp-content\/uploads\/2008-03-31_Presseinformation_Graffiti.pdf\" target=\"_blank\">FWA unterst\u00fctzt Schulprojekt  \"Graffiti im Unterricht\"<\/a><\/td><\/tr>\n<tr><td style=\"border: 1px solid #eeeeee; padding:10px\">2008-03-17<\/td><td style=\"border: 1px solid #eeeeee; padding:10px\"><a href=\"\/wp2\/wp-content\/uploads\/2008-03-17_Presseinformation_Weltwassertag_2008.pdf\" target=\"_blank\">Am 22. M\u00e4rz ist Weltwassertag!<\/a> Motto \"Sichere Sanit\u00e4rversorgung weltweit gew\u00e4hrleisten\"\"\n<tr><td style=\"border: 1px solid #eeeeee; padding:10px\">2007-11-16<\/td><td style=\"border: 1px solid #eeeeee; padding:10px\"><a href=\"\/wp2\/wp-content\/uploads\/2007-11-16_Presseinformation_Inb_Fernleitung.pdf\" target=\"_blank\">Oberb\u00fcrgermeister Martin Patzelt nimmt neue Trinkwasserfernleitung in Betrieb<\/a><\/td><\/tr>\n<tr><td style=\"border: 1px solid #eeeeee; padding:10px\">2007-11-02<\/td><td style=\"border: 1px solid #eeeeee; padding:10px\"><a href=\"\/wp2\/wp-content\/uploads\/2007-11-02_Inb_Fernleitung.pdf\" target=\"_blank\">Trinkwasserfernleitung wird termingerecht fertig gestellt<\/a><\/td><\/tr>\n<tr><td style=\"border: 1px solid #eeeeee; padding:10px\">2007-10-02<\/td><td style=\"border: 1px solid #eeeeee; padding:10px\"><a href=\"\/wp2\/wp-content\/uploads\/2007-10-02_Presseinformation_Sanierung_MW-Hauptsammler.pdf\" target=\"_blank\">Nach Reinigungsarbeiten beginnt die FWA mit der Kanalsanierung im Stadtzentrum<\/a><\/td><\/tr>\n<tr><td style=\"border: 1px solid #eeeeee; padding:10px\">2007-09-20<\/td><td style=\"border: 1px solid #eeeeee; padding:10px\"><a href=\"\/wp2\/wp-content\/uploads\/2007-09-20_Presseinformation_Besuchertag_Klaeranlage.pdf\" target=\"_blank\">Besuchertag auf der Kl\u00e4ranlage Frankfurt (Oder)<\/a><\/td><\/tr>\n<tr><td style=\"border: 1px solid #eeeeee; padding:10px\">2007-09-12<\/td><td style=\"border: 1px solid #eeeeee; padding:10px\"><a href=\"\/wp2\/wp-content\/uploads\/2007-09-12_Presseinformation_Medienpaket.pdf\" target=\"_blank\">FWA kauft Schulsoftware f\u00fcr Grundschulen<\/a><\/td><\/tr>\n<tr><td style=\"border: 1px solid #eeeeee; padding:10px\">2007-09-11<\/td><td style=\"border: 1px solid #eeeeee; padding:10px\"><a href=\"\/wp2\/wp-content\/uploads\/2007-09-11_Tag-der-offenen-Tuer_KA.pdf\" target=\"_blank\">Tag der offenen T\u00fcr auf der Kl\u00e4ranlage Frankfurt (Oder)<\/a><\/td><\/tr>\n<tr><td style=\"border: 1px solid #eeeeee; padding:10px\">2007-08-14<\/td><td style=\"border: 1px solid #eeeeee; padding:10px\"><a href=\"\/wp2\/wp-content\/uploads\/2007-08-14_Presseinformation_Sanierung_MW-Hauptsammler.pdf\" target=\"_blank\">Kanalsanierung im Stadtzentrum<\/a><\/td><\/tr>\n<tr><td style=\"border: 1px solid #eeeeee; padding:10px\">2007-06-06<\/td><td style=\"border: 1px solid #eeeeee; padding:10px\"><a href=\"\/wp2\/wp-content\/uploads\/2007-06-06_FWA-Presseinformation_Wasserfest.pdf\" target=\"_blank\">Basteln, T\u00fcfteln, Technik und dann endlich auch Sonne beim 5. Frankfurter Wasserfest<\/a><\/td><\/tr>\n<tr><td style=\"border: 1px solid #eeeeee; padding:10px\">2007-05-22<\/td><td style=\"border: 1px solid #eeeeee; padding:10px\"><a href=\"\/wp2\/wp-content\/uploads\/2007-05-22_Presseinformation_Wasserfest.pdf\" target=\"_blank\">Wasserspa\u00df f\u00fcr die ganze Familie - FWA feiert 5. Frankfurter Wasserfest<\/a><\/td><\/tr>\n<tr><td style=\"border: 1px solid #eeeeee; padding:10px\">2007-05-04<\/td><td style=\"border: 1px solid #eeeeee; padding:10px\"><a href=\"\/wp2\/wp-content\/uploads\/2007-05-04_Presseinformation_Brunnen.pdf\" target=\"_blank\">Brunnen \"Leben\" und Steinbockbrunnen sprudeln seit Ostern<\/a><\/td><\/tr>\n<tr><td style=\"border: 1px solid #eeeeee; padding:10px\">2007-03-13<\/td><td style=\"border: 1px solid #eeeeee; padding:10px\"><a href=\"\/wp2\/wp-content\/uploads\/2007-03-13_FWA-Presseinformation_Weltwassertag.pdf\" target=\"_blank\">Am 22. M\u00e4rz ist Weltwassertag \/ Tag der offenen T\u00fcr auf der Kl\u00e4ranlage<\/a><\/td><\/tr>\n<tr><td style=\"border: 1px solid #eeeeee; padding:10px\">2007-01-11<\/td><td style=\"border: 1px solid #eeeeee; padding:10px\"><a href=\"\/wp2\/wp-content\/uploads\/2007-01-11_Presseinformation_Preisblatt_2007.pdf\" target=\"_blank\">Neues Preisblatt f\u00fcr Frankfurter Wasserpreise 2007<\/a><\/td><\/tr>\n<tr><td style=\"border: 1px solid #eeeeee; padding:10px\">2006-09-27<\/td><td style=\"border: 1px solid #eeeeee; padding:10px\"><a href=\"\/wp2\/wp-content\/uploads\/2006-09-25_Presseinformation_Fernleitung.pdf\" target=\"_blank\">Symbolischer Spatenstich f\u00fcr Sanierung und Erneuerung der Trinkwasserfernleitung<\/a><\/td><\/tr>\n<tr><td style=\"border: 1px solid #eeeeee; padding:10px\">2006-09-07<\/td><td style=\"border: 1px solid #eeeeee; padding:10px\"><a href=\"\/wp2\/wp-content\/uploads\/2006-09-25_Presseinformation_Generationenvertrag.pdf\" target=\"_blank\">Friedensschule und FWA unterzeichnen Wassergenerationenvertrag<\/a><\/td><\/tr>\n<tr><td style=\"border: 1px solid #eeeeee; padding:10px\">2006-09-07<\/td><td style=\"border: 1px solid #eeeeee; padding:10px\"><a href=\"\/wp2\/wp-content\/uploads\/2006-09-07_Presseinformation_Entgeltentwicklung.pdf\" target=\"_blank\">Trotz h\u00f6herer Mehrwertsteuer sollen Frankfurter Wasserpreise 2007 stabil bleiben<\/a><\/td><\/tr>\n<tr><td style=\"border: 1px solid #eeeeee; padding:10px\">2006-06-12<\/td><td style=\"border: 1px solid #eeeeee; padding:10px\"><a href=\"\/wp2\/wp-content\/uploads\/2006-06-12_Presseinformation_Wasserfest.pdf\" target=\"_blank\">Familienspa\u00df beim 4. Wasserfest<\/a><\/td><\/tr>\n<tr><td style=\"border: 1px solid #eeeeee; padding:10px\">2006-06-02<\/td><td style=\"border: 1px solid #eeeeee; padding:10px\"><a href=\"\/wp2\/wp-content\/uploads\/2006-06-02_Presseinformation_Wasserfest.pdf\" target=\"_blank\">Spielen - Experimentieren - Informieren beim 4. Wasserfest der FWA<\/a><\/td><\/tr>\n<tr><td style=\"border: 1px solid #eeeeee; padding:10px\">2006-03-30<\/td><td style=\"border: 1px solid #eeeeee; padding:10px\"><a href=\"\/wp2\/wp-content\/uploads\/2006-03-30_Presseinformation_Wasserhaerte.pdf\" target=\"_blank\">Information zur Wasserh\u00e4rte<\/a><\/td><\/tr>\n<tr><td style=\"border: 1px solid #eeeeee; padding:10px\">2006-03-14<\/td><td style=\"border: 1px solid #eeeeee; padding:10px\"><a href=\"\/wp2\/wp-content\/uploads\/2006-03-14_Presseinformation_Weltwassertag.pdf\" target=\"_blank\">Am 22. M\u00e4rz ist Weltwassertag!<\/a><\/td><\/tr>\n<tr><td style=\"border: 1px solid #eeeeee; padding:10px\">2006-01-20<\/td><td style=\"border: 1px solid #eeeeee; padding:10px\"><a href=\"\/wp2\/wp-content\/uploads\/2006-01-20_Presseinformation_Rohrbruch.pdf\" target=\"_blank\">Rohrbruch an einer Be- und Entl\u00fcftungsleitung der Fernleitung<\/a><\/td><\/tr>\n<tr><td style=\"border: 1px solid #eeeeee; padding:10px\">2005-12-08<\/td><td style=\"border: 1px solid #eeeeee; padding:10px\"><a href=\"\/wp2\/wp-content\/uploads\/2005-12-08_Presseinformation_Wasserwerk_II.pdf\" target=\"_blank\">\"Die Geschichte des Wasserwerkes Frankfurt (Oder) von 1922-1952\"<\/a><\/td><\/tr>\n<tr><td style=\"border: 1px solid #eeeeee; padding:10px\">2005-11-15<\/td><td style=\"border: 1px solid #eeeeee; padding:10px\"><a href=\"\/wp2\/wp-content\/uploads\/2005-11-15_Presseinformation_San_RWbehaelter.pdf\" target=\"_blank\">Sanierung Reinwasserbeh\u00e4lter<\/a><\/td><\/tr>\n<tr><td style=\"border: 1px solid #eeeeee; padding:10px\">2005-10-25<\/td><td style=\"border: 1px solid #eeeeee; padding:10px\"><a href=\"\/wp2\/wp-content\/uploads\/2005-10-25_Presseinformation_Preisdiskussion.pdf\" target=\"_blank\">Preisdiskussion mit Mieterbund<\/a><\/td><\/tr>\n<tr><td style=\"border: 1px solid #eeeeee; padding:10px\">2005-10-19<\/td><td style=\"border: 1px solid #eeeeee; padding:10px\"><a href=\"\/wp2\/wp-content\/uploads\/2005-10-19_Presseinformation_Gj2004.pdf\" target=\"_blank\">Bilanzpressekonferenz der FWA zum Gesch\u00e4ftsjahr 2004<\/a><\/td><\/tr>\n<tr><td style=\"border: 1px solid #eeeeee; padding:10px\">2005-09-22<\/td><td style=\"border: 1px solid #eeeeee; padding:10px\"><a href=\"\/wp2\/wp-content\/uploads\/2005-09-22_Presseinformation_Rohrbruch.pdf\" target=\"_blank\">Rohrbruch im M\u00fchlenweg<\/a><\/td><\/tr>\n<tr><td style=\"border: 1px solid #eeeeee; padding:10px\">2005-09-15<\/td><td style=\"border: 1px solid #eeeeee; padding:10px\"><a href=\"\/wp2\/wp-content\/uploads\/2005-09-15_Presseinfo_Brunnen.pdf\" target=\"_blank\">Zweiter Brunnen sprudelt<\/a><\/td><\/tr>\n<tr><td style=\"border: 1px solid #eeeeee; padding:10px\">2005-08-29<\/td><td style=\"border: 1px solid #eeeeee; padding:10px\"><a href=\"\/wp2\/wp-content\/uploads\/2005-08-29_Presseinformation_TW-Broschuere.pdf\" target=\"_blank\">FWA Trinkwasserbrosch\u00fcre<\/a><\/td><\/tr>\n<tr><td style=\"border: 1px solid #eeeeee; padding:10px\">2005-06-17<\/td><td style=\"border: 1px solid #eeeeee; padding:10px\"><a href=\"\/wp2\/wp-content\/uploads\/Presseinformation_FWA_Weligama.pdf\" target=\"_blank\">FWA Mitarbeiter halfen in Weligama<\/a><\/td><\/tr>\n<tr><td style=\"border: 1px solid #eeeeee; padding:10px\">2005-05-30<\/td><td style=\"border: 1px solid #eeeeee; padding:10px\"><a href=\"\/wp2\/wp-content\/uploads\/Presseinformation_FWA_Wasserfest2005.pdf\" target=\"_blank\">Informationen zum 3. Wasserfest der FWA mbH<\/a><\/td><\/tr>\n<tr><td style=\"border: 1px solid #eeeeee; padding:10px\">2005-04-12<\/td><td style=\"border: 1px solid #eeeeee; padding:10px\"><a href=\"\/wp2\/wp-content\/uploads\/Offener_Brief_20050412.pdf\" target=\"_blank\">Offener Brief des Betriebsrates zum Verkauf der FWA<\/a><\/td><\/tr>\n<tr><td style=\"border: 1px solid #eeeeee; padding:10px\">2005-03-05<\/td><td style=\"border: 1px solid #eeeeee; padding:10px\"><a href=\"\/wp2\/wp-content\/uploads\/PressemitteilungWassergirl_050308.pdf\" target=\"_blank\">Nathalie Worm ist das \"Frankfurter Wassergirl\"<\/a><\/td><\/tr>\n<tr><td style=\"border: 1px solid #eeeeee; padding:10px\">2005-02-22<\/td><td style=\"border: 1px solid #eeeeee; padding:10px\"><a href=\"\/wp2\/wp-content\/uploads\/Pressemitteilung_nach_1_Casting.pdf\" target=\"_blank\">\"Frankfurter Wassergirl\" - nach Vorentscheidung neun M\u00e4dchen im Wettbewerb verblieben<\/a><\/td><\/tr>\n<tr><td style=\"border: 1px solid #eeeeee; padding:10px\">2005-01-13<\/td><td style=\"border: 1px solid #eeeeee; padding:10px\"><a href=\"\/wp2\/wp-content\/uploads\/pressemitteilung_ff_wassergirl.pdf\" target=\"_blank\">FWA sucht das \"Frankfurter Wassergirl\"<\/a><\/td><\/tr>\n<tr><td style=\"border: 1px solid #eeeeee; padding:10px\">2004-12-15<\/td><td style=\"border: 1px solid #eeeeee; padding:10px\"><a href=\"\/wp2\/wp-content\/uploads\/Pressemitteilung_FWA_mbH_20041205.pdf\" target=\"_blank\">Neuorientierung der FWA sichert Arbeitspl\u00e4tze und stabile Trink- und Abwasserpreise<\/a><\/td><\/tr>\n<tr><td style=\"border: 1px solid #eeeeee; padding:10px\"><\/td><td style=\"border: 1px solid #eeeeee; padding:10px\"><a href=\"\/wp2\/wp-content\/uploads\/tdot2004_orl.pdf\" target=\"_blank\">Einladung zum 21. Brunnenfest und Tag der offenen T\u00fcr der FWA mbH am 05.Juni 2004<\/a><\/td><\/tr>\n<tr><td style=\"border: 1px solid #eeeeee; padding:10px\"><\/td><td style=\"border: 1px solid #eeeeee; padding:10px\"><a href=\"\/wp2\/wp-content\/uploads\/Neuer_Geschaeftsfuehrer_FWA.pdf\" target=\"_blank\">Neuer Gesch\u00e4ftsf\u00fchrer in der FWA<\/a><\/td><\/tr>\n<tr><td style=\"border: 1px solid #eeeeee; padding:10px\"><\/td><td style=\"border: 1px solid #eeeeee; padding:10px\"><a href=\"\/wp2\/wp-content\/uploads\/entg04_k.pdf\" target=\"_blank\">Entgelte 2004<\/a><\/td><\/tr>\n<tr><td style=\"border: 1px solid #eeeeee; padding:10px\"><\/td><td style=\"border: 1px solid #eeeeee; padding:10px\"><a href=\"\/wp2\/wp-content\/uploads\/entg04_g.pdf\" target=\"_blank\">Ver\u00e4nderung der kommunalen Wasser- und Abwasserentgelte zum 1.1.2004 geplant - warum<\/a><\/td><\/tr>\n<tr><td style=\"border: 1px solid #eeeeee; padding:10px\"><\/td><td style=\"border: 1px solid #eeeeee; padding:10px\"><a href=\"\/wp2\/wp-content\/uploads\/best_water.pdf\" target=\"_blank\">FWA informiert: Wasserversorger gewinnt Prozess gegen Best Water<\/a><\/td><\/tr>\n<tr><td style=\"border: 1px solid #eeeeee; padding:10px\"><\/td><td style=\"border: 1px solid #eeeeee; padding:10px\"><a href=\"\/wp2\/wp-content\/uploads\/legi_stadt.pdf\" target=\"_blank\">Stadt warnt vor Haust\u00fcrgesch\u00e4ften wegen Legionellose (Mitteilung vom 20.08.2003)<\/a><\/td><\/tr>\n<tr><td style=\"border: 1px solid #eeeeee; padding:10px\"><\/td><td style=\"border: 1px solid #eeeeee; padding:10px\"><a href=\"\/wp2\/wp-content\/uploads\/legionellen.pdf\" target=\"_blank\">Trinkwasser in der Stadt Frankfurt (Oder) und im Umland in bester Qualit\u00e4t (Mitteilung vom 05.08.2003)<\/a><\/td><\/tr>\n<tr><td style=\"border: 1px solid #eeeeee; padding:10px\"><\/td><td style=\"border: 1px solid #eeeeee; padding:10px\"><a href=\"\/wp2\/wp-content\/uploads\/1tes_Wasserfest_Einladung.pdf\" target=\"_blank\">Einladung zum 1. Wasserfest der FWA mbH am 31.Mai 2003<\/a><\/td><\/tr>\n<tr><td style=\"border: 1px solid #eeeeee; padding:10px\"><\/td><td style=\"border: 1px solid #eeeeee; padding:10px\"><a href=\"\/wp2\/wp-content\/uploads\/19tes_Brunnenfest_Einladung.pdf\" target=\"_blank\">Einladung zum 19. Brunnenfest und Tag der offenen T\u00fcr der FWA mbH am 01.Juni 2002<\/a><\/td><\/tr>\n<tr><td style=\"border: 1px solid #eeeeee; padding:10px\"><\/td><td style=\"border: 1px solid #eeeeee; padding:10px\"><a href=\"\/wp2\/wp-content\/uploads\/tag_des_wassers_2002.pdf\" target=\"_blank\">Tag des Wassers am 22.M\u00e4rz 2002<\/a><\/td><\/tr>\n<tr><td style=\"border: 1px solid #eeeeee; padding:10px\"><\/td><td style=\"border: 1px solid #eeeeee; padding:10px\"><a href=\"\/wp2\/wp-content\/uploads\/reg_kka.pdf\" target=\"_blank\">Erstmalige Regelungen zu Kleinkl\u00e4ranlagen - \u00c4nderung der Abwasserentsorgungsbedingungen - <\/a><a href=\"\/wp2\/wp-content\/uploads\/reg_kka.pdf\" target=\"_blank\">gesonderte Preiskalkulation erarbeitet Mitteilung vom 23.01.2002<\/a><\/td><\/tr>\n<tr><td style=\"border: 1px solid #eeeeee; padding:10px\"><\/td><td style=\"border: 1px solid #eeeeee; padding:10px\"><a href=\"\/wp2\/wp-content\/uploads\/18tes_Brunnenfest_Einladung.pdf\" target=\"_blank\">Einladung zum 18. Brunnenfest und Tag der offenen T\u00fcr der FWA mbH am 09.Juni 2001<\/a><\/td><\/tr>\n<tr><td style=\"border: 1px solid #eeeeee; padding:10px\"><\/td><td style=\"border: 1px solid #eeeeee; padding:10px\"><a href=\"\/wp2\/wp-content\/uploads\/Stellungnahme_ORB_20010517.pdf\" target=\"_blank\">Stellungnahme der FWA mbH zur ORB Sendung \"Vor Ort\" vom 17.05.2001<\/a><\/td><\/tr>\n<\/table>\t\t\t\t<\/div>\n\t\t\t\t<\/div>\n\t\t\t\t<div class=\"elementor-element elementor-element-a3ec475 elementor-widget elementor-widget-spacer\" data-id=\"a3ec475\" data-element_type=\"widget\" data-e-type=\"widget\" data-widget_type=\"spacer.default\">\n\t\t\t\t<div class=\"elementor-widget-container\">\n\t\t\t\t\t\t\t<div class=\"elementor-spacer\">\n\t\t\t<div class=\"elementor-spacer-inner\"><\/div>\n\t\t<\/div>\n\t\t\t\t\t\t<\/div>\n\t\t\t\t<\/div>\n\t\t\t\t\t<\/div>\n\t\t<\/div>\n\t\t\t\t\t<\/div>\n\t\t<\/section>\n\t\t\t\t<\/div>\n\t\t","protected":false},"excerpt":{"rendered":"<p>Eigene Pressemitteilungen 2026-04-16 Achtung: Am 23. April Ausfall der Trinkwasserversorgung auf dem R\u00f6merh\u00fcgel durch e.dis Wartungsarbeiten 2025-06-24 Vollsperrung Rathenaustra\u00dfe ab Ende Juli &#8211; FWA erneuert Trink- und Abwasserleitung 2025-03-13 Am 22. M\u00e4rz ist Weltwassertag! Erhalt der Gletscher zum Schutz unserer Wasserressourcen 2024-06-04 Besucherrekord beim 19. Frankfurter (Ab)Wasserfest auf der Kl\u00e4ranlage 2024-05-06 Auf zum 19. Frankfurter [&hellip;]<\/p>\n","protected":false},"author":1,"featured_media":0,"parent":6587,"menu_order":0,"comment_status":"closed","ping_status":"closed","template":"","meta":{"footnotes":""},"class_list":["post-4211","page","type-page","status-publish","hentry"],"_links":{"self":[{"href":"https:\/\/www.fwa-ffo.de\/wp2\/wp-json\/wp\/v2\/pages\/4211","targetHints":{"allow":["GET"]}}],"collection":[{"href":"https:\/\/www.fwa-ffo.de\/wp2\/wp-json\/wp\/v2\/pages"}],"about":[{"href":"https:\/\/www.fwa-ffo.de\/wp2\/wp-json\/wp\/v2\/types\/page"}],"author":[{"embeddable":true,"href":"https:\/\/www.fwa-ffo.de\/wp2\/wp-json\/wp\/v2\/users\/1"}],"replies":[{"embeddable":true,"href":"https:\/\/www.fwa-ffo.de\/wp2\/wp-json\/wp\/v2\/comments?post=4211"}],"version-history":[{"count":9,"href":"https:\/\/www.fwa-ffo.de\/wp2\/wp-json\/wp\/v2\/pages\/4211\/revisions"}],"predecessor-version":[{"id":11530,"href":"https:\/\/www.fwa-ffo.de\/wp2\/wp-json\/wp\/v2\/pages\/4211\/revisions\/11530"}],"up":[{"embeddable":true,"href":"https:\/\/www.fwa-ffo.de\/wp2\/wp-json\/wp\/v2\/pages\/6587"}],"wp:attachment":[{"href":"https:\/\/www.fwa-ffo.de\/wp2\/wp-json\/wp\/v2\/media?parent=4211"}],"curies":[{"name":"wp","href":"https:\/\/api.w.org\/{rel}","templated":true}]}}